{"id":1341,"date":"2021-03-17T18:56:51","date_gmt":"2021-03-17T18:56:51","guid":{"rendered":"http:\/\/www.foretprivee.ca\/centreduquebec\/?post_type=events&#038;p=1341"},"modified":"2025-04-04T12:46:43","modified_gmt":"2025-04-04T12:46:43","slug":"affutage-et-entretien-dune-scie-a-chaine-10-mai-2025","status":"publish","type":"events","link":"https:\/\/www.foretprivee.ca\/centreduquebec\/events\/affutage-et-entretien-dune-scie-a-chaine-10-mai-2025\/","title":{"rendered":"Aff\u00fbtage et entretien d&rsquo;une scie \u00e0 cha\u00eene (10 mai 2025)"},"content":{"rendered":"<p><strong>Description du cours:<\/strong><\/p>\n<p>L\u2019objectif de ce cours est d\u2019informer les producteurs sur les principes de base pour l\u2019entretien d\u2019une scie \u00e0 cha\u00eene. Un second volet permet d\u2019obtenir les instructions relatives pour l\u2019aff\u00fbtage et le limage. <em>8 participants maximum.<\/em><\/p>\n<p><strong>\u00c9quipements requis :<\/strong> Bottes de s\u00e9curit\u00e9, pantalon ou jambi\u00e8re de s\u00e9curit\u00e9, casque, visi\u00e8re, coquilles, gants, scie \u00e0 cha\u00eene et lime.<\/p>\n<p>&nbsp;<\/p>\n<p><a href=\"https:\/\/www.foretprivee.ca\/centreduquebec\/wp-content\/uploads\/sites\/5\/2025\/04\/2025-04-03-formulaire-inscription.pdf\"><span style=\"color: #85c041\">COMPL\u00c9TEZ LE FORMULAIRE D\u2019INSCRIPTION\u00a0<\/span><\/a><\/p>\n","protected":false},"excerpt":{"rendered":"<p>Description du cours: L\u2019objectif de ce cours est d\u2019informer les producteurs sur les principes de base pour l\u2019entretien d\u2019une scie \u00e0 cha\u00eene. Un second volet permet d\u2019obtenir les instructions relatives pour l\u2019aff\u00fbtage et le limage. 8 participants maximum. \u00c9quipements requis : Bottes de s\u00e9curit\u00e9, pantalon ou jambi\u00e8re de s\u00e9curit\u00e9, casque, visi\u00e8re, coquilles, gants, scie \u00e0 &hellip; <\/p>\n<p class=\"link-more\"><a href=\"https:\/\/www.foretprivee.ca\/centreduquebec\/events\/affutage-et-entretien-dune-scie-a-chaine-10-mai-2025\/\" class=\"more-link\">Lire la suite<\/a><\/p>\n","protected":false},"featured_media":0,"menu_order":0,"template":"","event_type":[11],"class_list":["post-1341","events","type-events","status-publish","hentry","event_type-formations"],"acf":[],"_links":{"self":[{"href":"https:\/\/www.foretprivee.ca\/centreduquebec\/wp-json\/wp\/v2\/events\/1341","targetHints":{"allow":["GET"]}}],"collection":[{"href":"https:\/\/www.foretprivee.ca\/centreduquebec\/wp-json\/wp\/v2\/events"}],"about":[{"href":"https:\/\/www.foretprivee.ca\/centreduquebec\/wp-json\/wp\/v2\/types\/events"}],"wp:attachment":[{"href":"https:\/\/www.foretprivee.ca\/centreduquebec\/wp-json\/wp\/v2\/media?parent=1341"}],"wp:term":[{"taxonomy":"event_type","embeddable":true,"href":"https:\/\/www.foretprivee.ca\/centreduquebec\/wp-json\/wp\/v2\/event_type?post=1341"}],"curies":[{"name":"wp","href":"https:\/\/api.w.org\/{rel}","templated":true}]}}