{"version":"1.0","provider_name":"Syndicat des propri\u00e9taires forestiers de la r\u00e9gion de Qu\u00e9bec","provider_url":"https:\/\/www.foretprivee.ca\/regiondequebec","author_name":"choude","title":"R\u00c9UNION DE CONSULTATION ET D'INFORMATION 2025 - Syndicat des propri\u00e9taires forestiers de la r\u00e9gion de Qu\u00e9bec","type":"rich","width":600,"height":338,"html":"<blockquote class=\"wp-embedded-content\" data-secret=\"zVr2MvKhee\"><a href=\"https:\/\/www.foretprivee.ca\/regiondequebec\/events\/reunion-de-consultation-et-dinformation-2025\/\">R\u00c9UNION DE CONSULTATION ET D&rsquo;INFORMATION 2025<\/a><\/blockquote><iframe sandbox=\"allow-scripts\" security=\"restricted\" src=\"https:\/\/www.foretprivee.ca\/regiondequebec\/events\/reunion-de-consultation-et-dinformation-2025\/embed\/#?secret=zVr2MvKhee\" width=\"600\" height=\"338\" title=\"&laquo; R\u00c9UNION DE CONSULTATION ET D&rsquo;INFORMATION 2025 &raquo; &#8212; Syndicat des propri\u00e9taires forestiers de la r\u00e9gion de Qu\u00e9bec\" data-secret=\"zVr2MvKhee\" frameborder=\"0\" marginwidth=\"0\" marginheight=\"0\" scrolling=\"no\" class=\"wp-embedded-content\"><\/iframe><script type=\"text\/javascript\">\n\/* <![CDATA[ *\/\n\/*! This file is auto-generated *\/\n!function(d,l){\"use strict\";l.querySelector&&d.addEventListener&&\"undefined\"!=typeof URL&&(d.wp=d.wp||{},d.wp.receiveEmbedMessage||(d.wp.receiveEmbedMessage=function(e){var t=e.data;if((t||t.secret||t.message||t.value)&&!\/[^a-zA-Z0-9]\/.test(t.secret)){for(var s,r,n,a=l.querySelectorAll('iframe[data-secret=\"'+t.secret+'\"]'),o=l.querySelectorAll('blockquote[data-secret=\"'+t.secret+'\"]'),c=new RegExp(\"^https?:$\",\"i\"),i=0;i<o.length;i++)o[i].style.display=\"none\";for(i=0;i<a.length;i++)s=a[i],e.source===s.contentWindow&&(s.removeAttribute(\"style\"),\"height\"===t.message?(1e3<(r=parseInt(t.value,10))?r=1e3:~~r<200&&(r=200),s.height=r):\"link\"===t.message&&(r=new URL(s.getAttribute(\"src\")),n=new URL(t.value),c.test(n.protocol))&&n.host===r.host&&l.activeElement===s&&(d.top.location.href=t.value))}},d.addEventListener(\"message\",d.wp.receiveEmbedMessage,!1),l.addEventListener(\"DOMContentLoaded\",function(){for(var e,t,s=l.querySelectorAll(\"iframe.wp-embedded-content\"),r=0;r<s.length;r++)(t=(e=s[r]).getAttribute(\"data-secret\"))||(t=Math.random().toString(36).substring(2,12),e.src+=\"#?secret=\"+t,e.setAttribute(\"data-secret\",t)),e.contentWindow.postMessage({message:\"ready\",secret:t},\"*\")},!1)))}(window,document);\n\/\/# sourceURL=https:\/\/www.foretprivee.ca\/regiondequebec\/wp-includes\/js\/wp-embed.min.js\n\/* ]]> *\/\n<\/script>\n","description":"L\u2019arpentage et la d\u00e9limitation des lots bois\u00e9s priv\u00e9s au Qu\u00e9bec Le Syndicat des propri\u00e9taires forestiers de la r\u00e9gion de Qu\u00e9bec invite les producteurs de bois et les propri\u00e9taires forestiers de la r\u00e9gion \u00e0 participer \u00e0 la r\u00e9union de consultation et d\u2019information de l\u2019automne. Le conf\u00e9rencier invit\u00e9 M.\u00a0Richard Thibaudeau, a.-g., ing.f. est arpenteur-g\u00e9om\u00e8tre et ing\u00e9nieur forestier. &hellip; Lire la suite"}