{"version":"1.0","provider_name":"Syndicat des propri\u00e9taires forestiers de la r\u00e9gion de Qu\u00e9bec","provider_url":"https:\/\/www.foretprivee.ca\/regiondequebec","author_name":"choude","title":"L\u2019INFO Forestier Vol.9, N\u00b05, Mai 2023 - Syndicat des propri\u00e9taires forestiers de la r\u00e9gion de Qu\u00e9bec","type":"rich","width":600,"height":338,"html":"<blockquote class=\"wp-embedded-content\" data-secret=\"2kQ7wIxjqV\"><a href=\"https:\/\/www.foretprivee.ca\/regiondequebec\/info-forestier\/linfo-forestier-vol-9-n5-mai-2023\/\">L\u2019INFO Forestier Vol.9, N\u00b05, Mai 2023<\/a><\/blockquote><iframe sandbox=\"allow-scripts\" security=\"restricted\" src=\"https:\/\/www.foretprivee.ca\/regiondequebec\/info-forestier\/linfo-forestier-vol-9-n5-mai-2023\/embed\/#?secret=2kQ7wIxjqV\" width=\"600\" height=\"338\" title=\"&laquo; L\u2019INFO Forestier Vol.9, N\u00b05, Mai 2023 &raquo; &#8212; Syndicat des propri\u00e9taires forestiers de la r\u00e9gion de Qu\u00e9bec\" data-secret=\"2kQ7wIxjqV\" frameborder=\"0\" marginwidth=\"0\" marginheight=\"0\" scrolling=\"no\" class=\"wp-embedded-content\"><\/iframe><script type=\"text\/javascript\">\n\/* <![CDATA[ *\/\n\/*! This file is auto-generated *\/\n!function(d,l){\"use strict\";l.querySelector&&d.addEventListener&&\"undefined\"!=typeof URL&&(d.wp=d.wp||{},d.wp.receiveEmbedMessage||(d.wp.receiveEmbedMessage=function(e){var t=e.data;if((t||t.secret||t.message||t.value)&&!\/[^a-zA-Z0-9]\/.test(t.secret)){for(var s,r,n,a=l.querySelectorAll('iframe[data-secret=\"'+t.secret+'\"]'),o=l.querySelectorAll('blockquote[data-secret=\"'+t.secret+'\"]'),c=new RegExp(\"^https?:$\",\"i\"),i=0;i<o.length;i++)o[i].style.display=\"none\";for(i=0;i<a.length;i++)s=a[i],e.source===s.contentWindow&&(s.removeAttribute(\"style\"),\"height\"===t.message?(1e3<(r=parseInt(t.value,10))?r=1e3:~~r<200&&(r=200),s.height=r):\"link\"===t.message&&(r=new URL(s.getAttribute(\"src\")),n=new URL(t.value),c.test(n.protocol))&&n.host===r.host&&l.activeElement===s&&(d.top.location.href=t.value))}},d.addEventListener(\"message\",d.wp.receiveEmbedMessage,!1),l.addEventListener(\"DOMContentLoaded\",function(){for(var e,t,s=l.querySelectorAll(\"iframe.wp-embedded-content\"),r=0;r<s.length;r++)(t=(e=s[r]).getAttribute(\"data-secret\"))||(t=Math.random().toString(36).substring(2,12),e.src+=\"#?secret=\"+t,e.setAttribute(\"data-secret\",t)),e.contentWindow.postMessage({message:\"ready\",secret:t},\"*\")},!1)))}(window,document);\n\/\/# sourceURL=https:\/\/www.foretprivee.ca\/regiondequebec\/wp-includes\/js\/wp-embed.min.js\n\/* ]]> *\/\n<\/script>\n","description":"Assembl\u00e9es annuelles\u00a0 Environ 80 d\u00e9l\u00e9gu\u00e9s, membres et invit\u00e9s ont particip\u00e9 aux assembl\u00e9es g\u00e9n\u00e9rales annuelles du Plan conjoint des producteurs de bois de la r\u00e9gion de Qu\u00e9bec et du Syndicat des propri\u00e9taires forestiers de la r\u00e9gion de Qu\u00e9bec qui se sont d\u00e9roul\u00e9es le dimanche 23 avril dernier \u00e0 l\u2019H\u00f4tel Travelodge Qu\u00e9bec pour l\u2019exercice financier 2022. L\u2019assembl\u00e9e &hellip; Lire la suite"}