{"version":"1.0","provider_name":"Syndicat des propri\u00e9taires forestiers de la r\u00e9gion de Qu\u00e9bec","provider_url":"https:\/\/www.foretprivee.ca\/regiondequebec","author_name":"penega","title":"Documents et outils - Syndicat des propri\u00e9taires forestiers de la r\u00e9gion de Qu\u00e9bec","type":"rich","width":600,"height":338,"html":"<blockquote class=\"wp-embedded-content\" data-secret=\"0eTOEGQxq6\"><a href=\"https:\/\/www.foretprivee.ca\/regiondequebec\/mes-services\/documents-et-outils\/\">Documents et outils<\/a><\/blockquote><iframe sandbox=\"allow-scripts\" security=\"restricted\" src=\"https:\/\/www.foretprivee.ca\/regiondequebec\/mes-services\/documents-et-outils\/embed\/#?secret=0eTOEGQxq6\" width=\"600\" height=\"338\" title=\"&laquo; Documents et outils &raquo; &#8212; Syndicat des propri\u00e9taires forestiers de la r\u00e9gion de Qu\u00e9bec\" data-secret=\"0eTOEGQxq6\" frameborder=\"0\" marginwidth=\"0\" marginheight=\"0\" scrolling=\"no\" class=\"wp-embedded-content\"><\/iframe><script type=\"text\/javascript\">\n\/* <![CDATA[ *\/\n\/*! This file is auto-generated *\/\n!function(d,l){\"use strict\";l.querySelector&&d.addEventListener&&\"undefined\"!=typeof URL&&(d.wp=d.wp||{},d.wp.receiveEmbedMessage||(d.wp.receiveEmbedMessage=function(e){var t=e.data;if((t||t.secret||t.message||t.value)&&!\/[^a-zA-Z0-9]\/.test(t.secret)){for(var s,r,n,a=l.querySelectorAll('iframe[data-secret=\"'+t.secret+'\"]'),o=l.querySelectorAll('blockquote[data-secret=\"'+t.secret+'\"]'),c=new RegExp(\"^https?:$\",\"i\"),i=0;i<o.length;i++)o[i].style.display=\"none\";for(i=0;i<a.length;i++)s=a[i],e.source===s.contentWindow&&(s.removeAttribute(\"style\"),\"height\"===t.message?(1e3<(r=parseInt(t.value,10))?r=1e3:~~r<200&&(r=200),s.height=r):\"link\"===t.message&&(r=new URL(s.getAttribute(\"src\")),n=new URL(t.value),c.test(n.protocol))&&n.host===r.host&&l.activeElement===s&&(d.top.location.href=t.value))}},d.addEventListener(\"message\",d.wp.receiveEmbedMessage,!1),l.addEventListener(\"DOMContentLoaded\",function(){for(var e,t,s=l.querySelectorAll(\"iframe.wp-embedded-content\"),r=0;r<s.length;r++)(t=(e=s[r]).getAttribute(\"data-secret\"))||(t=Math.random().toString(36).substring(2,12),e.src+=\"#?secret=\"+t,e.setAttribute(\"data-secret\",t)),e.contentWindow.postMessage({message:\"ready\",secret:t},\"*\")},!1)))}(window,document);\n\/\/# sourceURL=https:\/\/www.foretprivee.ca\/regiondequebec\/wp-includes\/js\/wp-embed.min.js\n\/* ]]> *\/\n<\/script>\n","description":"D\u00e9cisions de la RMAAQ D\u00e9cision 12329 D\u00e9cision 12038 Suivi demande des producteurs de bois de la r\u00e9gion de Qu\u00e9bec pour la n\u00e9gociation collective des bois de sciage \u00c9valuation p\u00e9riodique RMAAQ M\u00e9moire du SPFRQ pour la p\u00e9riode 2018-2022 RAPPORT D\u2019\u00c9VALUATION P\u00c9RIODIQUE Plan conjoint des producteurs de bois de la r\u00e9gion de Qu\u00e9bec pour la p\u00e9riode 2018-2022 &hellip; Lire la suite","thumbnail_url":"https:\/\/www.foretprivee.ca\/regiondequebec\/wp-content\/uploads\/sites\/4\/2021\/06\/Affiche-1007x1024.png"}