{"version":"1.0","provider_name":"Syndicat des propri\u00e9taires forestiers de la r\u00e9gion de Qu\u00e9bec","provider_url":"https:\/\/www.foretprivee.ca\/regiondequebec","author_name":"penega","title":"Parlons mobilisation - Syndicat des propri\u00e9taires forestiers de la r\u00e9gion de Qu\u00e9bec","type":"rich","width":600,"height":338,"html":"<blockquote class=\"wp-embedded-content\" data-secret=\"SPqG1oNeJx\"><a href=\"https:\/\/www.foretprivee.ca\/regiondequebec\/nouvelles\/parlons-mobilisation\/\">Parlons mobilisation<\/a><\/blockquote><iframe sandbox=\"allow-scripts\" security=\"restricted\" src=\"https:\/\/www.foretprivee.ca\/regiondequebec\/nouvelles\/parlons-mobilisation\/embed\/#?secret=SPqG1oNeJx\" width=\"600\" height=\"338\" title=\"&laquo; Parlons mobilisation &raquo; &#8212; Syndicat des propri\u00e9taires forestiers de la r\u00e9gion de Qu\u00e9bec\" data-secret=\"SPqG1oNeJx\" frameborder=\"0\" marginwidth=\"0\" marginheight=\"0\" scrolling=\"no\" class=\"wp-embedded-content\"><\/iframe><script type=\"text\/javascript\">\n\/* <![CDATA[ *\/\n\/*! This file is auto-generated *\/\n!function(d,l){\"use strict\";l.querySelector&&d.addEventListener&&\"undefined\"!=typeof URL&&(d.wp=d.wp||{},d.wp.receiveEmbedMessage||(d.wp.receiveEmbedMessage=function(e){var t=e.data;if((t||t.secret||t.message||t.value)&&!\/[^a-zA-Z0-9]\/.test(t.secret)){for(var s,r,n,a=l.querySelectorAll('iframe[data-secret=\"'+t.secret+'\"]'),o=l.querySelectorAll('blockquote[data-secret=\"'+t.secret+'\"]'),c=new RegExp(\"^https?:$\",\"i\"),i=0;i<o.length;i++)o[i].style.display=\"none\";for(i=0;i<a.length;i++)s=a[i],e.source===s.contentWindow&&(s.removeAttribute(\"style\"),\"height\"===t.message?(1e3<(r=parseInt(t.value,10))?r=1e3:~~r<200&&(r=200),s.height=r):\"link\"===t.message&&(r=new URL(s.getAttribute(\"src\")),n=new URL(t.value),c.test(n.protocol))&&n.host===r.host&&l.activeElement===s&&(d.top.location.href=t.value))}},d.addEventListener(\"message\",d.wp.receiveEmbedMessage,!1),l.addEventListener(\"DOMContentLoaded\",function(){for(var e,t,s=l.querySelectorAll(\"iframe.wp-embedded-content\"),r=0;r<s.length;r++)(t=(e=s[r]).getAttribute(\"data-secret\"))||(t=Math.random().toString(36).substring(2,12),e.src+=\"#?secret=\"+t,e.setAttribute(\"data-secret\",t)),e.contentWindow.postMessage({message:\"ready\",secret:t},\"*\")},!1)))}(window,document);\n\/\/# sourceURL=https:\/\/www.foretprivee.ca\/regiondequebec\/wp-includes\/js\/wp-embed.min.js\n\/* ]]> *\/\n<\/script>\n","description":"\u00c9ditorial extrait du journal L\u2019Information du forestier \u2013 Avril 2018 Au cours de l\u2019ann\u00e9e 2017, j\u2019ai consacr\u00e9 beaucoup d\u2019efforts \u00e0 la mobilisation du bois des for\u00eats priv\u00e9es. Au premier chef, en m\u2019impliquant dans le d\u00e9veloppement de strat\u00e9gies r\u00e9gionales, comme souhait\u00e9 par le Plan d\u2019action national sur la mobilisation des bois en for\u00eat priv\u00e9e. Mais aussi &hellip; Lire la suite"}