{"id":1064,"date":"2019-09-10T18:31:30","date_gmt":"2019-09-10T18:31:30","guid":{"rendered":"http:\/\/www.foretprivee.ca\/regiondequebec\/?post_type=events&#038;p=1064"},"modified":"2019-09-10T18:32:41","modified_gmt":"2019-09-10T18:32:41","slug":"journee-forestiere-et-acericole-du-centre-du-quebec","status":"publish","type":"events","link":"https:\/\/www.foretprivee.ca\/regiondequebec\/events\/journee-forestiere-et-acericole-du-centre-du-quebec\/","title":{"rendered":"Journ\u00e9e foresti\u00e8re et ac\u00e9ricole du Centre-du-Qu\u00e9bec"},"content":{"rendered":"<p>La Journ\u00e9e foresti\u00e8re et ac\u00e9ricole du Centre-du-Qu\u00e9bec se d\u00e9roulera le samedi 21\u00a0septembre, de 9\u00a0h \u00e0 16\u00a0h, \u00e0 la Station r\u00e9gionale de glisse Mont Apic situ\u00e9e au 1361,\u00a0route Bellemare, \u00e0 Saint-Pierre-Baptiste.<\/p>\n<p>Vous y trouverez plus de 80 exposants, des services-conseils, de l\u2019expertise sur les derni\u00e8res connaissances foresti\u00e8res et ac\u00e9ricoles ainsi que les plus r\u00e9cents \u00e9quipements et machineries sp\u00e9cialis\u00e9s dans le domaine. Pour une deuxi\u00e8me ann\u00e9e cons\u00e9cutive, le conf\u00e9rencier et biologiste, St\u00e9phane Guay, chroniqueur \u00e0 l\u2019\u00e9mission de t\u00e9l\u00e9vision \u00ab\u00a0Un Chef \u00e0 la cabane\u00a0\u00bb participera \u00e0 cette 23<sup>e<\/sup> \u00e9dition.<\/p>\n<p>Le prix d\u2019entr\u00e9e est de 10\u00a0$. Pour information\u00a0: M.\u00a0Steve\u00a0Lemay au 819\u00a0752\u20114951 <a href=\"http:\/\/www.journeeforestiere-centreduquebec.ca\">www.journeeforestiere-centreduquebec.ca<\/a>.<\/p>\n","protected":false},"excerpt":{"rendered":"<p>Vous y trouverez plus de 80 exposants, des services-conseils, de l\u2019expertise sur les derni\u00e8res connaissances foresti\u00e8res et ac\u00e9ricoles ainsi que les plus r\u00e9cents \u00e9quipements et machineries sp\u00e9cialis\u00e9s dans le domaine. <\/p>\n","protected":false},"featured_media":0,"menu_order":0,"template":"","event_type":[11],"class_list":["post-1064","events","type-events","status-publish","hentry","event_type-evenements"],"acf":[],"_links":{"self":[{"href":"https:\/\/www.foretprivee.ca\/regiondequebec\/wp-json\/wp\/v2\/events\/1064","targetHints":{"allow":["GET"]}}],"collection":[{"href":"https:\/\/www.foretprivee.ca\/regiondequebec\/wp-json\/wp\/v2\/events"}],"about":[{"href":"https:\/\/www.foretprivee.ca\/regiondequebec\/wp-json\/wp\/v2\/types\/events"}],"wp:attachment":[{"href":"https:\/\/www.foretprivee.ca\/regiondequebec\/wp-json\/wp\/v2\/media?parent=1064"}],"wp:term":[{"taxonomy":"event_type","embeddable":true,"href":"https:\/\/www.foretprivee.ca\/regiondequebec\/wp-json\/wp\/v2\/event_type?post=1064"}],"curies":[{"name":"wp","href":"https:\/\/api.w.org\/{rel}","templated":true}]}}