{"id":1742,"date":"2021-01-07T20:22:25","date_gmt":"2021-01-07T20:22:25","guid":{"rendered":"http:\/\/www.foretprivee.ca\/regiondequebec\/?page_id=1742"},"modified":"2026-02-16T16:14:50","modified_gmt":"2026-02-16T16:14:50","slug":"reglements","status":"publish","type":"page","link":"https:\/\/www.foretprivee.ca\/regiondequebec\/mon-syndicat\/reglements\/","title":{"rendered":"R\u00e8glements"},"content":{"rendered":"\t\t<div data-elementor-type=\"wp-post\" data-elementor-id=\"1742\" class=\"elementor elementor-1742\" data-elementor-post-type=\"page\">\n\t\t\t\t\t\t<section class=\"elementor-section elementor-top-section elementor-element elementor-element-cb85c8b elementor-section-boxed elementor-section-height-default elementor-section-height-default\" data-id=\"cb85c8b\" data-element_type=\"section\" data-e-type=\"section\">\n\t\t\t\t\t\t<div class=\"elementor-container elementor-column-gap-default\">\n\t\t\t\t\t<div class=\"elementor-column elementor-col-66 elementor-top-column elementor-element elementor-element-dc36a7b\" data-id=\"dc36a7b\" data-element_type=\"column\" data-e-type=\"column\">\n\t\t\t<div class=\"elementor-widget-wrap elementor-element-populated\">\n\t\t\t\t\t\t<div class=\"elementor-element elementor-element-2dc70d5 elementor-widget elementor-widget-text-editor\" data-id=\"2dc70d5\" data-element_type=\"widget\" data-e-type=\"widget\" data-widget_type=\"text-editor.default\">\n\t\t\t\t<div class=\"elementor-widget-container\">\n\t\t\t\t\t\t\t\t\t<p>Le Syndicat des propri\u00e9taires forestiers de la r\u00e9gion de Qu\u00e9bec est un syndicat professionnel qui regroupe en moyenne 1 300 propri\u00e9taires de for\u00eats priv\u00e9es adh\u00e9rents. Il est actif sur un vaste territoire situ\u00e9 de part et d&rsquo;autre du fleuve Saint-Laurent qui compte environ 14 500 propri\u00e9taires de bois\u00e9s.<\/p>\t\t\t\t\t\t\t\t<\/div>\n\t\t\t\t<\/div>\n\t\t\t\t\t<\/div>\n\t\t<\/div>\n\t\t\t\t<div class=\"elementor-column elementor-col-33 elementor-top-column elementor-element elementor-element-4e5a271\" data-id=\"4e5a271\" data-element_type=\"column\" data-e-type=\"column\">\n\t\t\t<div class=\"elementor-widget-wrap\">\n\t\t\t\t\t\t\t<\/div>\n\t\t<\/div>\n\t\t\t\t\t<\/div>\n\t\t<\/section>\n\t\t\t\t<section class=\"elementor-section elementor-top-section elementor-element elementor-element-57db11d elementor-section-boxed elementor-section-height-default elementor-section-height-default\" data-id=\"57db11d\" data-element_type=\"section\" data-e-type=\"section\">\n\t\t\t\t\t\t<div class=\"elementor-container elementor-column-gap-default\">\n\t\t\t\t\t<div class=\"elementor-column elementor-col-50 elementor-top-column elementor-element elementor-element-483dea3\" data-id=\"483dea3\" data-element_type=\"column\" data-e-type=\"column\">\n\t\t\t<div class=\"elementor-widget-wrap elementor-element-populated\">\n\t\t\t\t\t\t<div class=\"elementor-element elementor-element-08fa5fa elementor-widget elementor-widget-text-editor\" data-id=\"08fa5fa\" data-element_type=\"widget\" data-e-type=\"widget\" data-widget_type=\"text-editor.default\">\n\t\t\t\t<div class=\"elementor-widget-container\">\n\t\t\t\t\t\t\t\t\t<p style=\"text-align: left\">Le <em><strong>Plan conjoint des producteurs de bois de la r\u00e9gion de Qu\u00e9bec<\/strong><\/em> est administr\u00e9 par le <em><strong>Syndicat des propri\u00e9taires forestiers de la r\u00e9gion de Qu\u00e9bec<\/strong><\/em>, il est une r\u00e9glementation visant tous les producteurs de bois du territoire.\u00a0 Il permet d\u2019adopter des r\u00e9glementations portant sur diff\u00e9rents aspects de la production et de la commercialisation des bois, pourvu qu\u2019elles respectent les dispositions de la <em>Loi sur la mise en march\u00e9 des produits agricoles, alimentaires et de la p\u00eache<\/em>. Leur adoption doit notamment faire l\u2019objet d\u2019une consultation des producteurs forestiers vis\u00e9s par le projet de r\u00e9glementation et \u00eatre ent\u00e9rin\u00e9e par la R\u00e9gie des march\u00e9s agricoles et alimentaires du Qu\u00e9bec.<\/p>\t\t\t\t\t\t\t\t<\/div>\n\t\t\t\t<\/div>\n\t\t\t\t<div class=\"elementor-element elementor-element-1bc8bc8 elementor-widget elementor-widget-pdf-downloader\" data-id=\"1bc8bc8\" data-element_type=\"widget\" data-e-type=\"widget\" data-widget_type=\"pdf-downloader.default\">\n\t\t\t\t<div class=\"elementor-widget-container\">\n\t\t\t\t\t\t\t<div class=\"penega-pdf-repeater-container\">\n\t\t\t<ul>\n\t            \t\t\t\t\t<a href=\"http:\/\/legisquebec.gouv.qc.ca\/fr\/ShowDoc\/cs\/M-35.1\" target=\"_blank\">\n\t                \t<li>\n                            <div class=\"pdf-text-box\">\n                                Loi sur la mise en march\u00e9 des produits agricoles, alimentaires et de la p\u00eache                            <\/div>\n                            <div class=\"pdf-icone-box\">\n                                <img decoding=\"async\" data-src=\"\/wp-content\/themes\/penega\/assets\/images\/icone-pdf-downloader.png\" src=\"data:image\/svg+xml;base64,PHN2ZyB3aWR0aD0iMSIgaGVpZ2h0PSIxIiB4bWxucz0iaHR0cDovL3d3dy53My5vcmcvMjAwMC9zdmciPjwvc3ZnPg==\" class=\"lazyload\">\n                            <\/div>\n                \t\t<\/li>\n\t\t\t\t\t<\/a>\n\t                \t\t\t\t\t<a href=\"https:\/\/www.foretprivee.ca\/regiondequebec\/wp-content\/uploads\/sites\/4\/2023\/08\/Reglement-general-SPFRQ-7-aout-2023.pdf\" target=\"_blank\">\n\t                \t<li>\n                            <div class=\"pdf-text-box\">\n                                R\u00e8glement g\u00e9n\u00e9ral du Syndicat des propri\u00e9taires forestiers de la r\u00e9gion de Qu\u00e9bec                            <\/div>\n                            <div class=\"pdf-icone-box\">\n                                <img decoding=\"async\" data-src=\"\/wp-content\/themes\/penega\/assets\/images\/icone-pdf-downloader.png\" src=\"data:image\/svg+xml;base64,PHN2ZyB3aWR0aD0iMSIgaGVpZ2h0PSIxIiB4bWxucz0iaHR0cDovL3d3dy53My5vcmcvMjAwMC9zdmciPjwvc3ZnPg==\" class=\"lazyload\">\n                            <\/div>\n                \t\t<\/li>\n\t\t\t\t\t<\/a>\n\t                \t\t\t\t\t<a href=\"http:\/\/legisquebec.gouv.qc.ca\/fr\/showdoc\/cr\/M-35.1,%20r.%20124\" target=\"_blank\">\n\t                \t<li>\n                            <div class=\"pdf-text-box\">\n                                Plan conjoint des producteurs de bois de la r\u00e9gion de Qu\u00e9bec                            <\/div>\n                            <div class=\"pdf-icone-box\">\n                                <img decoding=\"async\" data-src=\"\/wp-content\/themes\/penega\/assets\/images\/icone-pdf-downloader.png\" src=\"data:image\/svg+xml;base64,PHN2ZyB3aWR0aD0iMSIgaGVpZ2h0PSIxIiB4bWxucz0iaHR0cDovL3d3dy53My5vcmcvMjAwMC9zdmciPjwvc3ZnPg==\" class=\"lazyload\">\n                            <\/div>\n                \t\t<\/li>\n\t\t\t\t\t<\/a>\n\t                \t\t\t\t\t<a href=\"http:\/\/legisquebec.gouv.qc.ca\/fr\/showdoc\/cr\/M-35.1,%20r.%20118\" target=\"_blank\">\n\t                \t<li>\n                            <div class=\"pdf-text-box\">\n                                R\u00e8glement sur la division en groupes des producteurs                            <\/div>\n                            <div class=\"pdf-icone-box\">\n                                <img decoding=\"async\" data-src=\"\/wp-content\/themes\/penega\/assets\/images\/icone-pdf-downloader.png\" src=\"data:image\/svg+xml;base64,PHN2ZyB3aWR0aD0iMSIgaGVpZ2h0PSIxIiB4bWxucz0iaHR0cDovL3d3dy53My5vcmcvMjAwMC9zdmciPjwvc3ZnPg==\" class=\"lazyload\">\n                            <\/div>\n                \t\t<\/li>\n\t\t\t\t\t<\/a>\n\t                \t\t\t\t\t<a href=\"http:\/\/legisquebec.gouv.qc.ca\/fr\/showDoc\/cr\/M-35.1,%20r.%20123.1?&amp;digest=\" target=\"_blank\">\n\t                \t<li>\n                            <div class=\"pdf-text-box\">\n                                R\u00e8glement sur la mise en march\u00e9 du bois des producteurs                            <\/div>\n                            <div class=\"pdf-icone-box\">\n                                <img decoding=\"async\" data-src=\"\/wp-content\/themes\/penega\/assets\/images\/icone-pdf-downloader.png\" src=\"data:image\/svg+xml;base64,PHN2ZyB3aWR0aD0iMSIgaGVpZ2h0PSIxIiB4bWxucz0iaHR0cDovL3d3dy53My5vcmcvMjAwMC9zdmciPjwvc3ZnPg==\" class=\"lazyload\">\n                            <\/div>\n                \t\t<\/li>\n\t\t\t\t\t<\/a>\n\t                \t\t\t\t\t<a href=\"http:\/\/legisquebec.gouv.qc.ca\/fr\/showdoc\/cr\/M-35.1,%20r.%20117.1\" target=\"_blank\">\n\t                \t<li>\n                            <div class=\"pdf-text-box\">\n                                R\u00e8glement sur les contributions des producteurs                             <\/div>\n                            <div class=\"pdf-icone-box\">\n                                <img decoding=\"async\" data-src=\"\/wp-content\/themes\/penega\/assets\/images\/icone-pdf-downloader.png\" src=\"data:image\/svg+xml;base64,PHN2ZyB3aWR0aD0iMSIgaGVpZ2h0PSIxIiB4bWxucz0iaHR0cDovL3d3dy53My5vcmcvMjAwMC9zdmciPjwvc3ZnPg==\" class=\"lazyload\">\n                            <\/div>\n                \t\t<\/li>\n\t\t\t\t\t<\/a>\n\t                \t\t\t\t\t<a href=\"https:\/\/www.legisquebec.gouv.qc.ca\/fr\/document\/rc\/m-35.1,%20r.%20116.1\" target=\"_blank\">\n\t                \t<li>\n                            <div class=\"pdf-text-box\">\n                                R\u00e8glement sur le contingentement des producteurs                            <\/div>\n                            <div class=\"pdf-icone-box\">\n                                <img decoding=\"async\" data-src=\"\/wp-content\/themes\/penega\/assets\/images\/icone-pdf-downloader.png\" src=\"data:image\/svg+xml;base64,PHN2ZyB3aWR0aD0iMSIgaGVpZ2h0PSIxIiB4bWxucz0iaHR0cDovL3d3dy53My5vcmcvMjAwMC9zdmciPjwvc3ZnPg==\" class=\"lazyload\">\n                            <\/div>\n                \t\t<\/li>\n\t\t\t\t\t<\/a>\n\t                \t\t\t\t\t<a href=\"http:\/\/legisquebec.gouv.qc.ca\/fr\/showdoc\/cr\/M-35.1,%20r.%20121.1\" target=\"_blank\">\n\t                \t<li>\n                            <div class=\"pdf-text-box\">\n                                R\u00e8glement sur les fonds des producteurs                            <\/div>\n                            <div class=\"pdf-icone-box\">\n                                <img decoding=\"async\" data-src=\"\/wp-content\/themes\/penega\/assets\/images\/icone-pdf-downloader.png\" src=\"data:image\/svg+xml;base64,PHN2ZyB3aWR0aD0iMSIgaGVpZ2h0PSIxIiB4bWxucz0iaHR0cDovL3d3dy53My5vcmcvMjAwMC9zdmciPjwvc3ZnPg==\" class=\"lazyload\">\n                            <\/div>\n                \t\t<\/li>\n\t\t\t\t\t<\/a>\n\t                \t\t\t\t\t<a href=\"http:\/\/legisquebec.gouv.qc.ca\/fr\/showdoc\/cr\/M-35.1,%20r.%20119\" target=\"_blank\">\n\t                \t<li>\n                            <div class=\"pdf-text-box\">\n                                R\u00e8glement sur le fichier des producteurs                            <\/div>\n                            <div class=\"pdf-icone-box\">\n                                <img decoding=\"async\" data-src=\"\/wp-content\/themes\/penega\/assets\/images\/icone-pdf-downloader.png\" src=\"data:image\/svg+xml;base64,PHN2ZyB3aWR0aD0iMSIgaGVpZ2h0PSIxIiB4bWxucz0iaHR0cDovL3d3dy53My5vcmcvMjAwMC9zdmciPjwvc3ZnPg==\" class=\"lazyload\">\n                            <\/div>\n                \t\t<\/li>\n\t\t\t\t\t<\/a>\n\t                \t\t\t\t\t<a href=\"http:\/\/legisquebec.gouv.qc.ca\/fr\/showdoc\/cr\/M-35.1,%20r.%20115\" target=\"_blank\">\n\t                \t<li>\n                            <div class=\"pdf-text-box\">\n                                R\u00e8glement sur la conservation et l'acc\u00e8s aux documents du SPFRQ                            <\/div>\n                            <div class=\"pdf-icone-box\">\n                                <img decoding=\"async\" data-src=\"\/wp-content\/themes\/penega\/assets\/images\/icone-pdf-downloader.png\" src=\"data:image\/svg+xml;base64,PHN2ZyB3aWR0aD0iMSIgaGVpZ2h0PSIxIiB4bWxucz0iaHR0cDovL3d3dy53My5vcmcvMjAwMC9zdmciPjwvc3ZnPg==\" class=\"lazyload\">\n                            <\/div>\n                \t\t<\/li>\n\t\t\t\t\t<\/a>\n\t                \t\t\t\t\t<a href=\"http:\/\/legisquebec.gouv.qc.ca\/fr\/showdoc\/cr\/M-35.1,%20r.%20122\" target=\"_blank\">\n\t                \t<li>\n                            <div class=\"pdf-text-box\">\n                                R\u00e8glement sur la mise en march\u00e9 de l'if du Canada                            <\/div>\n                            <div class=\"pdf-icone-box\">\n                                <img decoding=\"async\" data-src=\"\/wp-content\/themes\/penega\/assets\/images\/icone-pdf-downloader.png\" src=\"data:image\/svg+xml;base64,PHN2ZyB3aWR0aD0iMSIgaGVpZ2h0PSIxIiB4bWxucz0iaHR0cDovL3d3dy53My5vcmcvMjAwMC9zdmciPjwvc3ZnPg==\" class=\"lazyload\">\n                            <\/div>\n                \t\t<\/li>\n\t\t\t\t\t<\/a>\n\t                \t        <\/ul>\n\t\t<\/div>\n\t\t\t\t\t\t<\/div>\n\t\t\t\t<\/div>\n\t\t\t\t\t<\/div>\n\t\t<\/div>\n\t\t\t\t<div class=\"elementor-column elementor-col-50 elementor-top-column elementor-element elementor-element-8c8379e\" data-id=\"8c8379e\" data-element_type=\"column\" data-e-type=\"column\">\n\t\t\t<div class=\"elementor-widget-wrap\">\n\t\t\t\t\t\t\t<\/div>\n\t\t<\/div>\n\t\t\t\t\t<\/div>\n\t\t<\/section>\n\t\t\t\t<\/div>\n\t\t","protected":false},"excerpt":{"rendered":"<p>Le Syndicat des propri\u00e9taires forestiers de la r\u00e9gion de Qu\u00e9bec est un syndicat professionnel qui regroupe en moyenne 1 300 propri\u00e9taires de for\u00eats priv\u00e9es adh\u00e9rents. Il est actif sur un vaste territoire situ\u00e9 de part et d&rsquo;autre du fleuve Saint-Laurent qui compte environ 14 500 propri\u00e9taires de bois\u00e9s. Le Plan conjoint des producteurs de bois &hellip; <\/p>\n<p class=\"link-more\"><a href=\"https:\/\/www.foretprivee.ca\/regiondequebec\/mon-syndicat\/reglements\/\" class=\"more-link\">Lire la suite<\/a><\/p>\n","protected":false},"author":6,"featured_media":0,"parent":4,"menu_order":0,"comment_status":"closed","ping_status":"closed","template":"","meta":{"_acf_changed":false,"footnotes":""},"class_list":["post-1742","page","type-page","status-publish","hentry"],"acf":[],"_links":{"self":[{"href":"https:\/\/www.foretprivee.ca\/regiondequebec\/wp-json\/wp\/v2\/pages\/1742","targetHints":{"allow":["GET"]}}],"collection":[{"href":"https:\/\/www.foretprivee.ca\/regiondequebec\/wp-json\/wp\/v2\/pages"}],"about":[{"href":"https:\/\/www.foretprivee.ca\/regiondequebec\/wp-json\/wp\/v2\/types\/page"}],"author":[{"embeddable":true,"href":"https:\/\/www.foretprivee.ca\/regiondequebec\/wp-json\/wp\/v2\/users\/6"}],"replies":[{"embeddable":true,"href":"https:\/\/www.foretprivee.ca\/regiondequebec\/wp-json\/wp\/v2\/comments?post=1742"}],"version-history":[{"count":0,"href":"https:\/\/www.foretprivee.ca\/regiondequebec\/wp-json\/wp\/v2\/pages\/1742\/revisions"}],"up":[{"embeddable":true,"href":"https:\/\/www.foretprivee.ca\/regiondequebec\/wp-json\/wp\/v2\/pages\/4"}],"wp:attachment":[{"href":"https:\/\/www.foretprivee.ca\/regiondequebec\/wp-json\/wp\/v2\/media?parent=1742"}],"curies":[{"name":"wp","href":"https:\/\/api.w.org\/{rel}","templated":true}]}}