{"id":34,"date":"2018-12-13T20:22:32","date_gmt":"2018-12-13T20:22:32","guid":{"rendered":"https:\/\/www.foretprivee.ca\/regiondequebec\/?page_id=34"},"modified":"2021-01-06T22:19:05","modified_gmt":"2021-01-06T22:19:05","slug":"calendrier-des-activites","status":"publish","type":"page","link":"https:\/\/www.foretprivee.ca\/regiondequebec\/mes-communications\/calendrier-des-activites\/","title":{"rendered":"Calendrier des activit\u00e9s"},"content":{"rendered":"\t\t<div data-elementor-type=\"wp-post\" data-elementor-id=\"34\" class=\"elementor elementor-34 elementor-bc-flex-widget\" data-elementor-post-type=\"page\">\n\t\t\t\t\t\t<section class=\"elementor-section elementor-top-section elementor-element elementor-element-55eef86 elementor-section-boxed elementor-section-height-default elementor-section-height-default\" data-id=\"55eef86\" data-element_type=\"section\" data-e-type=\"section\">\n\t\t\t\t\t\t<div class=\"elementor-container elementor-column-gap-default\">\n\t\t\t\t\t<div class=\"elementor-column elementor-col-100 elementor-top-column elementor-element elementor-element-a6b5737\" data-id=\"a6b5737\" data-element_type=\"column\" data-e-type=\"column\">\n\t\t\t<div class=\"elementor-widget-wrap elementor-element-populated\">\n\t\t\t\t\t\t<div class=\"elementor-element elementor-element-5f88655 elementor-widget elementor-widget-calendar\" data-id=\"5f88655\" data-element_type=\"widget\" data-e-type=\"widget\" data-widget_type=\"calendar.default\">\n\t\t\t\t<div class=\"elementor-widget-container\">\n\t\t\t\t\t<div class=\"png-calendar\" data-post=\"0\" data-shortcode_attrs='{\"month\":\"04\",\"year\":\"2026\",\"sidebar-position\":\"right\",\"listing-page\":\"\",\"event-types\":\"\",\"blog\":null}'>\n    <style>\n        \/* Split color in r,g and b to use with opacity  *\/\n        \n        .png-calendar .sk-cube-grid .sk-cube {\n            background-color: #c9e8dc !important;\n        }\n        .png-calendar .calendar .week .day:nth-child(7n),\n        .png-calendar .calendar .week .day:nth-child(7n + 1) {\n            border: 1px solid  rgba(255, 255, 255, 0.4) !important;\n            background-color: rgba(255, 255, 255, 0.4) !important;\n        }\n        .png-calendar .calendar .week .day:nth-child(7n).inactive,\n        .png-calendar .calendar .week .day:nth-child(7n + 1).inactive {\n            border: 1px solid  rgba(255, 255, 255, 0.2) !important;\n            background-color: rgba(255, 255, 255, 0.2) !important;\n        }\n        .png-calendar .calendar .week .day.header {\n            background-color:  !important;\n            color: #075e22 !important;\n        }\n\n        .png-calendar .calendar .week .day {\n            background-color: #ffffff !important;\n            border: 1px solid #ffffff !important;\n            color: #000000 !important;\n        }\n        .png-calendar .calendar .week .day.current-day {\n            background-color: #c9e8dc !important;\n        }\n        .png-calendar .calendar .week .day:hover {\n            background-color: #c9e8dc !important;\n        }\n        .png-calendar .calendar .day .inner-day .calendar-event {\n            background-color: #000000;\n        }\n        .png-calendar .calendar .day:hover .inner-day .calendar-event {\n            background-color: #075e22;\n        }\n    <\/style>\n\n    <div class=\"png-calendar d-flex flex-column flex-lg-row justify-content-between sidebar-right\">\n        <div class=\"col-60\">\n    <div class=\"container calendar-container\">\n        <div class=\"inner-calendar\" style=\"background-color: #ffffff\">\n            <div class=\"post-header d-flex flex-lg-row flex-column align-items-center justify-content-center\">\n        \n<div class=\"date nav custom-arrows\">\n    <div class=\"back nav-button\">\n        <a data-month=\"03\" data-year=\"2026\">\n                            <img decoding=\"async\" data-src=\"https:\/\/www.foretprivee.ca\/regiondequebec\/wp-content\/uploads\/sites\/4\/2019\/01\/arrow-1.png\" alt=\"\" src=\"data:image\/svg+xml;base64,PHN2ZyB3aWR0aD0iMSIgaGVpZ2h0PSIxIiB4bWxucz0iaHR0cDovL3d3dy53My5vcmcvMjAwMC9zdmciPjwvc3ZnPg==\" class=\"lazyload\" style=\"--smush-placeholder-width: 42px; --smush-placeholder-aspect-ratio: 42\/29;\">\n                    <\/a>\n    <\/div>\n    avril 2026    <div class=\"next nav-button\">\n        <a data-month=\"05\" data-year=\"2026\">\n\n                            <img decoding=\"async\" data-src=\"https:\/\/www.foretprivee.ca\/regiondequebec\/wp-content\/uploads\/sites\/4\/2019\/01\/arrow-1.png\" alt=\"\" src=\"data:image\/svg+xml;base64,PHN2ZyB3aWR0aD0iMSIgaGVpZ2h0PSIxIiB4bWxucz0iaHR0cDovL3d3dy53My5vcmcvMjAwMC9zdmciPjwvc3ZnPg==\" class=\"lazyload\" style=\"--smush-placeholder-width: 42px; --smush-placeholder-aspect-ratio: 42\/29;\">\n                    <\/a>\n    <\/div>\n<\/div>\n<\/div>\n            <div class='calendar'>\n                <div class='d-flex week justify-content-between'>\n            <div class='header day letter-header'>\n            <span class=\"single-letter\">\n                D            <\/span>\n            <span class=\"full-word\">\n                Dimanche            <\/span>\n        <\/div>\n            <div class='header day letter-header'>\n            <span class=\"single-letter\">\n                L            <\/span>\n            <span class=\"full-word\">\n                Lundi            <\/span>\n        <\/div>\n            <div class='header day letter-header'>\n            <span class=\"single-letter\">\n                M            <\/span>\n            <span class=\"full-word\">\n                Mardi            <\/span>\n        <\/div>\n            <div class='header day letter-header'>\n            <span class=\"single-letter\">\n                M            <\/span>\n            <span class=\"full-word\">\n                Mercredi            <\/span>\n        <\/div>\n            <div class='header day letter-header'>\n            <span class=\"single-letter\">\n                J            <\/span>\n            <span class=\"full-word\">\n                Jeudi            <\/span>\n        <\/div>\n            <div class='header day letter-header'>\n            <span class=\"single-letter\">\n                V            <\/span>\n            <span class=\"full-word\">\n                Vendredi            <\/span>\n        <\/div>\n            <div class='header day letter-header'>\n            <span class=\"single-letter\">\n                S            <\/span>\n            <span class=\"full-word\">\n                Samedi            <\/span>\n        <\/div>\n    <\/div>\n                    <div class='d-flex week justify-content-between'>\n                    <div class='day inactive'>\n    <div class='inner-day'>\n        <a class=\"button dark\" data-toggle=\"modal\" data-target=\"#1774742400\">\n            <span>29<\/span>\n        <\/a>\n                <\/div>\n<\/div>\n                    <div class='day inactive'>\n    <div class='inner-day'>\n        <a class=\"button dark\" data-toggle=\"modal\" data-target=\"#1774828800\">\n            <span>30<\/span>\n        <\/a>\n                <\/div>\n<\/div>\n                    <div class='day inactive'>\n    <div class='inner-day'>\n        <a class=\"button dark\" data-toggle=\"modal\" data-target=\"#1774915200\">\n            <span>31<\/span>\n        <\/a>\n                <\/div>\n<\/div>\n                    <div class='day '>\n    <div class='inner-day'>\n        <a class=\"button dark\" data-toggle=\"modal\" data-target=\"#1775001600\">\n            <span>1<\/span>\n        <\/a>\n                <\/div>\n<\/div>\n                    <div class='day '>\n    <div class='inner-day'>\n        <a class=\"button dark\" data-toggle=\"modal\" data-target=\"#1775088000\">\n            <span>2<\/span>\n        <\/a>\n                <\/div>\n<\/div>\n                    <div class='day '>\n    <div class='inner-day'>\n        <a class=\"button dark\" data-toggle=\"modal\" data-target=\"#1775174400\">\n            <span>3<\/span>\n        <\/a>\n                <\/div>\n<\/div>\n                    <div class='day '>\n    <div class='inner-day'>\n        <a class=\"button dark\" data-toggle=\"modal\" data-target=\"#1775260800\">\n            <span>4<\/span>\n        <\/a>\n                <\/div>\n<\/div>\n            <\/div>\n    <div class='d-flex week justify-content-between'>\n                    <div class='day '>\n    <div class='inner-day'>\n        <a class=\"button dark\" data-toggle=\"modal\" data-target=\"#1775347200\">\n            <span>5<\/span>\n        <\/a>\n                <\/div>\n<\/div>\n                    <div class='day '>\n    <div class='inner-day'>\n        <a class=\"button dark\" data-toggle=\"modal\" data-target=\"#1775433600\">\n            <span>6<\/span>\n        <\/a>\n                <\/div>\n<\/div>\n                    <div class='day '>\n    <div class='inner-day'>\n        <a class=\"button dark\" data-toggle=\"modal\" data-target=\"#1775520000\">\n            <span>7<\/span>\n        <\/a>\n                <\/div>\n<\/div>\n                    <div class='day '>\n    <div class='inner-day'>\n        <a class=\"button dark\" data-toggle=\"modal\" data-target=\"#1775606400\">\n            <span>8<\/span>\n        <\/a>\n                <\/div>\n<\/div>\n                    <div class='day '>\n    <div class='inner-day'>\n        <a class=\"button dark\" data-toggle=\"modal\" data-target=\"#1775692800\">\n            <span>9<\/span>\n        <\/a>\n                <\/div>\n<\/div>\n                    <div class='day '>\n    <div class='inner-day'>\n        <a class=\"button dark\" data-toggle=\"modal\" data-target=\"#1775779200\">\n            <span>10<\/span>\n        <\/a>\n                <\/div>\n<\/div>\n                    <div class='day '>\n    <div class='inner-day'>\n        <a class=\"button dark\" data-toggle=\"modal\" data-target=\"#1775865600\">\n            <span>11<\/span>\n        <\/a>\n                <\/div>\n<\/div>\n            <\/div>\n    <div class='d-flex week justify-content-between'>\n                    <div class='day '>\n    <div class='inner-day'>\n        <a class=\"button dark\" data-toggle=\"modal\" data-target=\"#1775952000\">\n            <span>12<\/span>\n        <\/a>\n                <\/div>\n<\/div>\n                    <div class='day '>\n    <div class='inner-day'>\n        <a class=\"button dark\" data-toggle=\"modal\" data-target=\"#1776038400\">\n            <span>13<\/span>\n        <\/a>\n                <\/div>\n<\/div>\n                    <div class='day '>\n    <div class='inner-day'>\n        <a class=\"button dark\" data-toggle=\"modal\" data-target=\"#1776124800\">\n            <span>14<\/span>\n        <\/a>\n                <\/div>\n<\/div>\n                    <div class='day '>\n    <div class='inner-day'>\n        <a class=\"button dark\" data-toggle=\"modal\" data-target=\"#1776211200\">\n            <span>15<\/span>\n        <\/a>\n                <\/div>\n<\/div>\n                    <div class='day '>\n    <div class='inner-day'>\n        <a class=\"button dark\" data-toggle=\"modal\" data-target=\"#1776297600\">\n            <span>16<\/span>\n        <\/a>\n                <\/div>\n<\/div>\n                    <div class='day '>\n    <div class='inner-day'>\n        <a class=\"button dark\" data-toggle=\"modal\" data-target=\"#1776384000\">\n            <span>17<\/span>\n        <\/a>\n                <\/div>\n<\/div>\n                    <div class='day '>\n    <div class='inner-day'>\n        <a class=\"button dark\" data-toggle=\"modal\" data-target=\"#1776470400\">\n            <span>18<\/span>\n        <\/a>\n                <\/div>\n<\/div>\n            <\/div>\n    <div class='d-flex week justify-content-between'>\n                    <div class='day '>\n    <div class='inner-day'>\n        <a class=\"button dark\" data-toggle=\"modal\" data-target=\"#1776556800\">\n            <span>19<\/span>\n        <\/a>\n                <\/div>\n<\/div>\n                    <div class='day '>\n    <div class='inner-day'>\n        <a class=\"button dark\" data-toggle=\"modal\" data-target=\"#1776643200\">\n            <span>20<\/span>\n        <\/a>\n                <\/div>\n<\/div>\n                    <div class='day '>\n    <div class='inner-day'>\n        <a class=\"button dark\" data-toggle=\"modal\" data-target=\"#1776729600\">\n            <span>21<\/span>\n        <\/a>\n                <\/div>\n<\/div>\n                    <div class='day '>\n    <div class='inner-day'>\n        <a class=\"button dark\" data-toggle=\"modal\" data-target=\"#1776816000\">\n            <span>22<\/span>\n        <\/a>\n                <\/div>\n<\/div>\n                    <div class='day '>\n    <div class='inner-day'>\n        <a class=\"button dark\" data-toggle=\"modal\" data-target=\"#1776902400\">\n            <span>23<\/span>\n        <\/a>\n                <\/div>\n<\/div>\n                    <div class='day '>\n    <div class='inner-day'>\n        <a class=\"button dark\" data-toggle=\"modal\" data-target=\"#1776988800\">\n            <span>24<\/span>\n        <\/a>\n                <\/div>\n<\/div>\n                    <div class='day '>\n    <div class='inner-day'>\n        <a class=\"button dark\" data-toggle=\"modal\" data-target=\"#1777075200\">\n            <span>25<\/span>\n        <\/a>\n                <\/div>\n<\/div>\n            <\/div>\n    <div class='d-flex week justify-content-between'>\n                    <div class='day '>\n    <div class='inner-day'>\n        <a class=\"button dark\" data-toggle=\"modal\" data-target=\"#1777161600\">\n            <span>26<\/span>\n        <\/a>\n                <\/div>\n<\/div>\n                    <div class='day current-day'>\n    <div class='inner-day'>\n        <a class=\"button dark\" data-toggle=\"modal\" data-target=\"#1777248000\">\n            <span>27<\/span>\n        <\/a>\n                <\/div>\n<\/div>\n                    <div class='day '>\n    <div class='inner-day'>\n        <a class=\"button dark\" data-toggle=\"modal\" data-target=\"#1777334400\">\n            <span>28<\/span>\n        <\/a>\n                                <ul>\n                                    <li class=\"dot\">\n                        <a class=\"button dark\" data-toggle=\"modal\" data-target=\"#1777334400\" data-index=\"0\">\n                            <span style=\"background-color: #a2ecff; color: #a2ecff\"                                class=\"calendar-event dot assemblees\">\n                                                                    <span class=\"dot\">Assembl\u00e9e g\u00e9n\u00e9rale annuelle du Plan conjoint des producteurs de bois de la r\u00e9gion de Qu\u00e9bec<\/span>\n                                                            <\/span>\n                        <\/a>\n                    <\/li>\n                                    <li class=\"dot\">\n                        <a class=\"button dark\" data-toggle=\"modal\" data-target=\"#1777334400\" data-index=\"1\">\n                            <span style=\"background-color: #a2ecff; color: #a2ecff\"                                class=\"calendar-event dot assemblees\">\n                                                                    <span class=\"dot\">Assembl\u00e9e g\u00e9n\u00e9rale annuelle du Syndicat des propri\u00e9taires forestiers de la r\u00e9gion de Qu\u00e9bec<\/span>\n                                                            <\/span>\n                        <\/a>\n                    <\/li>\n                            <\/ul>\n                <\/div>\n<\/div>\n                    <div class='day '>\n    <div class='inner-day'>\n        <a class=\"button dark\" data-toggle=\"modal\" data-target=\"#1777420800\">\n            <span>29<\/span>\n        <\/a>\n                <\/div>\n<\/div>\n                    <div class='day '>\n    <div class='inner-day'>\n        <a class=\"button dark\" data-toggle=\"modal\" data-target=\"#1777507200\">\n            <span>30<\/span>\n        <\/a>\n                <\/div>\n<\/div>\n                    <div class='day inactive'>\n    <div class='inner-day'>\n        <a class=\"button dark\" data-toggle=\"modal\" data-target=\"#1777593600\">\n            <span>1<\/span>\n        <\/a>\n                <\/div>\n<\/div>\n                    <div class='day inactive'>\n    <div class='inner-day'>\n        <a class=\"button dark\" data-toggle=\"modal\" data-target=\"#1777680000\">\n            <span>2<\/span>\n        <\/a>\n                                <ul>\n                                    <li class=\"dot\">\n                        <a class=\"button dark\" data-toggle=\"modal\" data-target=\"#1777680000\" data-index=\"0\">\n                            <span style=\"background-color: #c9e8dc; color: #c9e8dc\"                                class=\"calendar-event dot formations\">\n                                                                    <span class=\"dot\">Sant\u00e9 et s\u00e9curit\u00e9 en abattage manuel de 16 heures - CNESST<\/span>\n                                                            <\/span>\n                        <\/a>\n                    <\/li>\n                            <\/ul>\n                <\/div>\n<\/div>\n            <\/div>\n            <\/div>\n        <\/div>\n            <div class=\"calendar-footer d-flex flex-lg-row flex-column align-items-center flex-start\">\n        <div class=\"legend\">\n            <div class=\"legend-item\">\n            <span class=\"legend-color\" style=\"background-color: #a2ecff\"><\/span>\n            Assembl\u00e9es        <\/div>\n            <div class=\"legend-item\">\n            <span class=\"legend-color\" style=\"background-color: #ffb174\"><\/span>\n            \u00c9v\u00e9nements        <\/div>\n            <div class=\"legend-item\">\n            <span class=\"legend-color\" style=\"background-color: #c9e8dc\"><\/span>\n            Formations        <\/div>\n    <\/div>\n    <\/div>\n    <\/div>\n<\/div>\n                                                                                                                                                                                                                                                                                                                                                                                                                <div class=\"modal fade event-modal\" id=\"1777334400\" tabindex=\"-1\" role=\"dialog\" aria-labelledby=\"day-1777334400\" aria-hidden=\"true\">\n                <div class=\"modal-dialog modal-dialog-centered\" role=\"document\">\n                    <div class=\"modal-content flex-column flex-lg-row\">\n                        <span class=\"close\" data-dismiss=\"modal\">\n                            <span class=\"line line-1\"><\/span>\n                            <span class=\"line line-2\"><\/span>\n                        <\/span>\n                        <div class=\"modal-events-slider\">\n                                                                                                                            <div class=\"an-event\">\n                                    <div class=\"d-flex flex-column flex-lg-row\">\n                                                                                <div class=\"content col-lg\">\n                                            <h3 class=\"date-time\">Le 28 avril de 9 h 00 \u00e0 11 h 00<\/h3>\n                                                                                            <h2>Assembl\u00e9e g\u00e9n\u00e9rale annuelle du Plan conjoint des producteurs de bois de la r\u00e9gion de Qu\u00e9bec<\/h2>\n                                                                                        <div class=\"location\">H\u00f4tel Travelodge Qu\u00e9bec : 3125, boulevard Hochelaga Qu\u00e9bec (Qu\u00e9bec) G1V 4A8<\/div>\n                                                                                            <div class=\"organisateur\">\n                                                    <b>Organis\u00e9 par&nbsp;:<\/b> SPFRQ                                                <\/div>\n                                                                                                                                        <div class=\"courriel\">\n                                                    <b>Courriel&nbsp;:<\/b> spfrq@spfrq.qc.ca                                                <\/div>\n                                                                                                                                    <div class=\"telephone\">\n                                                <b>T\u00e9l\u00e9phone&nbsp;:<\/b> 418-686-3522                                            <\/div>\n                                                                                                                                    \n                                            <p><strong>AVIS DE CONVOCATION<\/strong><\/p>\n<p><strong>ASSEMBL\u00c9E G\u00c9N\u00c9RALE ANNUELLE DU PLAN CONJOINT DES PRODUCTEURS DE BOIS DE LA R\u00c9GION DE QU\u00c9BEC<\/strong><\/p>\n<p>Tous les PRODUCTEURS DE BOIS de la r\u00e9gion de Qu\u00e9bec sont convoqu\u00e9s \u00e0 l\u2019assembl\u00e9e g\u00e9n\u00e9rale annuelle du Plan conjoint des producteurs de bois de la r\u00e9gion de Qu\u00e9bec pour l\u2019exercice financier 2025.<\/p>\n<p><strong>Prenez note que seuls les d\u00e9l\u00e9gu\u00e9s pourront voter \u00e0 cette assembl\u00e9e.<\/strong><\/p>\n<p><strong>DATE :\u00a0 \u00a0 \u00a0 \u00a0 \u00a0 \u00a0 Mardi 28 avril 2026<\/strong><\/p>\n<p><strong>ENDROIT\u00a0:\u00a0\u00a0\u00a0\u00a0 H\u00f4tel Travelodge Qu\u00e9bec<\/strong><\/p>\n<p><strong>\u00a0\u00a0\u00a0\u00a0\u00a0\u00a0\u00a0\u00a0\u00a0\u00a0\u00a0\u00a0\u00a0\u00a0\u00a0\u00a0\u00a0\u00a0\u00a0\u00a0\u00a0\u00a0\u00a0 3125, boulevard Hochelaga <\/strong><\/p>\n<p><strong>HEURE\u00a0:\u00a0\u00a0\u00a0\u00a0\u00a0\u00a0\u00a0\u00a0 9\u00a0h<\/strong><\/p>\n<p><strong>L\u2019ordre du jour propos\u00e9 est le suivant : <a href=\"https:\/\/www.foretprivee.ca\/regiondequebec\/wp-content\/uploads\/sites\/4\/2026\/03\/2026-04-28-odj-plan.pdf\">2026-04-28-odj-plan.pdf<\/a><\/strong><\/p>\n<p>&nbsp;<\/p>\n                                        <\/div>\n                                        <div class=\"event-count\">\n                                            1 \/ 2                                        <\/div>\n                                    <\/div>\n                                <\/div>\n                                                                                                                            <div class=\"an-event\">\n                                    <div class=\"d-flex flex-column flex-lg-row\">\n                                                                                <div class=\"content col-lg\">\n                                            <h3 class=\"date-time\">Le 28 avril de 11 h 00 \u00e0 16 h 00<\/h3>\n                                                                                            <h2>Assembl\u00e9e g\u00e9n\u00e9rale annuelle du Syndicat des propri\u00e9taires forestiers de la r\u00e9gion de Qu\u00e9bec<\/h2>\n                                                                                        <div class=\"location\">H\u00f4tel Travelodge Qu\u00e9bec : 3125, boulevard Hochelaga Qu\u00e9bec (Qu\u00e9bec) G1V 4A8<\/div>\n                                                                                            <div class=\"organisateur\">\n                                                    <b>Organis\u00e9 par&nbsp;:<\/b> SPFRQ                                                <\/div>\n                                                                                                                                        <div class=\"courriel\">\n                                                    <b>Courriel&nbsp;:<\/b> spfrq@spfrq.qc.ca                                                <\/div>\n                                                                                                                                    <div class=\"telephone\">\n                                                <b>T\u00e9l\u00e9phone&nbsp;:<\/b> 418-686-3522                                            <\/div>\n                                                                                                                                    \n                                            <p><strong>AVIS DE CONVOCATION<\/strong><\/p>\n<p><strong>ASSEMBL\u00c9E G\u00c9N\u00c9RALE ANNUELLE DU SYNDICAT DES PROPRI\u00c9TAIRES FORESTIERS DE LA R\u00c9GION DE QU\u00c9BEC<\/strong><\/p>\n<p>Tous les MEMBRES du Syndicat des propri\u00e9taires forestiers de la r\u00e9gion de Qu\u00e9bec sont convoqu\u00e9s \u00e0 leur assembl\u00e9e g\u00e9n\u00e9rale annuelle. <strong>Seuls les membres en r\u00e8gle du SPFRQ pourront voter \u00e0 cette assembl\u00e9e.<\/strong> Celle-ci aura lieu imm\u00e9diatement apr\u00e8s l\u2019assembl\u00e9e g\u00e9n\u00e9rale annuelle du Plan conjoint des producteurs de bois de la r\u00e9gion de Qu\u00e9bec, soit vers 11\u00a0h.<\/p>\n<p><strong>L\u2019ordre du jour propos\u00e9 est le suivant\u00a0:<\/strong><strong> <a href=\"https:\/\/www.foretprivee.ca\/regiondequebec\/wp-content\/uploads\/sites\/4\/2026\/03\/2026-04-28-odj-syndicat.pdf\">2026-04-28-odj-syndicat.pdf<\/a><\/strong><\/p>\n                                        <\/div>\n                                        <div class=\"event-count\">\n                                            2 \/ 2                                        <\/div>\n                                    <\/div>\n                                <\/div>\n                                                    <\/div>\n                    <\/div>\n                <\/div>\n            <\/div>\n                                                                    <div class=\"modal fade event-modal\" id=\"1777680000\" tabindex=\"-1\" role=\"dialog\" aria-labelledby=\"day-1777680000\" aria-hidden=\"true\">\n                <div class=\"modal-dialog modal-dialog-centered\" role=\"document\">\n                    <div class=\"modal-content flex-column flex-lg-row\">\n                        <span class=\"close\" data-dismiss=\"modal\">\n                            <span class=\"line line-1\"><\/span>\n                            <span class=\"line line-2\"><\/span>\n                        <\/span>\n                        <div class=\"modal-events-slider\">\n                                                                                                                            <div class=\"an-event\">\n                                    <div class=\"d-flex flex-column flex-lg-row\">\n                                                                                <div class=\"content col-lg\">\n                                            <h3 class=\"date-time\">Du 2 mai au 3 mai de 8 h 00 \u00e0 17 h 00<\/h3>\n                                                                                            <h2>Sant\u00e9 et s\u00e9curit\u00e9 en abattage manuel de 16 heures - CNESST<\/h2>\n                                                                                        <div class=\"location\">Saint-Agapit<\/div>\n                                                                                            <div class=\"organisateur\">\n                                                    <b>Organis\u00e9 par&nbsp;:<\/b> SPFRQ                                                <\/div>\n                                                                                                                                        <div class=\"courriel\">\n                                                    <b>Courriel&nbsp;:<\/b> spfrq@spfrq.qc.ca                                                <\/div>\n                                                                                                                                    <div class=\"telephone\">\n                                                <b>T\u00e9l\u00e9phone&nbsp;:<\/b> 418 686-3522                                            <\/div>\n                                                                                                                                        <div class=\"cout\">\n                                                    <b>Co\u00fbt&nbsp;:<\/b> 400$                                                <\/div>\n                                                                                                                                        <div class=\"clientele\">\n                                                    <b>Client\u00e8le&nbsp;:<\/b> Propri\u00e9taires forestiers                                                <\/div>\n                                                <br\/>\n                                            \n                                            <div class=\"elementor-element elementor-element-93b1d86 elementor-widget elementor-widget-text-editor\">\n<div class=\"elementor-widget-container\">\n<div class=\"elementor-text-editor elementor-clearfix\">\n<div class=\"option-holder\">\n<div class=\"canvas\">\n<table role=\"presentation\" border=\"0\" cellspacing=\"0\" cellpadding=\"0\">\n<tbody>\n<tr>\n<td class=\"row\" valign=\"top\">\n<table role=\"presentation\" border=\"0\" cellspacing=\"0\" cellpadding=\"0\" align=\"left\">\n<tbody>\n<tr>\n<td valign=\"top\">\n<div class=\"texte\">\n<p><span style=\"color: #009462\"><b>Sant\u00e9 et s\u00e9curit\u00e9 en abattage manuel de 16 heures - CNESST<\/b><\/span><\/p>\n<p><span style=\"color: #009462\"><b>Saint-Agapit 2 et 3 mai<\/b><\/span><\/p>\n<p>Formation d'abattage reconnue par la CNESST.<\/p>\n<p>D'une dur\u00e9e de 16 heures, formation obligatoire pour les travailleurs forestiers vis\u00e9s par le r\u00e8glement\u00a0<a><em>\"R\u00e8glement sur la sant\u00e9 et la s\u00e9curit\u00e9 dans les travaux d'am\u00e9nagement forestier\"<\/em><\/a>. Loi sur la sant\u00e9 et s\u00e9curit\u00e9 du travail.<\/p>\n<p><em>L'\u00e2ge minimal est de 16 ans pour utiliser une scie \u00e0 cha\u00eene lors des travaux en am\u00e9nagement forestier, donc tout participant doit avoir 16 ans \u00e0 la date de la formation.<\/em><\/p>\n<\/div>\n<\/td>\n<\/tr>\n<\/tbody>\n<\/table>\n<\/td>\n<\/tr>\n<\/tbody>\n<\/table>\n<\/div>\n<\/div>\n<div class=\"option-holder\">\n<div class=\"canvas\">\n<table role=\"presentation\" border=\"0\" cellspacing=\"0\" cellpadding=\"0\">\n<tbody>\n<tr>\n<td class=\"row\" valign=\"top\">\n<table role=\"presentation\" border=\"0\" cellspacing=\"0\" cellpadding=\"0\" align=\"left\">\n<tbody>\n<tr>\n<td valign=\"top\">\n<div class=\"texte\">\n<p><strong>Date : 2 et 3 mai 2026<\/strong><\/p>\n<p><strong>Lieu : Saint-Agapit (salle \u00e0 d\u00e9terminer)<\/strong><\/p>\n<p><strong>Dur\u00e9e : 16 heures, 1 journ\u00e9e de th\u00e9orie en salle et 1 journ\u00e9e pratique en for\u00eat<\/strong><\/p>\n<p><strong>Formateur : Martial Grenon (Formation Sylva)<\/strong><\/p>\n<p><strong>Co\u00fbt : 400 $ (taxes incluses)<\/strong><\/p>\n<p><span class=\"bouton\"><a class=\"btntext\" href=\"https:\/\/www.foretprivee.ca\/regiondequebec\/wp-content\/uploads\/sites\/4\/2026\/04\/Remboursement-Sante-et-securite-en-abattage-manuel-2026.pdf\">Remboursement de 50 % des frais d'inscription si admissible<\/a><\/span><\/p>\n<p><strong>\u00c9quipement de protection individuelle (EPI) obligatoire\u00a0<\/strong><\/p>\n<p><span class=\"bouton\"><a class=\"btntext\" href=\"https:\/\/www.foretprivee.ca\/regiondequebec\/wp-content\/uploads\/sites\/4\/2026\/04\/Liste-des-Equipements-de-securite-2026.pdf\">Liste des \u00e9quipements de protection<\/a><\/span><\/p>\n<p><strong>Inscription par courriel obligatoire, nombre de participants limit\u00e9<\/strong><\/p>\n<p><span class=\"bouton\"><a class=\"btntext\" href=\"mailto:spfrq@spfrq.qc.ca?subject=Inscription%20CNESST%20-%20Abattage%20manuel%202-3%20mai%202026\">Inscription CNESST - Abattage manuel - 2 et 3 mai<\/a><\/span><\/p>\n<p>&nbsp;<\/p>\n<p><img fetchpriority=\"high\" decoding=\"async\" class=\"responsiveImage\" src=\"https:\/\/cdn.cyberimpact.com\/clients\/44690\/public\/b1b9781d-378b-42d2-85a1-f118b6366771\/image\/EPI.jpg?1775759254571\" alt=\"\" width=\"176\" height=\"302\" border=\"0\" data-width=\"176\" data-height=\"127\" data-force-suggested-dimensions=\"false\" \/><\/p>\n<p>&nbsp;<\/p>\n<\/div>\n<\/td>\n<\/tr>\n<\/tbody>\n<\/table>\n<\/td>\n<\/tr>\n<\/tbody>\n<\/table>\n<\/div>\n<\/div>\n<\/div>\n<\/div>\n<\/div>\n                                        <\/div>\n                                        <div class=\"event-count\">\n                                            1 \/ 1                                        <\/div>\n                                    <\/div>\n                                <\/div>\n                                                    <\/div>\n                    <\/div>\n                <\/div>\n            <\/div>\n                    <div class=\"sidebar calendar-sidebar col-40\">\n    <div class=\"d-lg-none sidebar-toggle\">\n        <div class=\"toggle-button\">\n            <i class=\"chevron-right\"><\/i>\n            Liste des \u00e9v\u00e9nements        <\/div>\n    <\/div>\n    <div class=\"calendar-inner-sidebar\">\n                    <h3 class=\"underline\">Liste des \u00e9v\u00e9nements<\/h3>\n            <div class=\"current-date\">avril 2026<\/div>\n            <div class=\"events\">\n                                                                                                                                                                                                                                                                                                                                                                                                                                                                                                                                                                                                                                                                                                                                                                                                                                                                                                                                                                                                                                                                                                                                                                                                                                                                                                                                                                                                                                                                                                                                                                                                                                                                                                                                                                                                                                                                                                                                                                                                                                                                                                                                                                                            <div class=\"event assemblees\">\n                                                    <div class=\"date-time\">\n                                                        <div class=\"legend-item\">\n                                                                                                                        <span class=\"legend-color\" style=\"background-color: #a2ecff \"><\/span>\n                                                        <\/div>\n                                                        Le 28 avril de 9 h 00 \u00e0 11 h 00                                                    <\/div>\n                                                                                                            <span>Assembl\u00e9e g\u00e9n\u00e9rale annuelle du Plan conjoint des producteurs de bois de la r\u00e9gion de Qu\u00e9bec<\/span>\n                                                                                                                                                            <div class=\"location\">\n                                                        <a href=\"https:\/\/www.google.ca\/maps\/place\/H%C3%B4tel+Travelodge+Qu%C3%A9bec+%3A+3125%2C+boulevard+Hochelaga+Qu%C3%A9bec+%28Qu%C3%A9bec%29+G1V+4A8\" target=\"_blank\" title=\"Voir sur Google Maps\">\n                                                            H\u00f4tel Travelodge Qu\u00e9bec : 3125, boulevard Hochelaga Qu\u00e9bec (Qu\u00e9bec) G1V 4A8                                                        <\/a>\n                                                    <\/div>\n                                                    <div class=\"link\">\n                                                        <a class=\"button dark\" data-toggle=\"modal\" data-target=\"#1777334400\" data-index=\"0\">Voir l'\u00e9v\u00e9nement<\/a>\n                                                    <\/div>\n                                                <\/div>\n                                                                                                                                                                                                                                                                                                                                                                                                                                <div class=\"event assemblees\">\n                                                    <div class=\"date-time\">\n                                                        <div class=\"legend-item\">\n                                                                                                                        <span class=\"legend-color\" style=\"background-color: #a2ecff \"><\/span>\n                                                        <\/div>\n                                                        Le 28 avril de 11 h 00 \u00e0 16 h 00                                                    <\/div>\n                                                                                                            <span>Assembl\u00e9e g\u00e9n\u00e9rale annuelle du Syndicat des propri\u00e9taires forestiers de la r\u00e9gion de Qu\u00e9bec<\/span>\n                                                                                                                                                            <div class=\"location\">\n                                                        <a href=\"https:\/\/www.google.ca\/maps\/place\/H%C3%B4tel+Travelodge+Qu%C3%A9bec+%3A+3125%2C+boulevard+Hochelaga+Qu%C3%A9bec+%28Qu%C3%A9bec%29+G1V+4A8\" target=\"_blank\" title=\"Voir sur Google Maps\">\n                                                            H\u00f4tel Travelodge Qu\u00e9bec : 3125, boulevard Hochelaga Qu\u00e9bec (Qu\u00e9bec) G1V 4A8                                                        <\/a>\n                                                    <\/div>\n                                                    <div class=\"link\">\n                                                        <a class=\"button dark\" data-toggle=\"modal\" data-target=\"#1777334400\" data-index=\"1\">Voir l'\u00e9v\u00e9nement<\/a>\n                                                    <\/div>\n                                                <\/div>\n                                                                                                                                                                                                                                                                                                                                                                                                                                                                                                                                                                                                                                                                                                            <div class=\"event formations\">\n                                                    <div class=\"date-time\">\n                                                        <div class=\"legend-item\">\n                                                                                                                        <span class=\"legend-color\" style=\"background-color: #c9e8dc \"><\/span>\n                                                        <\/div>\n                                                        Du 2 mai au 3 mai de 8 h 00 \u00e0 17 h 00                                                    <\/div>\n                                                                                                            <span>Sant\u00e9 et s\u00e9curit\u00e9 en abattage manuel de 16 heures - CNESST<\/span>\n                                                                                                                                                            <div class=\"location\">\n                                                        <a href=\"https:\/\/www.google.ca\/maps\/place\/Saint-Agapit\" target=\"_blank\" title=\"Voir sur Google Maps\">\n                                                            Saint-Agapit                                                        <\/a>\n                                                    <\/div>\n                                                    <div class=\"link\">\n                                                        <a class=\"button dark\" data-toggle=\"modal\" data-target=\"#1777680000\" data-index=\"0\">Voir l'\u00e9v\u00e9nement<\/a>\n                                                    <\/div>\n                                                <\/div>\n                                                                                                                                                                                                                                                                                                            <\/div>\n                        <\/div>\n<\/div>\n    <\/div>\n    \n<\/div>\n\n<script type=\"text\/javascript\">\n    var apiUrl = \"https:\/\/www.foretprivee.ca\/regiondequebec\";\n<\/script>\n\t\t\t\t<\/div>\n\t\t\t\t<\/div>\n\t\t\t\t\t<\/div>\n\t\t<\/div>\n\t\t\t\t\t<\/div>\n\t\t<\/section>\n\t\t\t\t<\/div>\n\t\t","protected":false},"excerpt":{"rendered":"<p>.png-calendar .sk-cube-grid .sk-cube { background-color: #c9e8dc !important; } .png-calendar .calendar .week .day:nth-child(7n), .png-calendar .calendar .week .day:nth-child(7n + 1) { border: 1px solid rgba(255, 255, 255, 0.4) !important; background-color: rgba(255, 255, 255, 0.4) !important; } .png-calendar .calendar .week .day:nth-child(7n).inactive, .png-calendar .calendar .week .day:nth-child(7n + 1).inactive { border: 1px solid rgba(255, 255, 255, 0.2) !important; background-color: rgba(255, &hellip; <\/p>\n<p class=\"link-more\"><a href=\"https:\/\/www.foretprivee.ca\/regiondequebec\/mes-communications\/calendrier-des-activites\/\" class=\"more-link\">Lire la suite<\/a><\/p>\n","protected":false},"author":1,"featured_media":0,"parent":38,"menu_order":0,"comment_status":"closed","ping_status":"closed","template":"","meta":{"_acf_changed":false,"footnotes":""},"class_list":["post-34","page","type-page","status-publish","hentry"],"acf":[],"_links":{"self":[{"href":"https:\/\/www.foretprivee.ca\/regiondequebec\/wp-json\/wp\/v2\/pages\/34","targetHints":{"allow":["GET"]}}],"collection":[{"href":"https:\/\/www.foretprivee.ca\/regiondequebec\/wp-json\/wp\/v2\/pages"}],"about":[{"href":"https:\/\/www.foretprivee.ca\/regiondequebec\/wp-json\/wp\/v2\/types\/page"}],"author":[{"embeddable":true,"href":"https:\/\/www.foretprivee.ca\/regiondequebec\/wp-json\/wp\/v2\/users\/1"}],"replies":[{"embeddable":true,"href":"https:\/\/www.foretprivee.ca\/regiondequebec\/wp-json\/wp\/v2\/comments?post=34"}],"version-history":[{"count":0,"href":"https:\/\/www.foretprivee.ca\/regiondequebec\/wp-json\/wp\/v2\/pages\/34\/revisions"}],"up":[{"embeddable":true,"href":"https:\/\/www.foretprivee.ca\/regiondequebec\/wp-json\/wp\/v2\/pages\/38"}],"wp:attachment":[{"href":"https:\/\/www.foretprivee.ca\/regiondequebec\/wp-json\/wp\/v2\/media?parent=34"}],"curies":[{"name":"wp","href":"https:\/\/api.w.org\/{rel}","templated":true}]}}