{"id":36,"date":"2018-12-13T20:22:44","date_gmt":"2018-12-13T20:22:44","guid":{"rendered":"https:\/\/www.foretprivee.ca\/regiondequebec\/?page_id=36"},"modified":"2025-12-18T17:04:37","modified_gmt":"2025-12-18T17:04:37","slug":"documents-et-outils","status":"publish","type":"page","link":"https:\/\/www.foretprivee.ca\/regiondequebec\/mes-services\/documents-et-outils\/","title":{"rendered":"Documents et outils"},"content":{"rendered":"\t\t<div data-elementor-type=\"wp-post\" data-elementor-id=\"36\" class=\"elementor elementor-36\" data-elementor-post-type=\"page\">\n\t\t\t\t\t\t<section class=\"elementor-section elementor-top-section elementor-element elementor-element-2b13819 elementor-section-boxed elementor-section-height-default elementor-section-height-default\" data-id=\"2b13819\" data-element_type=\"section\" data-e-type=\"section\">\n\t\t\t\t\t\t<div class=\"elementor-container elementor-column-gap-default\">\n\t\t\t\t\t<div class=\"elementor-column elementor-col-66 elementor-top-column elementor-element elementor-element-dbd8d9d\" data-id=\"dbd8d9d\" data-element_type=\"column\" data-e-type=\"column\">\n\t\t\t<div class=\"elementor-widget-wrap elementor-element-populated\">\n\t\t\t\t\t\t<div class=\"elementor-element elementor-element-47dafc9 elementor-widget elementor-widget-text-editor\" data-id=\"47dafc9\" data-element_type=\"widget\" data-e-type=\"widget\" data-widget_type=\"text-editor.default\">\n\t\t\t\t<div class=\"elementor-widget-container\">\n\t\t\t\t\t\t\t\t\t<h4>D\u00e9cisions de la RMAAQ<\/h4>\t\t\t\t\t\t\t\t<\/div>\n\t\t\t\t<\/div>\n\t\t\t\t<section class=\"elementor-section elementor-inner-section elementor-element elementor-element-386b71b elementor-section-boxed elementor-section-height-default elementor-section-height-default\" data-id=\"386b71b\" data-element_type=\"section\" data-e-type=\"section\">\n\t\t\t\t\t\t<div class=\"elementor-container elementor-column-gap-default\">\n\t\t\t\t\t<div class=\"elementor-column elementor-col-50 elementor-inner-column elementor-element elementor-element-071dd8f\" data-id=\"071dd8f\" data-element_type=\"column\" data-e-type=\"column\">\n\t\t\t<div class=\"elementor-widget-wrap elementor-element-populated\">\n\t\t\t\t\t\t<div class=\"elementor-element elementor-element-abe10a1 elementor-widget elementor-widget-pdf-downloader\" data-id=\"abe10a1\" data-element_type=\"widget\" data-e-type=\"widget\" data-widget_type=\"pdf-downloader.default\">\n\t\t\t\t<div class=\"elementor-widget-container\">\n\t\t\t\t\t\t\t<div class=\"penega-pdf-repeater-container\">\n\t\t\t<ul>\n\t            \t\t\t\t\t<a href=\"https:\/\/services.rmaaq.gouv.qc.ca\/DocuCentre\/Decision\/2023\/12329.pdf\" target=\"_blank\">\n\t                \t<li>\n                            <div class=\"pdf-text-box\">\n                                D\u00e9cision 12329                            <\/div>\n                            <div class=\"pdf-icone-box\">\n                                <img decoding=\"async\" data-src=\"\/wp-content\/themes\/penega\/assets\/images\/icone-pdf-downloader.png\" src=\"data:image\/svg+xml;base64,PHN2ZyB3aWR0aD0iMSIgaGVpZ2h0PSIxIiB4bWxucz0iaHR0cDovL3d3dy53My5vcmcvMjAwMC9zdmciPjwvc3ZnPg==\" class=\"lazyload\">\n                            <\/div>\n                \t\t<\/li>\n\t\t\t\t\t<\/a>\n\t                \t\t\t\t\t<a href=\"https:\/\/services.rmaaq.gouv.qc.ca\/\/DocuCentre\/Decision\/2021\/12038.pdf\" target=\"_blank\">\n\t                \t<li>\n                            <div class=\"pdf-text-box\">\n                                D\u00e9cision 12038                            <\/div>\n                            <div class=\"pdf-icone-box\">\n                                <img decoding=\"async\" data-src=\"\/wp-content\/themes\/penega\/assets\/images\/icone-pdf-downloader.png\" src=\"data:image\/svg+xml;base64,PHN2ZyB3aWR0aD0iMSIgaGVpZ2h0PSIxIiB4bWxucz0iaHR0cDovL3d3dy53My5vcmcvMjAwMC9zdmciPjwvc3ZnPg==\" class=\"lazyload\">\n                            <\/div>\n                \t\t<\/li>\n\t\t\t\t\t<\/a>\n\t                \t        <\/ul>\n\t\t<\/div>\n\t\t\t\t\t\t<\/div>\n\t\t\t\t<\/div>\n\t\t\t\t\t<\/div>\n\t\t<\/div>\n\t\t\t\t<div class=\"elementor-column elementor-col-50 elementor-inner-column elementor-element elementor-element-234b5b3\" data-id=\"234b5b3\" data-element_type=\"column\" data-e-type=\"column\">\n\t\t\t<div class=\"elementor-widget-wrap elementor-element-populated\">\n\t\t\t\t\t\t<div class=\"elementor-element elementor-element-54b3d54 elementor-widget elementor-widget-pdf-downloader\" data-id=\"54b3d54\" data-element_type=\"widget\" data-e-type=\"widget\" data-widget_type=\"pdf-downloader.default\">\n\t\t\t\t<div class=\"elementor-widget-container\">\n\t\t\t\t\t\t\t<div class=\"penega-pdf-repeater-container\">\n\t\t\t<ul>\n\t            \t\t\t\t\t<a href=\"https:\/\/www.foretprivee.ca\/regiondequebec\/wp-content\/uploads\/sites\/4\/2023\/02\/Suivi-resolution-adoptee-sciage-Decision-RMAAQ-12329.pdf\" target=\"_blank\">\n\t                \t<li>\n                            <div class=\"pdf-text-box\">\n                                Suivi demande des producteurs de bois de la r\u00e9gion de Qu\u00e9bec pour la n\u00e9gociation collective des bois de sciage                            <\/div>\n                            <div class=\"pdf-icone-box\">\n                                <img decoding=\"async\" data-src=\"\/wp-content\/themes\/penega\/assets\/images\/icone-pdf-downloader.png\" src=\"data:image\/svg+xml;base64,PHN2ZyB3aWR0aD0iMSIgaGVpZ2h0PSIxIiB4bWxucz0iaHR0cDovL3d3dy53My5vcmcvMjAwMC9zdmciPjwvc3ZnPg==\" class=\"lazyload\">\n                            <\/div>\n                \t\t<\/li>\n\t\t\t\t\t<\/a>\n\t                \t        <\/ul>\n\t\t<\/div>\n\t\t\t\t\t\t<\/div>\n\t\t\t\t<\/div>\n\t\t\t\t\t<\/div>\n\t\t<\/div>\n\t\t\t\t\t<\/div>\n\t\t<\/section>\n\t\t\t\t<div class=\"elementor-element elementor-element-12853ff elementor-widget elementor-widget-text-editor\" data-id=\"12853ff\" data-element_type=\"widget\" data-e-type=\"widget\" data-widget_type=\"text-editor.default\">\n\t\t\t\t<div class=\"elementor-widget-container\">\n\t\t\t\t\t\t\t\t\t<h4>\u00c9valuation p\u00e9riodique RMAAQ<\/h4>\t\t\t\t\t\t\t\t<\/div>\n\t\t\t\t<\/div>\n\t\t\t\t<section class=\"elementor-section elementor-inner-section elementor-element elementor-element-ed9481f elementor-section-boxed elementor-section-height-default elementor-section-height-default\" data-id=\"ed9481f\" data-element_type=\"section\" data-e-type=\"section\">\n\t\t\t\t\t\t<div class=\"elementor-container elementor-column-gap-default\">\n\t\t\t\t\t<div class=\"elementor-column elementor-col-50 elementor-inner-column elementor-element elementor-element-f87f567\" data-id=\"f87f567\" data-element_type=\"column\" data-e-type=\"column\">\n\t\t\t<div class=\"elementor-widget-wrap elementor-element-populated\">\n\t\t\t\t\t\t<div class=\"elementor-element elementor-element-0bc9b68 elementor-widget elementor-widget-pdf-downloader\" data-id=\"0bc9b68\" data-element_type=\"widget\" data-e-type=\"widget\" data-widget_type=\"pdf-downloader.default\">\n\t\t\t\t<div class=\"elementor-widget-container\">\n\t\t\t\t\t\t\t<div class=\"penega-pdf-repeater-container\">\n\t\t\t<ul>\n\t            \t\t\t\t\t<a href=\"https:\/\/www.foretprivee.ca\/regiondequebec\/wp-content\/uploads\/sites\/4\/2023\/11\/Rapport-devaluation-periodique-2018-2022-SPFRQ.pdf\" target=\"_blank\">\n\t                \t<li>\n                            <div class=\"pdf-text-box\">\n                                M\u00e9moire du SPFRQ pour la p\u00e9riode 2018-2022                            <\/div>\n                            <div class=\"pdf-icone-box\">\n                                <img decoding=\"async\" data-src=\"\/wp-content\/themes\/penega\/assets\/images\/icone-pdf-downloader.png\" src=\"data:image\/svg+xml;base64,PHN2ZyB3aWR0aD0iMSIgaGVpZ2h0PSIxIiB4bWxucz0iaHR0cDovL3d3dy53My5vcmcvMjAwMC9zdmciPjwvc3ZnPg==\" class=\"lazyload\">\n                            <\/div>\n                \t\t<\/li>\n\t\t\t\t\t<\/a>\n\t                \t        <\/ul>\n\t\t<\/div>\n\t\t\t\t\t\t<\/div>\n\t\t\t\t<\/div>\n\t\t\t\t\t<\/div>\n\t\t<\/div>\n\t\t\t\t<div class=\"elementor-column elementor-col-50 elementor-inner-column elementor-element elementor-element-bb20a75\" data-id=\"bb20a75\" data-element_type=\"column\" data-e-type=\"column\">\n\t\t\t<div class=\"elementor-widget-wrap elementor-element-populated\">\n\t\t\t\t\t\t<div class=\"elementor-element elementor-element-623bf24 elementor-widget elementor-widget-pdf-downloader\" data-id=\"623bf24\" data-element_type=\"widget\" data-e-type=\"widget\" data-widget_type=\"pdf-downloader.default\">\n\t\t\t\t<div class=\"elementor-widget-container\">\n\t\t\t\t\t\t\t<div class=\"penega-pdf-repeater-container\">\n\t\t\t<ul>\n\t            \t\t\t\t\t<a href=\"https:\/\/services.rmaaq.gouv.qc.ca\/DocuCentre\/EvalPerio\/2024\/050-20-02_Rapport_evaluation_periodique_SPFRQ_20240522_et_annexes.pdf\" target=\"_blank\">\n\t                \t<li>\n                            <div class=\"pdf-text-box\">\n                                RAPPORT D\u2019\u00c9VALUATION P\u00c9RIODIQUE Plan conjoint des producteurs de bois de la r\u00e9gion de Qu\u00e9bec pour la p\u00e9riode 2018-2022                            <\/div>\n                            <div class=\"pdf-icone-box\">\n                                <img decoding=\"async\" data-src=\"\/wp-content\/themes\/penega\/assets\/images\/icone-pdf-downloader.png\" src=\"data:image\/svg+xml;base64,PHN2ZyB3aWR0aD0iMSIgaGVpZ2h0PSIxIiB4bWxucz0iaHR0cDovL3d3dy53My5vcmcvMjAwMC9zdmciPjwvc3ZnPg==\" class=\"lazyload\">\n                            <\/div>\n                \t\t<\/li>\n\t\t\t\t\t<\/a>\n\t                \t        <\/ul>\n\t\t<\/div>\n\t\t\t\t\t\t<\/div>\n\t\t\t\t<\/div>\n\t\t\t\t\t<\/div>\n\t\t<\/div>\n\t\t\t\t\t<\/div>\n\t\t<\/section>\n\t\t\t\t<div class=\"elementor-element elementor-element-9576f0e elementor-widget elementor-widget-text-editor\" data-id=\"9576f0e\" data-element_type=\"widget\" data-e-type=\"widget\" data-widget_type=\"text-editor.default\">\n\t\t\t\t<div class=\"elementor-widget-container\">\n\t\t\t\t\t\t\t\t\t<h4>Documents du Syndicat<\/h4>\t\t\t\t\t\t\t\t<\/div>\n\t\t\t\t<\/div>\n\t\t\t\t<section class=\"elementor-section elementor-inner-section elementor-element elementor-element-88616e6 elementor-section-boxed elementor-section-height-default elementor-section-height-default\" data-id=\"88616e6\" data-element_type=\"section\" data-e-type=\"section\">\n\t\t\t\t\t\t<div class=\"elementor-container elementor-column-gap-default\">\n\t\t\t\t\t<div class=\"elementor-column elementor-col-50 elementor-inner-column elementor-element elementor-element-b77ab9d\" data-id=\"b77ab9d\" data-element_type=\"column\" data-e-type=\"column\">\n\t\t\t<div class=\"elementor-widget-wrap elementor-element-populated\">\n\t\t\t\t\t\t<div class=\"elementor-element elementor-element-448b734 elementor-widget elementor-widget-pdf-downloader\" data-id=\"448b734\" data-element_type=\"widget\" data-e-type=\"widget\" data-widget_type=\"pdf-downloader.default\">\n\t\t\t\t<div class=\"elementor-widget-container\">\n\t\t\t\t\t\t\t<div class=\"penega-pdf-repeater-container\">\n\t\t\t<ul>\n\t            \t\t\t\t\t<a href=\"https:\/\/www.foretprivee.ca\/regiondequebec\/wp-content\/uploads\/sites\/4\/2022\/01\/Formulaire-dadhesion-2022.pdf\" target=\"_blank\">\n\t                \t<li>\n                            <div class=\"pdf-text-box\">\n                                Adh\u00e9sion au Syndicat (formulaire)                            <\/div>\n                            <div class=\"pdf-icone-box\">\n                                <img decoding=\"async\" data-src=\"\/wp-content\/themes\/penega\/assets\/images\/icone-pdf-downloader.png\" src=\"data:image\/svg+xml;base64,PHN2ZyB3aWR0aD0iMSIgaGVpZ2h0PSIxIiB4bWxucz0iaHR0cDovL3d3dy53My5vcmcvMjAwMC9zdmciPjwvc3ZnPg==\" class=\"lazyload\">\n                            <\/div>\n                \t\t<\/li>\n\t\t\t\t\t<\/a>\n\t                \t\t\t\t\t<a href=\"https:\/\/www.foretprivee.ca\/wp-content\/uploads\/2022\/07\/Contrat-de-recolte-de-bois_contrat-2022_avec-champs.pdf\" target=\"_blank\">\n\t                \t<li>\n                            <div class=\"pdf-text-box\">\n                                Contrat de r\u00e9colte de bois et de vente de droit de coupe                            <\/div>\n                            <div class=\"pdf-icone-box\">\n                                <img decoding=\"async\" data-src=\"\/wp-content\/themes\/penega\/assets\/images\/icone-pdf-downloader.png\" src=\"data:image\/svg+xml;base64,PHN2ZyB3aWR0aD0iMSIgaGVpZ2h0PSIxIiB4bWxucz0iaHR0cDovL3d3dy53My5vcmcvMjAwMC9zdmciPjwvc3ZnPg==\" class=\"lazyload\">\n                            <\/div>\n                \t\t<\/li>\n\t\t\t\t\t<\/a>\n\t                \t\t\t\t\t<a href=\"https:\/\/www.foretprivee.ca\/regiondequebec\/wp-content\/uploads\/sites\/4\/2022\/09\/Guide_des_Saines_Pratiques_2022-WEB.pdf\" target=\"_blank\">\n\t                \t<li>\n                            <div class=\"pdf-text-box\">\n                                Guide terrain: Saines pratiques d\u2019intervention en for\u00eat priv\u00e9e \u2013 5e \u00e9dition r\u00e9vis\u00e9e                            <\/div>\n                            <div class=\"pdf-icone-box\">\n                                <img decoding=\"async\" data-src=\"\/wp-content\/themes\/penega\/assets\/images\/icone-pdf-downloader.png\" src=\"data:image\/svg+xml;base64,PHN2ZyB3aWR0aD0iMSIgaGVpZ2h0PSIxIiB4bWxucz0iaHR0cDovL3d3dy53My5vcmcvMjAwMC9zdmciPjwvc3ZnPg==\" class=\"lazyload\">\n                            <\/div>\n                \t\t<\/li>\n\t\t\t\t\t<\/a>\n\t                \t\t\t\t\t<a href=\"http:\/\/www.foretprivee.ca\/regiondequebec\/wp-content\/uploads\/sites\/4\/2019\/01\/Guide_accueil.pdf\" target=\"_blank\">\n\t                \t<li>\n                            <div class=\"pdf-text-box\">\n                                Guide du propri\u00e9taire forestier <em>2<sup>e<\/sup> \u00e9dition<\/em>                            <\/div>\n                            <div class=\"pdf-icone-box\">\n                                <img decoding=\"async\" data-src=\"\/wp-content\/themes\/penega\/assets\/images\/icone-pdf-downloader.png\" src=\"data:image\/svg+xml;base64,PHN2ZyB3aWR0aD0iMSIgaGVpZ2h0PSIxIiB4bWxucz0iaHR0cDovL3d3dy53My5vcmcvMjAwMC9zdmciPjwvc3ZnPg==\" class=\"lazyload\">\n                            <\/div>\n                \t\t<\/li>\n\t\t\t\t\t<\/a>\n\t                \t        <\/ul>\n\t\t<\/div>\n\t\t\t\t\t\t<\/div>\n\t\t\t\t<\/div>\n\t\t\t\t\t<\/div>\n\t\t<\/div>\n\t\t\t\t<div class=\"elementor-column elementor-col-50 elementor-inner-column elementor-element elementor-element-1e51644\" data-id=\"1e51644\" data-element_type=\"column\" data-e-type=\"column\">\n\t\t\t<div class=\"elementor-widget-wrap elementor-element-populated\">\n\t\t\t\t\t\t<div class=\"elementor-element elementor-element-1dae7cc elementor-widget elementor-widget-pdf-downloader\" data-id=\"1dae7cc\" data-element_type=\"widget\" data-e-type=\"widget\" data-widget_type=\"pdf-downloader.default\">\n\t\t\t\t<div class=\"elementor-widget-container\">\n\t\t\t\t\t\t\t<div class=\"penega-pdf-repeater-container\">\n\t\t\t<ul>\n\t            \t\t\t\t\t<a href=\"http:\/\/www.foretprivee.ca\/regiondequebec\/wp-content\/uploads\/sites\/4\/2019\/01\/GuideProprietaireForestier_EvaluationFonciere_WEB.pdf\" target=\"_blank\">\n\t                \t<li>\n                            <div class=\"pdf-text-box\">\n                                Guide du propri\u00e9taire forestier : \u00e9valuation fonci\u00e8re et taxation municipale                            <\/div>\n                            <div class=\"pdf-icone-box\">\n                                <img decoding=\"async\" data-src=\"\/wp-content\/themes\/penega\/assets\/images\/icone-pdf-downloader.png\" src=\"data:image\/svg+xml;base64,PHN2ZyB3aWR0aD0iMSIgaGVpZ2h0PSIxIiB4bWxucz0iaHR0cDovL3d3dy53My5vcmcvMjAwMC9zdmciPjwvc3ZnPg==\" class=\"lazyload\">\n                            <\/div>\n                \t\t<\/li>\n\t\t\t\t\t<\/a>\n\t                \t\t\t\t\t<a href=\"http:\/\/www.foretprivee.ca\/regiondequebec\/wp-content\/uploads\/sites\/4\/2019\/01\/Politique-de-confidentialite.pdf\" target=\"_blank\">\n\t                \t<li>\n                            <div class=\"pdf-text-box\">\n                                Politique de confidentialit\u00e9 du SPFRQ                            <\/div>\n                            <div class=\"pdf-icone-box\">\n                                <img decoding=\"async\" data-src=\"\/wp-content\/themes\/penega\/assets\/images\/icone-pdf-downloader.png\" src=\"data:image\/svg+xml;base64,PHN2ZyB3aWR0aD0iMSIgaGVpZ2h0PSIxIiB4bWxucz0iaHR0cDovL3d3dy53My5vcmcvMjAwMC9zdmciPjwvc3ZnPg==\" class=\"lazyload\">\n                            <\/div>\n                \t\t<\/li>\n\t\t\t\t\t<\/a>\n\t                \t\t\t\t\t<a href=\"http:\/\/www.foretprivee.ca\/regiondequebec\/wp-content\/uploads\/sites\/4\/2019\/01\/Protection_empilements.pdf\" target=\"_blank\">\n\t                \t<li>\n                            <div class=\"pdf-text-box\">\n                                Protection des empilements de bois                            <\/div>\n                            <div class=\"pdf-icone-box\">\n                                <img decoding=\"async\" data-src=\"\/wp-content\/themes\/penega\/assets\/images\/icone-pdf-downloader.png\" src=\"data:image\/svg+xml;base64,PHN2ZyB3aWR0aD0iMSIgaGVpZ2h0PSIxIiB4bWxucz0iaHR0cDovL3d3dy53My5vcmcvMjAwMC9zdmciPjwvc3ZnPg==\" class=\"lazyload\">\n                            <\/div>\n                \t\t<\/li>\n\t\t\t\t\t<\/a>\n\t                \t\t\t\t\t<a href=\"https:\/\/www.foretprivee.ca\/regiondequebec\/wp-content\/uploads\/sites\/4\/2023\/12\/MESURAGE-DES-BOIS-Site-Web.pdf\" target=\"_blank\">\n\t                \t<li>\n                            <div class=\"pdf-text-box\">\n                                Pr\u00e9sentation du SPFRQ sur le mesurage des bois                            <\/div>\n                            <div class=\"pdf-icone-box\">\n                                <img decoding=\"async\" data-src=\"\/wp-content\/themes\/penega\/assets\/images\/icone-pdf-downloader.png\" src=\"data:image\/svg+xml;base64,PHN2ZyB3aWR0aD0iMSIgaGVpZ2h0PSIxIiB4bWxucz0iaHR0cDovL3d3dy53My5vcmcvMjAwMC9zdmciPjwvc3ZnPg==\" class=\"lazyload\">\n                            <\/div>\n                \t\t<\/li>\n\t\t\t\t\t<\/a>\n\t                \t\t\t\t\t<a href=\"https:\/\/www.foretprivee.ca\/etudes\/mettre-a-profit-la-categorie-des-immeubles-forestiers\/\" target=\"_blank\">\n\t                \t<li>\n                            <div class=\"pdf-text-box\">\n                                \u00c9tude - Mettre \u00e0 profit la cat\u00e9gorie des immeubles forestiers                            <\/div>\n                            <div class=\"pdf-icone-box\">\n                                <img decoding=\"async\" data-src=\"\/wp-content\/themes\/penega\/assets\/images\/icone-pdf-downloader.png\" src=\"data:image\/svg+xml;base64,PHN2ZyB3aWR0aD0iMSIgaGVpZ2h0PSIxIiB4bWxucz0iaHR0cDovL3d3dy53My5vcmcvMjAwMC9zdmciPjwvc3ZnPg==\" class=\"lazyload\">\n                            <\/div>\n                \t\t<\/li>\n\t\t\t\t\t<\/a>\n\t                \t        <\/ul>\n\t\t<\/div>\n\t\t\t\t\t\t<\/div>\n\t\t\t\t<\/div>\n\t\t\t\t\t<\/div>\n\t\t<\/div>\n\t\t\t\t\t<\/div>\n\t\t<\/section>\n\t\t\t\t<div class=\"elementor-element elementor-element-c39afd1 elementor-widget elementor-widget-text-editor\" data-id=\"c39afd1\" data-element_type=\"widget\" data-e-type=\"widget\" data-widget_type=\"text-editor.default\">\n\t\t\t\t<div class=\"elementor-widget-container\">\n\t\t\t\t\t\t\t\t\t<h4>Fiscalit\u00e9 foresti\u00e8re<\/h4>\t\t\t\t\t\t\t\t<\/div>\n\t\t\t\t<\/div>\n\t\t\t\t<section class=\"elementor-section elementor-inner-section elementor-element elementor-element-76df893 elementor-section-boxed elementor-section-height-default elementor-section-height-default\" data-id=\"76df893\" data-element_type=\"section\" data-e-type=\"section\">\n\t\t\t\t\t\t<div class=\"elementor-container elementor-column-gap-default\">\n\t\t\t\t\t<div class=\"elementor-column elementor-col-50 elementor-inner-column elementor-element elementor-element-1fde633\" data-id=\"1fde633\" data-element_type=\"column\" data-e-type=\"column\">\n\t\t\t<div class=\"elementor-widget-wrap elementor-element-populated\">\n\t\t\t\t\t\t<div class=\"elementor-element elementor-element-9995f7e elementor-widget elementor-widget-pdf-downloader\" data-id=\"9995f7e\" data-element_type=\"widget\" data-e-type=\"widget\" data-widget_type=\"pdf-downloader.default\">\n\t\t\t\t<div class=\"elementor-widget-container\">\n\t\t\t\t\t\t\t<div class=\"penega-pdf-repeater-container\">\n\t\t\t<ul>\n\t            \t\t\t\t\t<a href=\"http:\/\/www.foretprivee.ca\/regiondequebec\/wp-content\/uploads\/sites\/4\/2019\/01\/Allocation_pour_epuisement.pdf\" target=\"_blank\">\n\t                \t<li>\n                            <div class=\"pdf-text-box\">\n                                Allocation pour \u00e9puisement                            <\/div>\n                            <div class=\"pdf-icone-box\">\n                                <img decoding=\"async\" data-src=\"\/wp-content\/themes\/penega\/assets\/images\/icone-pdf-downloader.png\" src=\"data:image\/svg+xml;base64,PHN2ZyB3aWR0aD0iMSIgaGVpZ2h0PSIxIiB4bWxucz0iaHR0cDovL3d3dy53My5vcmcvMjAwMC9zdmciPjwvc3ZnPg==\" class=\"lazyload\">\n                            <\/div>\n                \t\t<\/li>\n\t\t\t\t\t<\/a>\n\t                \t\t\t\t\t<a href=\"http:\/\/www.foretprivee.ca\/regiondequebec\/wp-content\/uploads\/sites\/4\/2021\/12\/Etalement_revenu-2021.pdf\" target=\"_blank\">\n\t                \t<li>\n                            <div class=\"pdf-text-box\">\n                                \u00c9talement du revenu                            <\/div>\n                            <div class=\"pdf-icone-box\">\n                                <img decoding=\"async\" data-src=\"\/wp-content\/themes\/penega\/assets\/images\/icone-pdf-downloader.png\" src=\"data:image\/svg+xml;base64,PHN2ZyB3aWR0aD0iMSIgaGVpZ2h0PSIxIiB4bWxucz0iaHR0cDovL3d3dy53My5vcmcvMjAwMC9zdmciPjwvc3ZnPg==\" class=\"lazyload\">\n                            <\/div>\n                \t\t<\/li>\n\t\t\t\t\t<\/a>\n\t                \t\t\t\t\t<a href=\"http:\/\/www.foretprivee.ca\/regiondequebec\/wp-content\/uploads\/sites\/4\/2019\/01\/Inscription_TPS_et_TVQ.pdf\" target=\"_blank\">\n\t                \t<li>\n                            <div class=\"pdf-text-box\">\n                                Inscription \u00e0 la TPS et \u00e0 la TVQ                            <\/div>\n                            <div class=\"pdf-icone-box\">\n                                <img decoding=\"async\" data-src=\"\/wp-content\/themes\/penega\/assets\/images\/icone-pdf-downloader.png\" src=\"data:image\/svg+xml;base64,PHN2ZyB3aWR0aD0iMSIgaGVpZ2h0PSIxIiB4bWxucz0iaHR0cDovL3d3dy53My5vcmcvMjAwMC9zdmciPjwvc3ZnPg==\" class=\"lazyload\">\n                            <\/div>\n                \t\t<\/li>\n\t\t\t\t\t<\/a>\n\t                \t\t\t\t\t<a href=\"http:\/\/www.foretprivee.ca\/regiondequebec\/wp-content\/uploads\/sites\/4\/2019\/01\/deductions-fiscales-16112017.pdf\" target=\"_blank\">\n\t                \t<li>\n                            <div class=\"pdf-text-box\">\n                                Profitez des d\u00e9ductions auxquelles vous avez droit!                            <\/div>\n                            <div class=\"pdf-icone-box\">\n                                <img decoding=\"async\" data-src=\"\/wp-content\/themes\/penega\/assets\/images\/icone-pdf-downloader.png\" src=\"data:image\/svg+xml;base64,PHN2ZyB3aWR0aD0iMSIgaGVpZ2h0PSIxIiB4bWxucz0iaHR0cDovL3d3dy53My5vcmcvMjAwMC9zdmciPjwvc3ZnPg==\" class=\"lazyload\">\n                            <\/div>\n                \t\t<\/li>\n\t\t\t\t\t<\/a>\n\t                \t        <\/ul>\n\t\t<\/div>\n\t\t\t\t\t\t<\/div>\n\t\t\t\t<\/div>\n\t\t\t\t\t<\/div>\n\t\t<\/div>\n\t\t\t\t<div class=\"elementor-column elementor-col-50 elementor-inner-column elementor-element elementor-element-549f987\" data-id=\"549f987\" data-element_type=\"column\" data-e-type=\"column\">\n\t\t\t<div class=\"elementor-widget-wrap elementor-element-populated\">\n\t\t\t\t\t\t<div class=\"elementor-element elementor-element-70aaf9a elementor-widget elementor-widget-pdf-downloader\" data-id=\"70aaf9a\" data-element_type=\"widget\" data-e-type=\"widget\" data-widget_type=\"pdf-downloader.default\">\n\t\t\t\t<div class=\"elementor-widget-container\">\n\t\t\t\t\t\t\t<div class=\"penega-pdf-repeater-container\">\n\t\t\t<ul>\n\t            \t\t\t\t\t<a href=\"https:\/\/www.quebec.ca\/agriculture-environnement-et-ressources-naturelles\/forets\/proprietaires-forets-privees\/aide-financiere\/remboursement-taxes-foncieres\" target=\"_blank\">\n\t                \t<li>\n                            <div class=\"pdf-text-box\">\n                                Programme de remboursement des taxes fonci\u00e8res                            <\/div>\n                            <div class=\"pdf-icone-box\">\n                                <img decoding=\"async\" data-src=\"\/wp-content\/themes\/penega\/assets\/images\/icone-pdf-downloader.png\" src=\"data:image\/svg+xml;base64,PHN2ZyB3aWR0aD0iMSIgaGVpZ2h0PSIxIiB4bWxucz0iaHR0cDovL3d3dy53My5vcmcvMjAwMC9zdmciPjwvc3ZnPg==\" class=\"lazyload\">\n                            <\/div>\n                \t\t<\/li>\n\t\t\t\t\t<\/a>\n\t                \t\t\t\t\t<a href=\"http:\/\/www.foretprivee.ca\/regiondequebec\/wp-content\/uploads\/sites\/4\/2019\/01\/taxe-sur-les-operations-forestieres-2018.pdf\" target=\"_blank\">\n\t                \t<li>\n                            <div class=\"pdf-text-box\">\n                                Taxe sur les op\u00e9rations foresti\u00e8res                            <\/div>\n                            <div class=\"pdf-icone-box\">\n                                <img decoding=\"async\" data-src=\"\/wp-content\/themes\/penega\/assets\/images\/icone-pdf-downloader.png\" src=\"data:image\/svg+xml;base64,PHN2ZyB3aWR0aD0iMSIgaGVpZ2h0PSIxIiB4bWxucz0iaHR0cDovL3d3dy53My5vcmcvMjAwMC9zdmciPjwvc3ZnPg==\" class=\"lazyload\">\n                            <\/div>\n                \t\t<\/li>\n\t\t\t\t\t<\/a>\n\t                \t\t\t\t\t<a href=\"http:\/\/www.foretprivee.ca\/regiondequebec\/wp-content\/uploads\/sites\/4\/2019\/01\/transfert-entre-generations-16112017.pdf\" target=\"_blank\">\n\t                \t<li>\n                            <div class=\"pdf-text-box\">\n                                Transfert des terres foresti\u00e8res entre g\u00e9n\u00e9rations                            <\/div>\n                            <div class=\"pdf-icone-box\">\n                                <img decoding=\"async\" data-src=\"\/wp-content\/themes\/penega\/assets\/images\/icone-pdf-downloader.png\" src=\"data:image\/svg+xml;base64,PHN2ZyB3aWR0aD0iMSIgaGVpZ2h0PSIxIiB4bWxucz0iaHR0cDovL3d3dy53My5vcmcvMjAwMC9zdmciPjwvc3ZnPg==\" class=\"lazyload\">\n                            <\/div>\n                \t\t<\/li>\n\t\t\t\t\t<\/a>\n\t                \t\t\t\t\t<a href=\"http:\/\/www.foretprivee.ca\/regiondequebec\/wp-content\/uploads\/sites\/4\/2019\/01\/CONF\u00c9RENCE-SPFRQ-avril-2017.pdf\" target=\"_blank\">\n\t                \t<li>\n                            <div class=\"pdf-text-box\">\n                                Pr\u00e9sentation sur le transfert d\u2019une propri\u00e9t\u00e9 foresti\u00e8re \u00e0 ses h\u00e9ritiers                            <\/div>\n                            <div class=\"pdf-icone-box\">\n                                <img decoding=\"async\" data-src=\"\/wp-content\/themes\/penega\/assets\/images\/icone-pdf-downloader.png\" src=\"data:image\/svg+xml;base64,PHN2ZyB3aWR0aD0iMSIgaGVpZ2h0PSIxIiB4bWxucz0iaHR0cDovL3d3dy53My5vcmcvMjAwMC9zdmciPjwvc3ZnPg==\" class=\"lazyload\">\n                            <\/div>\n                \t\t<\/li>\n\t\t\t\t\t<\/a>\n\t                \t        <\/ul>\n\t\t<\/div>\n\t\t\t\t\t\t<\/div>\n\t\t\t\t<\/div>\n\t\t\t\t\t<\/div>\n\t\t<\/div>\n\t\t\t\t\t<\/div>\n\t\t<\/section>\n\t\t\t\t<div class=\"elementor-element elementor-element-d687c0e elementor-widget elementor-widget-text-editor\" data-id=\"d687c0e\" data-element_type=\"widget\" data-e-type=\"widget\" data-widget_type=\"text-editor.default\">\n\t\t\t\t<div class=\"elementor-widget-container\">\n\t\t\t\t\t\t\t\t\t<h4>Le cerf de Virginie<\/h4><p><em>Comment faire face aux dommages qu\u2019il peut causer dans la r\u00e9gion de la Chaudi\u00e8re-Appalaches<\/em><\/p>\t\t\t\t\t\t\t\t<\/div>\n\t\t\t\t<\/div>\n\t\t\t\t<section class=\"elementor-section elementor-inner-section elementor-element elementor-element-16f5fd3 elementor-section-boxed elementor-section-height-default elementor-section-height-default\" data-id=\"16f5fd3\" data-element_type=\"section\" data-e-type=\"section\">\n\t\t\t\t\t\t<div class=\"elementor-container elementor-column-gap-default\">\n\t\t\t\t\t<div class=\"elementor-column elementor-col-50 elementor-inner-column elementor-element elementor-element-202ed79\" data-id=\"202ed79\" data-element_type=\"column\" data-e-type=\"column\">\n\t\t\t<div class=\"elementor-widget-wrap elementor-element-populated\">\n\t\t\t\t\t\t<div class=\"elementor-element elementor-element-f74c923 elementor-widget elementor-widget-pdf-downloader\" data-id=\"f74c923\" data-element_type=\"widget\" data-e-type=\"widget\" data-widget_type=\"pdf-downloader.default\">\n\t\t\t\t<div class=\"elementor-widget-container\">\n\t\t\t\t\t\t\t<div class=\"penega-pdf-repeater-container\">\n\t\t\t<ul>\n\t            \t\t\t\t\t<a href=\"http:\/\/www.foretprivee.ca\/regiondequebec\/wp-content\/uploads\/sites\/4\/2019\/01\/Fascicule_1_Habitat.pdf\" target=\"_blank\">\n\t                \t<li>\n                            <div class=\"pdf-text-box\">\n                                Fascicule 1<br>Le cerf de Virginie                              <\/div>\n                            <div class=\"pdf-icone-box\">\n                                <img decoding=\"async\" data-src=\"\/wp-content\/themes\/penega\/assets\/images\/icone-pdf-downloader.png\" src=\"data:image\/svg+xml;base64,PHN2ZyB3aWR0aD0iMSIgaGVpZ2h0PSIxIiB4bWxucz0iaHR0cDovL3d3dy53My5vcmcvMjAwMC9zdmciPjwvc3ZnPg==\" class=\"lazyload\">\n                            <\/div>\n                \t\t<\/li>\n\t\t\t\t\t<\/a>\n\t                \t\t\t\t\t<a href=\"http:\/\/www.foretprivee.ca\/regiondequebec\/wp-content\/uploads\/sites\/4\/2019\/01\/Fascicule_2.pdf\" target=\"_blank\">\n\t                \t<li>\n                            <div class=\"pdf-text-box\">\n                                Fascicule 2<br>Des pratiques qui aident \u00e0 r\u00e9duire les dommages                            <\/div>\n                            <div class=\"pdf-icone-box\">\n                                <img decoding=\"async\" data-src=\"\/wp-content\/themes\/penega\/assets\/images\/icone-pdf-downloader.png\" src=\"data:image\/svg+xml;base64,PHN2ZyB3aWR0aD0iMSIgaGVpZ2h0PSIxIiB4bWxucz0iaHR0cDovL3d3dy53My5vcmcvMjAwMC9zdmciPjwvc3ZnPg==\" class=\"lazyload\">\n                            <\/div>\n                \t\t<\/li>\n\t\t\t\t\t<\/a>\n\t                \t\t\t\t\t<a href=\"http:\/\/www.foretprivee.ca\/regiondequebec\/wp-content\/uploads\/sites\/4\/2019\/01\/Fascicule_3.pdf\" target=\"_blank\">\n\t                \t<li>\n                            <div class=\"pdf-text-box\">\n                                Fascicule 3<br>Des moyens techniques                            <\/div>\n                            <div class=\"pdf-icone-box\">\n                                <img decoding=\"async\" data-src=\"\/wp-content\/themes\/penega\/assets\/images\/icone-pdf-downloader.png\" src=\"data:image\/svg+xml;base64,PHN2ZyB3aWR0aD0iMSIgaGVpZ2h0PSIxIiB4bWxucz0iaHR0cDovL3d3dy53My5vcmcvMjAwMC9zdmciPjwvc3ZnPg==\" class=\"lazyload\">\n                            <\/div>\n                \t\t<\/li>\n\t\t\t\t\t<\/a>\n\t                \t        <\/ul>\n\t\t<\/div>\n\t\t\t\t\t\t<\/div>\n\t\t\t\t<\/div>\n\t\t\t\t\t<\/div>\n\t\t<\/div>\n\t\t\t\t<div class=\"elementor-column elementor-col-50 elementor-inner-column elementor-element elementor-element-ae64c73\" data-id=\"ae64c73\" data-element_type=\"column\" data-e-type=\"column\">\n\t\t\t<div class=\"elementor-widget-wrap elementor-element-populated\">\n\t\t\t\t\t\t<div class=\"elementor-element elementor-element-180c0b3 elementor-widget elementor-widget-pdf-downloader\" data-id=\"180c0b3\" data-element_type=\"widget\" data-e-type=\"widget\" data-widget_type=\"pdf-downloader.default\">\n\t\t\t\t<div class=\"elementor-widget-container\">\n\t\t\t\t\t\t\t<div class=\"penega-pdf-repeater-container\">\n\t\t\t<ul>\n\t            \t\t\t\t\t<a href=\"http:\/\/www.foretprivee.ca\/regiondequebec\/wp-content\/uploads\/sites\/4\/2019\/01\/Fascicule_4.pdf\" target=\"_blank\">\n\t                \t<li>\n                            <div class=\"pdf-text-box\">\n                                Fascicule 4<br>Des pratiques \u00e0 \u00e9viter                            <\/div>\n                            <div class=\"pdf-icone-box\">\n                                <img decoding=\"async\" data-src=\"\/wp-content\/themes\/penega\/assets\/images\/icone-pdf-downloader.png\" src=\"data:image\/svg+xml;base64,PHN2ZyB3aWR0aD0iMSIgaGVpZ2h0PSIxIiB4bWxucz0iaHR0cDovL3d3dy53My5vcmcvMjAwMC9zdmciPjwvc3ZnPg==\" class=\"lazyload\">\n                            <\/div>\n                \t\t<\/li>\n\t\t\t\t\t<\/a>\n\t                \t\t\t\t\t<a href=\"http:\/\/www.foretprivee.ca\/regiondequebec\/wp-content\/uploads\/sites\/4\/2019\/01\/Fascicule_5.pdf\" target=\"_blank\">\n\t                \t<li>\n                            <div class=\"pdf-text-box\">\n                                Fascicule 5<br>Les programmes d\u2019aide financi\u00e8re                            <\/div>\n                            <div class=\"pdf-icone-box\">\n                                <img decoding=\"async\" data-src=\"\/wp-content\/themes\/penega\/assets\/images\/icone-pdf-downloader.png\" src=\"data:image\/svg+xml;base64,PHN2ZyB3aWR0aD0iMSIgaGVpZ2h0PSIxIiB4bWxucz0iaHR0cDovL3d3dy53My5vcmcvMjAwMC9zdmciPjwvc3ZnPg==\" class=\"lazyload\">\n                            <\/div>\n                \t\t<\/li>\n\t\t\t\t\t<\/a>\n\t                \t        <\/ul>\n\t\t<\/div>\n\t\t\t\t\t\t<\/div>\n\t\t\t\t<\/div>\n\t\t\t\t\t<\/div>\n\t\t<\/div>\n\t\t\t\t\t<\/div>\n\t\t<\/section>\n\t\t\t\t<div class=\"elementor-element elementor-element-d7313e5 elementor-widget elementor-widget-text-editor\" data-id=\"d7313e5\" data-element_type=\"widget\" data-e-type=\"widget\" data-widget_type=\"text-editor.default\">\n\t\t\t\t<div class=\"elementor-widget-container\">\n\t\t\t\t\t\t\t\t\t<h4>Fiches de renseignements<\/h4><p>(Initiative strat\u00e9gique sur les bois\u00e9s priv\u00e9s)<\/p>\t\t\t\t\t\t\t\t<\/div>\n\t\t\t\t<\/div>\n\t\t\t\t<section class=\"elementor-section elementor-inner-section elementor-element elementor-element-c475186 elementor-section-boxed elementor-section-height-default elementor-section-height-default\" data-id=\"c475186\" data-element_type=\"section\" data-e-type=\"section\">\n\t\t\t\t\t\t<div class=\"elementor-container elementor-column-gap-default\">\n\t\t\t\t\t<div class=\"elementor-column elementor-col-50 elementor-inner-column elementor-element elementor-element-e0782d9\" data-id=\"e0782d9\" data-element_type=\"column\" data-e-type=\"column\">\n\t\t\t<div class=\"elementor-widget-wrap elementor-element-populated\">\n\t\t\t\t\t\t<div class=\"elementor-element elementor-element-219e8fc elementor-widget elementor-widget-pdf-downloader\" data-id=\"219e8fc\" data-element_type=\"widget\" data-e-type=\"widget\" data-widget_type=\"pdf-downloader.default\">\n\t\t\t\t<div class=\"elementor-widget-container\">\n\t\t\t\t\t\t\t<div class=\"penega-pdf-repeater-container\">\n\t\t\t<ul>\n\t            \t\t\t\t\t<a href=\"http:\/\/www.foretprivee.ca\/regiondequebec\/wp-content\/uploads\/sites\/4\/2019\/01\/f1_forets_familiales.pdf\" target=\"_blank\">\n\t                \t<li>\n                            <div class=\"pdf-text-box\">\n                                Fiche 1 :  Pr\u00e9sentation des for\u00eats familiales canadiennes                            <\/div>\n                            <div class=\"pdf-icone-box\">\n                                <img decoding=\"async\" data-src=\"\/wp-content\/themes\/penega\/assets\/images\/icone-pdf-downloader.png\" src=\"data:image\/svg+xml;base64,PHN2ZyB3aWR0aD0iMSIgaGVpZ2h0PSIxIiB4bWxucz0iaHR0cDovL3d3dy53My5vcmcvMjAwMC9zdmciPjwvc3ZnPg==\" class=\"lazyload\">\n                            <\/div>\n                \t\t<\/li>\n\t\t\t\t\t<\/a>\n\t                \t\t\t\t\t<a href=\"http:\/\/www.foretprivee.ca\/regiondequebec\/wp-content\/uploads\/sites\/4\/2019\/01\/f2_plan_amenagement.pdf\" target=\"_blank\">\n\t                \t<li>\n                            <div class=\"pdf-text-box\">\n                                Fiche 2 :  La valeur d\u2019un plan d\u2019am\u00e9nagement forestier                            <\/div>\n                            <div class=\"pdf-icone-box\">\n                                <img decoding=\"async\" data-src=\"\/wp-content\/themes\/penega\/assets\/images\/icone-pdf-downloader.png\" src=\"data:image\/svg+xml;base64,PHN2ZyB3aWR0aD0iMSIgaGVpZ2h0PSIxIiB4bWxucz0iaHR0cDovL3d3dy53My5vcmcvMjAwMC9zdmciPjwvc3ZnPg==\" class=\"lazyload\">\n                            <\/div>\n                \t\t<\/li>\n\t\t\t\t\t<\/a>\n\t                \t\t\t\t\t<a href=\"http:\/\/www.foretprivee.ca\/regiondequebec\/wp-content\/uploads\/sites\/4\/2019\/01\/f3_conservation_boises.pdf\" target=\"_blank\">\n\t                \t<li>\n                            <div class=\"pdf-text-box\">\n                                Fiche 3 :  Servitudes de conservation des bois\u00e9s exploit\u00e9s                            <\/div>\n                            <div class=\"pdf-icone-box\">\n                                <img decoding=\"async\" data-src=\"\/wp-content\/themes\/penega\/assets\/images\/icone-pdf-downloader.png\" src=\"data:image\/svg+xml;base64,PHN2ZyB3aWR0aD0iMSIgaGVpZ2h0PSIxIiB4bWxucz0iaHR0cDovL3d3dy53My5vcmcvMjAwMC9zdmciPjwvc3ZnPg==\" class=\"lazyload\">\n                            <\/div>\n                \t\t<\/li>\n\t\t\t\t\t<\/a>\n\t                \t\t\t\t\t<a href=\"http:\/\/www.foretprivee.ca\/regiondequebec\/wp-content\/uploads\/sites\/4\/2019\/01\/f4_certification.pdf\" target=\"_blank\">\n\t                \t<li>\n                            <div class=\"pdf-text-box\">\n                                Fiche 4 :  La certification en am\u00e9nagement forestier pour les propri\u00e9taires de bois\u00e9s: Qu\u2019est-ce que c\u2019est?                            <\/div>\n                            <div class=\"pdf-icone-box\">\n                                <img decoding=\"async\" data-src=\"\/wp-content\/themes\/penega\/assets\/images\/icone-pdf-downloader.png\" src=\"data:image\/svg+xml;base64,PHN2ZyB3aWR0aD0iMSIgaGVpZ2h0PSIxIiB4bWxucz0iaHR0cDovL3d3dy53My5vcmcvMjAwMC9zdmciPjwvc3ZnPg==\" class=\"lazyload\">\n                            <\/div>\n                \t\t<\/li>\n\t\t\t\t\t<\/a>\n\t                \t\t\t\t\t<a href=\"http:\/\/www.foretprivee.ca\/regiondequebec\/wp-content\/uploads\/sites\/4\/2019\/01\/f5_especes_menacees.pdf\" target=\"_blank\">\n\t                \t<li>\n                            <div class=\"pdf-text-box\">\n                                Fiche 5 :  Votre bois\u00e9 et les esp\u00e8ces menac\u00e9es                            <\/div>\n                            <div class=\"pdf-icone-box\">\n                                <img decoding=\"async\" data-src=\"\/wp-content\/themes\/penega\/assets\/images\/icone-pdf-downloader.png\" src=\"data:image\/svg+xml;base64,PHN2ZyB3aWR0aD0iMSIgaGVpZ2h0PSIxIiB4bWxucz0iaHR0cDovL3d3dy53My5vcmcvMjAwMC9zdmciPjwvc3ZnPg==\" class=\"lazyload\">\n                            <\/div>\n                \t\t<\/li>\n\t\t\t\t\t<\/a>\n\t                \t\t\t\t\t<a href=\"http:\/\/www.foretprivee.ca\/regiondequebec\/wp-content\/uploads\/sites\/4\/2019\/01\/f6_impot.pdf\" target=\"_blank\">\n\t                \t<li>\n                            <div class=\"pdf-text-box\">\n                                Fiche 6 :  Le bois\u00e9 am\u00e9nag\u00e9 et l\u2019imp\u00f4t \u2013 Gardons-le en famille!                            <\/div>\n                            <div class=\"pdf-icone-box\">\n                                <img decoding=\"async\" data-src=\"\/wp-content\/themes\/penega\/assets\/images\/icone-pdf-downloader.png\" src=\"data:image\/svg+xml;base64,PHN2ZyB3aWR0aD0iMSIgaGVpZ2h0PSIxIiB4bWxucz0iaHR0cDovL3d3dy53My5vcmcvMjAwMC9zdmciPjwvc3ZnPg==\" class=\"lazyload\">\n                            <\/div>\n                \t\t<\/li>\n\t\t\t\t\t<\/a>\n\t                \t\t\t\t\t<a href=\"http:\/\/www.foretprivee.ca\/regiondequebec\/wp-content\/uploads\/sites\/4\/2019\/01\/f7_produitsforestiers_nonligneux.pdf\" target=\"_blank\">\n\t                \t<li>\n                            <div class=\"pdf-text-box\">\n                                Fiche 7 :  Avez-vous cherch\u00e9 du c\u00f4t\u00e9 des produits forestiers non ligneux?                            <\/div>\n                            <div class=\"pdf-icone-box\">\n                                <img decoding=\"async\" data-src=\"\/wp-content\/themes\/penega\/assets\/images\/icone-pdf-downloader.png\" src=\"data:image\/svg+xml;base64,PHN2ZyB3aWR0aD0iMSIgaGVpZ2h0PSIxIiB4bWxucz0iaHR0cDovL3d3dy53My5vcmcvMjAwMC9zdmciPjwvc3ZnPg==\" class=\"lazyload\">\n                            <\/div>\n                \t\t<\/li>\n\t\t\t\t\t<\/a>\n\t                \t        <\/ul>\n\t\t<\/div>\n\t\t\t\t\t\t<\/div>\n\t\t\t\t<\/div>\n\t\t\t\t\t<\/div>\n\t\t<\/div>\n\t\t\t\t<div class=\"elementor-column elementor-col-50 elementor-inner-column elementor-element elementor-element-9c08d97\" data-id=\"9c08d97\" data-element_type=\"column\" data-e-type=\"column\">\n\t\t\t<div class=\"elementor-widget-wrap elementor-element-populated\">\n\t\t\t\t\t\t<div class=\"elementor-element elementor-element-35b56db elementor-widget elementor-widget-pdf-downloader\" data-id=\"35b56db\" data-element_type=\"widget\" data-e-type=\"widget\" data-widget_type=\"pdf-downloader.default\">\n\t\t\t\t<div class=\"elementor-widget-container\">\n\t\t\t\t\t\t\t<div class=\"penega-pdf-repeater-container\">\n\t\t\t<ul>\n\t            \t\t\t\t\t<a href=\"http:\/\/www.foretprivee.ca\/regiondequebec\/wp-content\/uploads\/sites\/4\/2019\/01\/f8_internet.pdf\" target=\"_blank\">\n\t                \t<li>\n                            <div class=\"pdf-text-box\">\n                                Fiche 8 :  Internet \u2013 Une mine de renseignements sur l\u2019am\u00e9nagement des    bois\u00e9s                            <\/div>\n                            <div class=\"pdf-icone-box\">\n                                <img decoding=\"async\" data-src=\"\/wp-content\/themes\/penega\/assets\/images\/icone-pdf-downloader.png\" src=\"data:image\/svg+xml;base64,PHN2ZyB3aWR0aD0iMSIgaGVpZ2h0PSIxIiB4bWxucz0iaHR0cDovL3d3dy53My5vcmcvMjAwMC9zdmciPjwvc3ZnPg==\" class=\"lazyload\">\n                            <\/div>\n                \t\t<\/li>\n\t\t\t\t\t<\/a>\n\t                \t\t\t\t\t<a href=\"http:\/\/www.foretprivee.ca\/regiondequebec\/wp-content\/uploads\/sites\/4\/2019\/01\/f9_saines_pratiques.pdf\" target=\"_blank\">\n\t                \t<li>\n                            <div class=\"pdf-text-box\">\n                                Fiche 9 :  Saines pratiques de gestion \u2013 Une recette de succ\u00e8s pour votre bois\u00e9                            <\/div>\n                            <div class=\"pdf-icone-box\">\n                                <img decoding=\"async\" data-src=\"\/wp-content\/themes\/penega\/assets\/images\/icone-pdf-downloader.png\" src=\"data:image\/svg+xml;base64,PHN2ZyB3aWR0aD0iMSIgaGVpZ2h0PSIxIiB4bWxucz0iaHR0cDovL3d3dy53My5vcmcvMjAwMC9zdmciPjwvc3ZnPg==\" class=\"lazyload\">\n                            <\/div>\n                \t\t<\/li>\n\t\t\t\t\t<\/a>\n\t                \t\t\t\t\t<a href=\"http:\/\/www.foretprivee.ca\/regiondequebec\/wp-content\/uploads\/sites\/4\/2019\/01\/f10_des_questions.pdf\" target=\"_blank\">\n\t                \t<li>\n                            <div class=\"pdf-text-box\">\n                                Fiche 10 :  Vous avez des questions au sujet de votre bois\u00e9?                            <\/div>\n                            <div class=\"pdf-icone-box\">\n                                <img decoding=\"async\" data-src=\"\/wp-content\/themes\/penega\/assets\/images\/icone-pdf-downloader.png\" src=\"data:image\/svg+xml;base64,PHN2ZyB3aWR0aD0iMSIgaGVpZ2h0PSIxIiB4bWxucz0iaHR0cDovL3d3dy53My5vcmcvMjAwMC9zdmciPjwvc3ZnPg==\" class=\"lazyload\">\n                            <\/div>\n                \t\t<\/li>\n\t\t\t\t\t<\/a>\n\t                \t\t\t\t\t<a href=\"http:\/\/www.foretprivee.ca\/regiondequebec\/wp-content\/uploads\/sites\/4\/2019\/01\/f11_ameliorer_votre_boise.pdf\" target=\"_blank\">\n\t                \t<li>\n                            <div class=\"pdf-text-box\">\n                                Fiche 11 :  Am\u00e9liorer votre bois\u00e9 \u2013 Travailler avec la nature                            <\/div>\n                            <div class=\"pdf-icone-box\">\n                                <img decoding=\"async\" data-src=\"\/wp-content\/themes\/penega\/assets\/images\/icone-pdf-downloader.png\" src=\"data:image\/svg+xml;base64,PHN2ZyB3aWR0aD0iMSIgaGVpZ2h0PSIxIiB4bWxucz0iaHR0cDovL3d3dy53My5vcmcvMjAwMC9zdmciPjwvc3ZnPg==\" class=\"lazyload\">\n                            <\/div>\n                \t\t<\/li>\n\t\t\t\t\t<\/a>\n\t                \t\t\t\t\t<a href=\"http:\/\/www.foretprivee.ca\/regiondequebec\/wp-content\/uploads\/sites\/4\/2019\/01\/f12_diversite_biologique.pdf\" target=\"_blank\">\n\t                \t<li>\n                            <div class=\"pdf-text-box\">\n                                Fiche 12 :  Bois\u00e9s et diversit\u00e9 biologique                            <\/div>\n                            <div class=\"pdf-icone-box\">\n                                <img decoding=\"async\" data-src=\"\/wp-content\/themes\/penega\/assets\/images\/icone-pdf-downloader.png\" src=\"data:image\/svg+xml;base64,PHN2ZyB3aWR0aD0iMSIgaGVpZ2h0PSIxIiB4bWxucz0iaHR0cDovL3d3dy53My5vcmcvMjAwMC9zdmciPjwvc3ZnPg==\" class=\"lazyload\">\n                            <\/div>\n                \t\t<\/li>\n\t\t\t\t\t<\/a>\n\t                \t\t\t\t\t<a href=\"http:\/\/www.foretprivee.ca\/regiondequebec\/wp-content\/uploads\/sites\/4\/2019\/01\/f13_entrepot_de_produits.pdf\" target=\"_blank\">\n\t                \t<li>\n                            <div class=\"pdf-text-box\">\n                                Fiche 13 :  Votre lot bois\u00e9 \u2013 un entrep\u00f4t de produits                            <\/div>\n                            <div class=\"pdf-icone-box\">\n                                <img decoding=\"async\" data-src=\"\/wp-content\/themes\/penega\/assets\/images\/icone-pdf-downloader.png\" src=\"data:image\/svg+xml;base64,PHN2ZyB3aWR0aD0iMSIgaGVpZ2h0PSIxIiB4bWxucz0iaHR0cDovL3d3dy53My5vcmcvMjAwMC9zdmciPjwvc3ZnPg==\" class=\"lazyload\">\n                            <\/div>\n                \t\t<\/li>\n\t\t\t\t\t<\/a>\n\t                \t\t\t\t\t<a href=\"http:\/\/www.foretprivee.ca\/regiondequebec\/wp-content\/uploads\/sites\/4\/2019\/01\/f14_foret_fonctionnelle.pdf\" target=\"_blank\">\n\t                \t<li>\n                            <div class=\"pdf-text-box\">\n                                Fiche 14 :  Une for\u00eat fonctionnelle \u2013 pourquoi pas dans votre bois\u00e9?                            <\/div>\n                            <div class=\"pdf-icone-box\">\n                                <img decoding=\"async\" data-src=\"\/wp-content\/themes\/penega\/assets\/images\/icone-pdf-downloader.png\" src=\"data:image\/svg+xml;base64,PHN2ZyB3aWR0aD0iMSIgaGVpZ2h0PSIxIiB4bWxucz0iaHR0cDovL3d3dy53My5vcmcvMjAwMC9zdmciPjwvc3ZnPg==\" class=\"lazyload\">\n                            <\/div>\n                \t\t<\/li>\n\t\t\t\t\t<\/a>\n\t                \t        <\/ul>\n\t\t<\/div>\n\t\t\t\t\t\t<\/div>\n\t\t\t\t<\/div>\n\t\t\t\t\t<\/div>\n\t\t<\/div>\n\t\t\t\t\t<\/div>\n\t\t<\/section>\n\t\t\t\t<div class=\"elementor-element elementor-element-999eaa3 elementor-widget elementor-widget-text-editor\" data-id=\"999eaa3\" data-element_type=\"widget\" data-e-type=\"widget\" data-widget_type=\"text-editor.default\">\n\t\t\t\t<div class=\"elementor-widget-container\">\n\t\t\t\t\t\t\t\t\t<h4>MAT\u00c9RIEL \u00c0 VENDRE<\/h4><p><strong>Affiche Propri\u00e9t\u00e9 foresti\u00e8re priv\u00e9e: 10 $<\/strong> <br \/>(commande t\u00e9l\u00e9phonique seulement, paiement en argent ou par ch\u00e8que uniquement)<\/p><p>Le Syndicat a fait r\u00e9aliser des affiches afin que les propri\u00e9taires puissent identifier leur propri\u00e9t\u00e9 foresti\u00e8re. L\u2019affiche indique <em>PROPRI\u00c9T\u00c9 FORESTI\u00c8RE PRIV\u00c9E, D\u00c9FENSE DE PASSER<\/em> et trois pictogrammes en rouge montre qu\u2019il n\u2019est pas permis de circuler \u00e0 pied, avec des v\u00e9hicules motoris\u00e9s (VTT et motoneige) et qu\u2019il est interdit de chasser sur cette propri\u00e9t\u00e9. Le mat\u00e9riel utilis\u00e9 pour l\u2019affiche est du <em>coroplaste<\/em> de format 24 po par 24 po. L\u2019encre rouge et noire est r\u00e9sistante \u00e0 l\u2019ext\u00e9rieur. Des trous avec \u0153illets sont perfor\u00e9s aux quatre coins afin de faciliter l\u2019installation de l\u2019affiche.<\/p>\t\t\t\t\t\t\t\t<\/div>\n\t\t\t\t<\/div>\n\t\t\t\t<div class=\"elementor-element elementor-element-0407547 elementor-widget elementor-widget-image\" data-id=\"0407547\" data-element_type=\"widget\" data-e-type=\"widget\" data-widget_type=\"image.default\">\n\t\t\t\t<div class=\"elementor-widget-container\">\n\t\t\t\t\t\t\t\t\t\t\t\t\t\t\t<img fetchpriority=\"high\" decoding=\"async\" width=\"525\" height=\"534\" src=\"https:\/\/www.foretprivee.ca\/regiondequebec\/wp-content\/uploads\/sites\/4\/2021\/06\/Affiche-1007x1024.png\" class=\"attachment-large size-large wp-image-2130\" alt=\"\" srcset=\"https:\/\/www.foretprivee.ca\/regiondequebec\/wp-content\/uploads\/sites\/4\/2021\/06\/Affiche-1007x1024.png 1007w, https:\/\/www.foretprivee.ca\/regiondequebec\/wp-content\/uploads\/sites\/4\/2021\/06\/Affiche-295x300.png 295w, https:\/\/www.foretprivee.ca\/regiondequebec\/wp-content\/uploads\/sites\/4\/2021\/06\/Affiche-768x781.png 768w, https:\/\/www.foretprivee.ca\/regiondequebec\/wp-content\/uploads\/sites\/4\/2021\/06\/Affiche.png 1480w\" sizes=\"100vw\" \/>\t\t\t\t\t\t\t\t\t\t\t\t\t\t\t<\/div>\n\t\t\t\t<\/div>\n\t\t\t\t<div class=\"elementor-element elementor-element-ae3a49d elementor-widget elementor-widget-spacer\" data-id=\"ae3a49d\" data-element_type=\"widget\" data-e-type=\"widget\" data-widget_type=\"spacer.default\">\n\t\t\t\t<div class=\"elementor-widget-container\">\n\t\t\t\t\t\t\t<div class=\"elementor-spacer\">\n\t\t\t<div class=\"elementor-spacer-inner\"><\/div>\n\t\t<\/div>\n\t\t\t\t\t\t<\/div>\n\t\t\t\t<\/div>\n\t\t\t\t\t<\/div>\n\t\t<\/div>\n\t\t\t\t<div class=\"elementor-column elementor-col-33 elementor-top-column elementor-element elementor-element-39103e9\" data-id=\"39103e9\" data-element_type=\"column\" data-e-type=\"column\">\n\t\t\t<div class=\"elementor-widget-wrap\">\n\t\t\t\t\t\t\t<\/div>\n\t\t<\/div>\n\t\t\t\t\t<\/div>\n\t\t<\/section>\n\t\t\t\t<section class=\"elementor-section elementor-top-section elementor-element elementor-element-bb5dc13 elementor-section-boxed elementor-section-height-default elementor-section-height-default\" data-id=\"bb5dc13\" data-element_type=\"section\" data-e-type=\"section\" data-settings=\"{&quot;background_background&quot;:&quot;classic&quot;}\">\n\t\t\t\t\t\t<div class=\"elementor-container elementor-column-gap-default\">\n\t\t\t\t\t<div class=\"elementor-column elementor-col-100 elementor-top-column elementor-element elementor-element-319f1b5\" data-id=\"319f1b5\" data-element_type=\"column\" data-e-type=\"column\">\n\t\t\t<div class=\"elementor-widget-wrap elementor-element-populated\">\n\t\t\t\t\t\t<div class=\"elementor-element elementor-element-8a8fc9f elementor-widget elementor-widget-outils\" data-id=\"8a8fc9f\" data-element_type=\"widget\" data-e-type=\"widget\" data-widget_type=\"outils.default\">\n\t\t\t\t<div class=\"elementor-widget-container\">\n\t\t\t\t\t\t\t<div class=\"penega-outils-container\">\n\t\t\t\t\t\t\t<h2>Outils<\/h2>\n\t\t\t\t\t\t<div class=\"boutons\">\n\t\t\t\t\t\t\t\t\t<a target=\"_blank\" class=\"btn-color second-color full\" href=\"http:\/\/prixbois.ca\">\n\t\t\t\t\t\t<img decoding=\"async\" data-src=\"http:\/\/www.foretprivee.ca\/regiondequebec\/wp-content\/uploads\/sites\/4\/2019\/01\/icone-calculator.png\" src=\"data:image\/svg+xml;base64,PHN2ZyB3aWR0aD0iMSIgaGVpZ2h0PSIxIiB4bWxucz0iaHR0cDovL3d3dy53My5vcmcvMjAwMC9zdmciPjwvc3ZnPg==\" class=\"lazyload\" \/>\n\t\t\t\t\t\t<span>Conna\u00eetre le prix du bois<\/span>\n\t\t\t\t\t\t<svg viewBox=\"0 0 41.303 28.299\">\n\t\t\t\t\t\t  <defs>\n\t\t\t\t\t\t    <style>\n\t\t\t\t\t\t      .outils-1, .outils-2, .outils-4, .outils-7 {\n\t\t\t\t\t\t        fill: none;\n\t\t\t\t\t\t      }\n\n\t\t\t\t\t\t      .outils-2 {\n\t\t\t\t\t\t        clip-rule: evenodd;\n\t\t\t\t\t\t      }\n\n\t\t\t\t\t\t      .outils-3 {\n\t\t\t\t\t\t        clip-path: url(#clip-path);\n\t\t\t\t\t\t      }\n\n\t\t\t\t\t\t      .outils-4, .outils-7 {\n\t\t\t\t\t\t        stroke: #ffffff;\n\t\t\t\t\t\t      }\n\n\t\t\t\t\t\t      .outils-4 {\n\t\t\t\t\t\t        stroke-linecap: square;\n\t\t\t\t\t\t        stroke-width: 2px;\n\t\t\t\t\t\t      }\n\n\t\t\t\t\t\t      .outils-5 {\n\t\t\t\t\t\t        clip-path: url(#clip-path-2);\n\t\t\t\t\t\t      }\n\n\t\t\t\t\t\t      .outils-6 {\n\t\t\t\t\t\t        clip-path: url(#clip-path-3);\n\t\t\t\t\t\t      }\n\n\t\t\t\t\t\t      .outils-7 {\n\t\t\t\t\t\t        stroke-width: 4px;\n\t\t\t\t\t\t      }\n\t\t\t\t\t\t    <\/style>\n\t\t\t\t\t\t    <clipPath id=\"clip-path\">\n\t\t\t\t\t\t      <path id=\"Trac\u00e9_73\" data-name=\"Trac\u00e9 73\" class=\"outils-1\" d=\"M0,12.3H41.3V-16H0Z\" transform=\"translate(0 16)\"\/>\n\t\t\t\t\t\t    <\/clipPath>\n\t\t\t\t\t\t    <clipPath id=\"clip-path-2\">\n\t\t\t\t\t\t      <path id=\"Trac\u00e9_76\" data-name=\"Trac\u00e9 76\" class=\"outils-2\" d=\"M27.728-15.136,38.267-4.6,27.728,5.942\" transform=\"translate(-27.728 15.136)\"\/>\n\t\t\t\t\t\t    <\/clipPath>\n\t\t\t\t\t\t    <clipPath id=\"clip-path-3\">\n\t\t\t\t\t\t      <path id=\"Trac\u00e9_75\" data-name=\"Trac\u00e9 75\" class=\"outils-1\" d=\"M0,6.782H48.245V-16H0Z\" transform=\"translate(0 16)\"\/>\n\t\t\t\t\t\t    <\/clipPath>\n\t\t\t\t\t\t  <\/defs>\n\t\t\t\t\t\t  <g id=\"Symbole_7_7\" data-name=\"Symbole 7 \u2013 7\" transform=\"translate(-621 -3612)\">\n\t\t\t\t\t\t    <g id=\"Groupe_90\" data-name=\"Groupe 90\" class=\"outils-3\" transform=\"translate(621 3612)\">\n\t\t\t\t\t\t      <g id=\"Groupe_89\" data-name=\"Groupe 89\" transform=\"translate(2.29 14.149)\">\n\t\t\t\t\t\t        <path id=\"Trac\u00e9_72\" data-name=\"Trac\u00e9 72\" class=\"outils-4\" d=\"M1,1.5H36.057\" transform=\"translate(-0.996 -1.5)\"\/>\n\t\t\t\t\t\t      <\/g>\n\t\t\t\t\t\t    <\/g>\n\t\t\t\t\t\t    <g id=\"Groupe_93\" data-name=\"Groupe 93\" class=\"outils-5\" transform=\"translate(650.992 3616.033)\">\n\t\t\t\t\t\t      <g id=\"Groupe_92\" data-name=\"Groupe 92\" class=\"outils-6\" transform=\"translate(-37.159 -1.158)\">\n\t\t\t\t\t\t        <g id=\"Groupe_91\" data-name=\"Groupe 91\" transform=\"translate(37.159 1.158) rotate(45)\">\n\t\t\t\t\t\t          <path id=\"Trac\u00e9_74\" data-name=\"Trac\u00e9 74\" class=\"outils-7\" d=\"M0,0H14.9V14.9\" transform=\"translate(0 0)\"\/>\n\t\t\t\t\t\t        <\/g>\n\t\t\t\t\t\t      <\/g>\n\t\t\t\t\t\t    <\/g>\n\t\t\t\t\t\t  <\/g>\n\t\t\t\t\t\t<\/svg>\n\t\t\t\t\t<\/a>\n\t\t\t\t\t\t\t\t\t<a target=\"_blank\" class=\"btn-color second-color full\" href=\"https:\/\/www.foretprivee.ca\/bibliotheque\/outils\/nos-facteurs-de-conversion-et-mesures\/\">\n\t\t\t\t\t\t<img decoding=\"async\" data-src=\"http:\/\/www.foretprivee.ca\/regiondequebec\/wp-content\/uploads\/sites\/4\/2019\/01\/icone_mesures.png\" src=\"data:image\/svg+xml;base64,PHN2ZyB3aWR0aD0iMSIgaGVpZ2h0PSIxIiB4bWxucz0iaHR0cDovL3d3dy53My5vcmcvMjAwMC9zdmciPjwvc3ZnPg==\" class=\"lazyload\" \/>\n\t\t\t\t\t\t<span>Nos facteurs de conversions et mesures<\/span>\n\t\t\t\t\t\t<svg viewBox=\"0 0 41.303 28.299\">\n\t\t\t\t\t\t  <defs>\n\t\t\t\t\t\t    <style>\n\t\t\t\t\t\t      .outils-1, .outils-2, .outils-4, .outils-7 {\n\t\t\t\t\t\t        fill: none;\n\t\t\t\t\t\t      }\n\n\t\t\t\t\t\t      .outils-2 {\n\t\t\t\t\t\t        clip-rule: evenodd;\n\t\t\t\t\t\t      }\n\n\t\t\t\t\t\t      .outils-3 {\n\t\t\t\t\t\t        clip-path: url(#clip-path);\n\t\t\t\t\t\t      }\n\n\t\t\t\t\t\t      .outils-4, .outils-7 {\n\t\t\t\t\t\t        stroke: #ffffff;\n\t\t\t\t\t\t      }\n\n\t\t\t\t\t\t      .outils-4 {\n\t\t\t\t\t\t        stroke-linecap: square;\n\t\t\t\t\t\t        stroke-width: 2px;\n\t\t\t\t\t\t      }\n\n\t\t\t\t\t\t      .outils-5 {\n\t\t\t\t\t\t        clip-path: url(#clip-path-2);\n\t\t\t\t\t\t      }\n\n\t\t\t\t\t\t      .outils-6 {\n\t\t\t\t\t\t        clip-path: url(#clip-path-3);\n\t\t\t\t\t\t      }\n\n\t\t\t\t\t\t      .outils-7 {\n\t\t\t\t\t\t        stroke-width: 4px;\n\t\t\t\t\t\t      }\n\t\t\t\t\t\t    <\/style>\n\t\t\t\t\t\t    <clipPath id=\"clip-path\">\n\t\t\t\t\t\t      <path id=\"Trac\u00e9_73\" data-name=\"Trac\u00e9 73\" class=\"outils-1\" d=\"M0,12.3H41.3V-16H0Z\" transform=\"translate(0 16)\"\/>\n\t\t\t\t\t\t    <\/clipPath>\n\t\t\t\t\t\t    <clipPath id=\"clip-path-2\">\n\t\t\t\t\t\t      <path id=\"Trac\u00e9_76\" data-name=\"Trac\u00e9 76\" class=\"outils-2\" d=\"M27.728-15.136,38.267-4.6,27.728,5.942\" transform=\"translate(-27.728 15.136)\"\/>\n\t\t\t\t\t\t    <\/clipPath>\n\t\t\t\t\t\t    <clipPath id=\"clip-path-3\">\n\t\t\t\t\t\t      <path id=\"Trac\u00e9_75\" data-name=\"Trac\u00e9 75\" class=\"outils-1\" d=\"M0,6.782H48.245V-16H0Z\" transform=\"translate(0 16)\"\/>\n\t\t\t\t\t\t    <\/clipPath>\n\t\t\t\t\t\t  <\/defs>\n\t\t\t\t\t\t  <g id=\"Symbole_7_7\" data-name=\"Symbole 7 \u2013 7\" transform=\"translate(-621 -3612)\">\n\t\t\t\t\t\t    <g id=\"Groupe_90\" data-name=\"Groupe 90\" class=\"outils-3\" transform=\"translate(621 3612)\">\n\t\t\t\t\t\t      <g id=\"Groupe_89\" data-name=\"Groupe 89\" transform=\"translate(2.29 14.149)\">\n\t\t\t\t\t\t        <path id=\"Trac\u00e9_72\" data-name=\"Trac\u00e9 72\" class=\"outils-4\" d=\"M1,1.5H36.057\" transform=\"translate(-0.996 -1.5)\"\/>\n\t\t\t\t\t\t      <\/g>\n\t\t\t\t\t\t    <\/g>\n\t\t\t\t\t\t    <g id=\"Groupe_93\" data-name=\"Groupe 93\" class=\"outils-5\" transform=\"translate(650.992 3616.033)\">\n\t\t\t\t\t\t      <g id=\"Groupe_92\" data-name=\"Groupe 92\" class=\"outils-6\" transform=\"translate(-37.159 -1.158)\">\n\t\t\t\t\t\t        <g id=\"Groupe_91\" data-name=\"Groupe 91\" transform=\"translate(37.159 1.158) rotate(45)\">\n\t\t\t\t\t\t          <path id=\"Trac\u00e9_74\" data-name=\"Trac\u00e9 74\" class=\"outils-7\" d=\"M0,0H14.9V14.9\" transform=\"translate(0 0)\"\/>\n\t\t\t\t\t\t        <\/g>\n\t\t\t\t\t\t      <\/g>\n\t\t\t\t\t\t    <\/g>\n\t\t\t\t\t\t  <\/g>\n\t\t\t\t\t\t<\/svg>\n\t\t\t\t\t<\/a>\n\t\t\t\t\t\t\t<\/div>\n\t\t\t\t\t\t\t<a target=\"_blank\" href=\"https:\/\/www.foretprivee.ca\/bibliotheque\/outils\/\" class=\"btn-color inverted full\">TOUS LES OUTILS<\/a>\n\t\t\t\t\t<\/div>\n\t\t\t\t\t\t<\/div>\n\t\t\t\t<\/div>\n\t\t\t\t\t<\/div>\n\t\t<\/div>\n\t\t\t\t\t<\/div>\n\t\t<\/section>\n\t\t\t\t<\/div>\n\t\t","protected":false},"excerpt":{"rendered":"<p>D\u00e9cisions de la RMAAQ D\u00e9cision 12329 D\u00e9cision 12038 Suivi demande des producteurs de bois de la r\u00e9gion de Qu\u00e9bec pour la n\u00e9gociation collective des bois de sciage \u00c9valuation p\u00e9riodique RMAAQ M\u00e9moire du SPFRQ pour la p\u00e9riode 2018-2022 RAPPORT D\u2019\u00c9VALUATION P\u00c9RIODIQUE Plan conjoint des producteurs de bois de la r\u00e9gion de Qu\u00e9bec pour la p\u00e9riode 2018-2022 &hellip; <\/p>\n<p class=\"link-more\"><a href=\"https:\/\/www.foretprivee.ca\/regiondequebec\/mes-services\/documents-et-outils\/\" class=\"more-link\">Lire la suite<\/a><\/p>\n","protected":false},"author":1,"featured_media":0,"parent":22,"menu_order":0,"comment_status":"closed","ping_status":"closed","template":"","meta":{"_acf_changed":false,"footnotes":""},"class_list":["post-36","page","type-page","status-publish","hentry"],"acf":[],"_links":{"self":[{"href":"https:\/\/www.foretprivee.ca\/regiondequebec\/wp-json\/wp\/v2\/pages\/36","targetHints":{"allow":["GET"]}}],"collection":[{"href":"https:\/\/www.foretprivee.ca\/regiondequebec\/wp-json\/wp\/v2\/pages"}],"about":[{"href":"https:\/\/www.foretprivee.ca\/regiondequebec\/wp-json\/wp\/v2\/types\/page"}],"author":[{"embeddable":true,"href":"https:\/\/www.foretprivee.ca\/regiondequebec\/wp-json\/wp\/v2\/users\/1"}],"replies":[{"embeddable":true,"href":"https:\/\/www.foretprivee.ca\/regiondequebec\/wp-json\/wp\/v2\/comments?post=36"}],"version-history":[{"count":0,"href":"https:\/\/www.foretprivee.ca\/regiondequebec\/wp-json\/wp\/v2\/pages\/36\/revisions"}],"up":[{"embeddable":true,"href":"https:\/\/www.foretprivee.ca\/regiondequebec\/wp-json\/wp\/v2\/pages\/22"}],"wp:attachment":[{"href":"https:\/\/www.foretprivee.ca\/regiondequebec\/wp-json\/wp\/v2\/media?parent=36"}],"curies":[{"name":"wp","href":"https:\/\/api.w.org\/{rel}","templated":true}]}}