{"id":42,"date":"2018-12-13T20:23:19","date_gmt":"2018-12-13T20:23:19","guid":{"rendered":"https:\/\/www.foretprivee.ca\/regiondequebec\/?page_id=42"},"modified":"2021-03-30T17:58:15","modified_gmt":"2021-03-30T17:58:15","slug":"nouvelles","status":"publish","type":"page","link":"https:\/\/www.foretprivee.ca\/regiondequebec\/mes-communications\/nouvelles\/","title":{"rendered":"Nouvelles"},"content":{"rendered":"\t\t<div data-elementor-type=\"wp-post\" data-elementor-id=\"42\" class=\"elementor elementor-42 elementor-bc-flex-widget\" data-elementor-post-type=\"page\">\n\t\t\t\t\t\t<section class=\"elementor-section elementor-top-section elementor-element elementor-element-238f748 elementor-section-boxed elementor-section-height-default elementor-section-height-default\" data-id=\"238f748\" data-element_type=\"section\" data-e-type=\"section\">\n\t\t\t\t\t\t<div class=\"elementor-container elementor-column-gap-default\">\n\t\t\t\t\t<div class=\"elementor-column elementor-col-100 elementor-top-column elementor-element elementor-element-34c77ea\" data-id=\"34c77ea\" data-element_type=\"column\" data-e-type=\"column\">\n\t\t\t<div class=\"elementor-widget-wrap elementor-element-populated\">\n\t\t\t\t\t\t<div class=\"elementor-element elementor-element-5d894a9 elementor-widget elementor-widget-text-editor\" data-id=\"5d894a9\" data-element_type=\"widget\" data-e-type=\"widget\" data-widget_type=\"text-editor.default\">\n\t\t\t\t<div class=\"elementor-widget-container\">\n\t\t\t\t\t\t\t\t\tVoici les nouvelles produites ou choisies par le <strong>Syndicat des propri\u00e9taires forestiers de la r\u00e9gion de Qu\u00e9bec<\/strong>.\t\t\t\t\t\t\t\t<\/div>\n\t\t\t\t<\/div>\n\t\t\t\t<div class=\"elementor-element elementor-element-e8cfff2 elementor-widget elementor-widget-archive-articles\" data-id=\"e8cfff2\" data-element_type=\"widget\" data-e-type=\"widget\" data-widget_type=\"archive-articles.default\">\n\t\t\t\t<div class=\"elementor-widget-container\">\n\t\t\t\t\t                    <div class=\"penega-archive-nouvelles-container\">\n                                                        <div class=\"article \">\n                        <div class=\"inner\">\n                            <a target=\"_blank\"                                    href=\"https:\/\/www.foretprivee.ca\/regiondequebec\/wp-content\/uploads\/sites\/4\/2026\/03\/2-Avril-2026-SPFRQ.pdf\">\n                                <div class=\"titre\">\n                                                                            <label>Nouvelles<\/label>\n                                                                        <h2>L\u2019Information du Forestier Vol.41, N\u00b02, Avril 2026<\/h2>\n                                    <span>2026-03-23<\/span>\n                                    <img decoding=\"async\" data-src=\"\/wp-content\/themes\/penega\/assets\/images\/arrow-right-black.png\" src=\"data:image\/svg+xml;base64,PHN2ZyB3aWR0aD0iMSIgaGVpZ2h0PSIxIiB4bWxucz0iaHR0cDovL3d3dy53My5vcmcvMjAwMC9zdmciPjwvc3ZnPg==\" class=\"lazyload\" \/>\n                                <\/div>\n                            <\/a>\n                                                            <div class=\"content\">\n                                                                        <p class=\"link-more\">\n                                        <a target=\"_blank\"                                                href=\"https:\/\/www.foretprivee.ca\/regiondequebec\/wp-content\/uploads\/sites\/4\/2026\/03\/2-Avril-2026-SPFRQ.pdf\" class=\"more-link\">\n                                            Lire le PDF                                        <\/a>\n                                    <\/p>\n                                <\/div>\n                                                    <\/div>\n                    <\/div>\n                                                        <div class=\"article \">\n                        <div class=\"inner\">\n                            <a target=\"_blank\"                                    href=\"https:\/\/www.foretprivee.ca\/regiondequebec\/wp-content\/uploads\/sites\/4\/2025\/12\/2-Janvier-2026-SPFRQ.pdf\">\n                                <div class=\"titre\">\n                                                                            <label>Nouvelles<\/label>\n                                                                        <h2>L\u2019Information du Forestier Vol.41, N\u00b01, Janvier 2026<\/h2>\n                                    <span>2025-12-18<\/span>\n                                    <img decoding=\"async\" data-src=\"\/wp-content\/themes\/penega\/assets\/images\/arrow-right-black.png\" src=\"data:image\/svg+xml;base64,PHN2ZyB3aWR0aD0iMSIgaGVpZ2h0PSIxIiB4bWxucz0iaHR0cDovL3d3dy53My5vcmcvMjAwMC9zdmciPjwvc3ZnPg==\" class=\"lazyload\" \/>\n                                <\/div>\n                            <\/a>\n                                                    <\/div>\n                    <\/div>\n                                                        <div class=\"article \">\n                        <div class=\"inner\">\n                            <a target=\"_blank\"                                    href=\"https:\/\/www.foretprivee.ca\/regiondequebec\/wp-content\/uploads\/sites\/4\/2025\/09\/2-Septembre-2025-SPFRQ.pdf\">\n                                <div class=\"titre\">\n                                                                            <label>Nouvelles<\/label>\n                                                                        <h2>L\u2019Information du Forestier Vol.40, N\u00b04, Septembre 2025<\/h2>\n                                    <span>2025-09-18<\/span>\n                                    <img decoding=\"async\" data-src=\"\/wp-content\/themes\/penega\/assets\/images\/arrow-right-black.png\" src=\"data:image\/svg+xml;base64,PHN2ZyB3aWR0aD0iMSIgaGVpZ2h0PSIxIiB4bWxucz0iaHR0cDovL3d3dy53My5vcmcvMjAwMC9zdmciPjwvc3ZnPg==\" class=\"lazyload\" \/>\n                                <\/div>\n                            <\/a>\n                                                    <\/div>\n                    <\/div>\n                                                        <div class=\"article \">\n                        <div class=\"inner\">\n                            <a target=\"_blank\"                                    href=\"https:\/\/www.foretprivee.ca\/regiondequebec\/wp-content\/uploads\/sites\/4\/2025\/06\/2-Juin-25-SPFRQ.pdf\">\n                                <div class=\"titre\">\n                                                                            <label>Nouvelles<\/label>\n                                                                        <h2>L\u2019Information du Forestier Vol.40, N\u00b03, Juin 2025<\/h2>\n                                    <span>2025-06-20<\/span>\n                                    <img decoding=\"async\" data-src=\"\/wp-content\/themes\/penega\/assets\/images\/arrow-right-black.png\" src=\"data:image\/svg+xml;base64,PHN2ZyB3aWR0aD0iMSIgaGVpZ2h0PSIxIiB4bWxucz0iaHR0cDovL3d3dy53My5vcmcvMjAwMC9zdmciPjwvc3ZnPg==\" class=\"lazyload\" \/>\n                                <\/div>\n                            <\/a>\n                                                    <\/div>\n                    <\/div>\n                                                        <div class=\"article \">\n                        <div class=\"inner\">\n                            <a target=\"_blank\"                                    href=\"https:\/\/www.foretprivee.ca\/regiondequebec\/wp-content\/uploads\/sites\/4\/2025\/03\/2-Avril-2025-SPFRQ.pdf\">\n                                <div class=\"titre\">\n                                                                            <label>Nouvelles<\/label>\n                                                                        <h2>L\u2019Information du Forestier Vol.40, N\u00b02, Avril 2025<\/h2>\n                                    <span>2025-03-21<\/span>\n                                    <img decoding=\"async\" data-src=\"\/wp-content\/themes\/penega\/assets\/images\/arrow-right-black.png\" src=\"data:image\/svg+xml;base64,PHN2ZyB3aWR0aD0iMSIgaGVpZ2h0PSIxIiB4bWxucz0iaHR0cDovL3d3dy53My5vcmcvMjAwMC9zdmciPjwvc3ZnPg==\" class=\"lazyload\" \/>\n                                <\/div>\n                            <\/a>\n                                                    <\/div>\n                    <\/div>\n                                                        <div class=\"article \">\n                        <div class=\"inner\">\n                            <a target=\"_blank\"                                    href=\"https:\/\/www.foretprivee.ca\/regiondequebec\/wp-content\/uploads\/sites\/4\/2024\/12\/2-Janvier-2025-SPFRQ.pdf\">\n                                <div class=\"titre\">\n                                                                            <label>Nouvelles<\/label>\n                                                                        <h2>L\u2019Information du Forestier Vol.40, N\u00b01, JANVIER 2025<\/h2>\n                                    <span>2024-12-19<\/span>\n                                    <img decoding=\"async\" data-src=\"\/wp-content\/themes\/penega\/assets\/images\/arrow-right-black.png\" src=\"data:image\/svg+xml;base64,PHN2ZyB3aWR0aD0iMSIgaGVpZ2h0PSIxIiB4bWxucz0iaHR0cDovL3d3dy53My5vcmcvMjAwMC9zdmciPjwvc3ZnPg==\" class=\"lazyload\" \/>\n                                <\/div>\n                            <\/a>\n                                                    <\/div>\n                    <\/div>\n                                                        <div class=\"article \">\n                        <div class=\"inner\">\n                            <a target=\"_blank\"                                    href=\"https:\/\/www.foretprivee.ca\/regiondequebec\/wp-content\/uploads\/sites\/4\/2024\/09\/2-Septembre-2024-SPFRQ.pdf\">\n                                <div class=\"titre\">\n                                                                            <label>Nouvelles<\/label>\n                                                                        <h2>L\u2019Information du Forestier Vol.39, N\u00b04, SEPTEMBRE 2024<\/h2>\n                                    <span>2024-09-12<\/span>\n                                    <img decoding=\"async\" data-src=\"\/wp-content\/themes\/penega\/assets\/images\/arrow-right-black.png\" src=\"data:image\/svg+xml;base64,PHN2ZyB3aWR0aD0iMSIgaGVpZ2h0PSIxIiB4bWxucz0iaHR0cDovL3d3dy53My5vcmcvMjAwMC9zdmciPjwvc3ZnPg==\" class=\"lazyload\" \/>\n                                <\/div>\n                            <\/a>\n                                                    <\/div>\n                    <\/div>\n                                                        <div class=\"article \">\n                        <div class=\"inner\">\n                            <a target=\"_blank\"                                    href=\"https:\/\/www.foretprivee.ca\/regiondequebec\/wp-content\/uploads\/sites\/4\/2024\/06\/2-Juin-2024-SPFRQ.pdf\">\n                                <div class=\"titre\">\n                                                                            <label>Nouvelles<\/label>\n                                                                        <h2>L\u2019Information du Forestier Vol.39, N\u00b03, JUIN 2024<\/h2>\n                                    <span>2024-06-21<\/span>\n                                    <img decoding=\"async\" data-src=\"\/wp-content\/themes\/penega\/assets\/images\/arrow-right-black.png\" src=\"data:image\/svg+xml;base64,PHN2ZyB3aWR0aD0iMSIgaGVpZ2h0PSIxIiB4bWxucz0iaHR0cDovL3d3dy53My5vcmcvMjAwMC9zdmciPjwvc3ZnPg==\" class=\"lazyload\" \/>\n                                <\/div>\n                            <\/a>\n                                                    <\/div>\n                    <\/div>\n                                                        <div class=\"article \">\n                        <div class=\"inner\">\n                            <a target=\"_blank\"                                    href=\"https:\/\/www.foretprivee.ca\/regiondequebec\/wp-content\/uploads\/sites\/4\/2024\/03\/2-Avril-2024-SPFRQ.pdf\">\n                                <div class=\"titre\">\n                                                                            <label>Nouvelles<\/label>\n                                                                        <h2>L\u2019Information du Forestier Vol.39, N\u00b02, AVRIL 2024<\/h2>\n                                    <span>2024-03-18<\/span>\n                                    <img decoding=\"async\" data-src=\"\/wp-content\/themes\/penega\/assets\/images\/arrow-right-black.png\" src=\"data:image\/svg+xml;base64,PHN2ZyB3aWR0aD0iMSIgaGVpZ2h0PSIxIiB4bWxucz0iaHR0cDovL3d3dy53My5vcmcvMjAwMC9zdmciPjwvc3ZnPg==\" class=\"lazyload\" \/>\n                                <\/div>\n                            <\/a>\n                                                    <\/div>\n                    <\/div>\n                                                        <div class=\"article \">\n                        <div class=\"inner\">\n                            <a target=\"_blank\"                                    href=\"https:\/\/www.foretprivee.ca\/regiondequebec\/wp-content\/uploads\/sites\/4\/2023\/12\/2-Janvier-2024-SPFRQ.pdf\">\n                                <div class=\"titre\">\n                                                                            <label>Nouvelles<\/label>\n                                                                        <h2>L\u2019Information du Forestier Vol.39, N\u00b01, JANVIER 2024<\/h2>\n                                    <span>2023-12-18<\/span>\n                                    <img decoding=\"async\" data-src=\"\/wp-content\/themes\/penega\/assets\/images\/arrow-right-black.png\" src=\"data:image\/svg+xml;base64,PHN2ZyB3aWR0aD0iMSIgaGVpZ2h0PSIxIiB4bWxucz0iaHR0cDovL3d3dy53My5vcmcvMjAwMC9zdmciPjwvc3ZnPg==\" class=\"lazyload\" \/>\n                                <\/div>\n                            <\/a>\n                                                    <\/div>\n                    <\/div>\n                                                        <div class=\"article \">\n                        <div class=\"inner\">\n                            <a target=\"_blank\"                                    href=\"https:\/\/www.foretprivee.ca\/regiondequebec\/wp-content\/uploads\/sites\/4\/2023\/09\/2-Septembre-2023-SPFRQ.pdf\">\n                                <div class=\"titre\">\n                                                                            <label>Nouvelles<\/label>\n                                                                        <h2>L\u2019Information du Forestier Vol.38, N\u00b04, SEPTEMBRE 2023<\/h2>\n                                    <span>2023-09-14<\/span>\n                                    <img decoding=\"async\" data-src=\"\/wp-content\/themes\/penega\/assets\/images\/arrow-right-black.png\" src=\"data:image\/svg+xml;base64,PHN2ZyB3aWR0aD0iMSIgaGVpZ2h0PSIxIiB4bWxucz0iaHR0cDovL3d3dy53My5vcmcvMjAwMC9zdmciPjwvc3ZnPg==\" class=\"lazyload\" \/>\n                                <\/div>\n                            <\/a>\n                                                    <\/div>\n                    <\/div>\n                                                        <div class=\"article not-active\">\n                        <div class=\"inner\">\n                            <a target=\"_blank\"                                    href=\"https:\/\/www.foretprivee.ca\/regiondequebec\/wp-content\/uploads\/sites\/4\/2023\/06\/2-Juin-2023-SPFRQ.pdf\">\n                                <div class=\"titre\">\n                                                                            <label>Nouvelles<\/label>\n                                                                        <h2>L\u2019Information du Forestier Vol.38, N\u00b03, JUIN 2023<\/h2>\n                                    <span>2023-06-08<\/span>\n                                    <img decoding=\"async\" data-src=\"\/wp-content\/themes\/penega\/assets\/images\/arrow-right-black.png\" src=\"data:image\/svg+xml;base64,PHN2ZyB3aWR0aD0iMSIgaGVpZ2h0PSIxIiB4bWxucz0iaHR0cDovL3d3dy53My5vcmcvMjAwMC9zdmciPjwvc3ZnPg==\" class=\"lazyload\" \/>\n                                <\/div>\n                            <\/a>\n                                                    <\/div>\n                    <\/div>\n                                                        <div class=\"article not-active\">\n                        <div class=\"inner\">\n                            <a target=\"_blank\"                                    href=\"https:\/\/www.foretprivee.ca\/regiondequebec\/wp-content\/uploads\/sites\/4\/2023\/03\/2-Avril-2023-SPFRQ.pdf\">\n                                <div class=\"titre\">\n                                                                            <label>Nouvelles<\/label>\n                                                                        <h2>L\u2019Information du Forestier Vol.38, N\u00b02, AVRIL 2023<\/h2>\n                                    <span>2023-03-20<\/span>\n                                    <img decoding=\"async\" data-src=\"\/wp-content\/themes\/penega\/assets\/images\/arrow-right-black.png\" src=\"data:image\/svg+xml;base64,PHN2ZyB3aWR0aD0iMSIgaGVpZ2h0PSIxIiB4bWxucz0iaHR0cDovL3d3dy53My5vcmcvMjAwMC9zdmciPjwvc3ZnPg==\" class=\"lazyload\" \/>\n                                <\/div>\n                            <\/a>\n                                                    <\/div>\n                    <\/div>\n                                                        <div class=\"article not-active\">\n                        <div class=\"inner\">\n                            <a target=\"_blank\"                                    href=\"https:\/\/www.foretprivee.ca\/regiondequebec\/wp-content\/uploads\/sites\/4\/2022\/12\/2-Janvier-2023-SPFRQ.pdf\">\n                                <div class=\"titre\">\n                                                                            <label>Nouvelles<\/label>\n                                                                        <h2>L\u2019Information du Forestier Vol.38, N\u00b01, JANVIER 2023<\/h2>\n                                    <span>2022-12-22<\/span>\n                                    <img decoding=\"async\" data-src=\"\/wp-content\/themes\/penega\/assets\/images\/arrow-right-black.png\" src=\"data:image\/svg+xml;base64,PHN2ZyB3aWR0aD0iMSIgaGVpZ2h0PSIxIiB4bWxucz0iaHR0cDovL3d3dy53My5vcmcvMjAwMC9zdmciPjwvc3ZnPg==\" class=\"lazyload\" \/>\n                                <\/div>\n                            <\/a>\n                                                    <\/div>\n                    <\/div>\n                                                        <div class=\"article not-active\">\n                        <div class=\"inner\">\n                            <a target=\"_blank\"                                    href=\"https:\/\/www.foretprivee.ca\/regiondequebec\/wp-content\/uploads\/sites\/4\/2022\/09\/2-Septembre-2022-SPFRQ.pdf\">\n                                <div class=\"titre\">\n                                                                            <label>Nouvelles<\/label>\n                                                                        <h2>L\u2019Information du Forestier Vol.37, N\u00b04, SEPTEMBRE 2022<\/h2>\n                                    <span>2022-09-19<\/span>\n                                    <img decoding=\"async\" data-src=\"\/wp-content\/themes\/penega\/assets\/images\/arrow-right-black.png\" src=\"data:image\/svg+xml;base64,PHN2ZyB3aWR0aD0iMSIgaGVpZ2h0PSIxIiB4bWxucz0iaHR0cDovL3d3dy53My5vcmcvMjAwMC9zdmciPjwvc3ZnPg==\" class=\"lazyload\" \/>\n                                <\/div>\n                            <\/a>\n                                                    <\/div>\n                    <\/div>\n                                                        <div class=\"article not-active\">\n                        <div class=\"inner\">\n                            <a target=\"_blank\"                                    href=\"https:\/\/www.foretprivee.ca\/regiondequebec\/wp-content\/uploads\/sites\/4\/2022\/06\/2-Juin-2022-SPFRQ.pdf\">\n                                <div class=\"titre\">\n                                                                            <label>Nouvelles<\/label>\n                                                                        <h2>L\u2019Information du Forestier Vol.37, N\u00b03, JUIN 2022<\/h2>\n                                    <span>2022-06-22<\/span>\n                                    <img decoding=\"async\" data-src=\"\/wp-content\/themes\/penega\/assets\/images\/arrow-right-black.png\" src=\"data:image\/svg+xml;base64,PHN2ZyB3aWR0aD0iMSIgaGVpZ2h0PSIxIiB4bWxucz0iaHR0cDovL3d3dy53My5vcmcvMjAwMC9zdmciPjwvc3ZnPg==\" class=\"lazyload\" \/>\n                                <\/div>\n                            <\/a>\n                                                    <\/div>\n                    <\/div>\n                                                        <div class=\"article not-active\">\n                        <div class=\"inner\">\n                            <a target=\"_blank\"                                    href=\"https:\/\/www.foretprivee.ca\/regiondequebec\/wp-content\/uploads\/sites\/4\/2022\/03\/2-Avril-2022-SPFRQ.pdf\">\n                                <div class=\"titre\">\n                                                                            <label>Nouvelles<\/label>\n                                                                        <h2>L\u2019Information du Forestier Vol.37, N\u00b02, AVRIL 2022<\/h2>\n                                    <span>2022-03-28<\/span>\n                                    <img decoding=\"async\" data-src=\"\/wp-content\/themes\/penega\/assets\/images\/arrow-right-black.png\" src=\"data:image\/svg+xml;base64,PHN2ZyB3aWR0aD0iMSIgaGVpZ2h0PSIxIiB4bWxucz0iaHR0cDovL3d3dy53My5vcmcvMjAwMC9zdmciPjwvc3ZnPg==\" class=\"lazyload\" \/>\n                                <\/div>\n                            <\/a>\n                                                    <\/div>\n                    <\/div>\n                                                        <div class=\"article not-active\">\n                        <div class=\"inner\">\n                            <a target=\"_blank\"                                    href=\"http:\/\/www.foretprivee.ca\/regiondequebec\/wp-content\/uploads\/sites\/4\/2021\/12\/2-Janvier-2022-SPFRQ.pdf\">\n                                <div class=\"titre\">\n                                                                            <label>Nouvelles<\/label>\n                                                                        <h2>L\u2019Information du Forestier Vol.37, N\u00b01, JANVIER 2022<\/h2>\n                                    <span>2021-12-20<\/span>\n                                    <img decoding=\"async\" data-src=\"\/wp-content\/themes\/penega\/assets\/images\/arrow-right-black.png\" src=\"data:image\/svg+xml;base64,PHN2ZyB3aWR0aD0iMSIgaGVpZ2h0PSIxIiB4bWxucz0iaHR0cDovL3d3dy53My5vcmcvMjAwMC9zdmciPjwvc3ZnPg==\" class=\"lazyload\" \/>\n                                <\/div>\n                            <\/a>\n                                                    <\/div>\n                    <\/div>\n                                                        <div class=\"article not-active\">\n                        <div class=\"inner\">\n                            <a target=\"_blank\"                                    href=\"http:\/\/www.foretprivee.ca\/regiondequebec\/wp-content\/uploads\/sites\/4\/2021\/09\/2-Septembre-2021-SPFRQ.pdf\">\n                                <div class=\"titre\">\n                                                                            <label>Nouvelles<\/label>\n                                                                        <h2>L\u2019Information du Forestier Vol.36, N\u00b04, SEPTEMBRE 2021<\/h2>\n                                    <span>2021-09-22<\/span>\n                                    <img decoding=\"async\" data-src=\"\/wp-content\/themes\/penega\/assets\/images\/arrow-right-black.png\" src=\"data:image\/svg+xml;base64,PHN2ZyB3aWR0aD0iMSIgaGVpZ2h0PSIxIiB4bWxucz0iaHR0cDovL3d3dy53My5vcmcvMjAwMC9zdmciPjwvc3ZnPg==\" class=\"lazyload\" \/>\n                                <\/div>\n                            <\/a>\n                                                    <\/div>\n                    <\/div>\n                                                        <div class=\"article not-active\">\n                        <div class=\"inner\">\n                            <a target=\"_blank\"                                    href=\"http:\/\/www.foretprivee.ca\/regiondequebec\/wp-content\/uploads\/sites\/4\/2021\/06\/2-Juin-2021-SPFRQ.pdf\">\n                                <div class=\"titre\">\n                                                                            <label>Nouvelles<\/label>\n                                                                        <h2>L\u2019Information du Forestier Vol.36, N\u00b03, JUIN 2021<\/h2>\n                                    <span>2021-06-11<\/span>\n                                    <img decoding=\"async\" data-src=\"\/wp-content\/themes\/penega\/assets\/images\/arrow-right-black.png\" src=\"data:image\/svg+xml;base64,PHN2ZyB3aWR0aD0iMSIgaGVpZ2h0PSIxIiB4bWxucz0iaHR0cDovL3d3dy53My5vcmcvMjAwMC9zdmciPjwvc3ZnPg==\" class=\"lazyload\" \/>\n                                <\/div>\n                            <\/a>\n                                                    <\/div>\n                    <\/div>\n                                                        <div class=\"article not-active\">\n                        <div class=\"inner\">\n                            <a                                     href=\"https:\/\/www.foretprivee.ca\/regiondequebec\/nouvelle-mon-syndicat-assemblees-et-reunions\/plus-de-95-des-delegues-en-faveur-de-la-negociation-collective-de-tous-les-prix-du-bois-de-sciage\">\n                                <div class=\"titre\">\n                                                                            <label>Nouvelles<\/label>\n                                                                        <h2>Plus de 95 % des d\u00e9l\u00e9gu\u00e9s en faveur de la n\u00e9gociation collective de tous les prix du bois de sciage<\/h2>\n                                    <span>2021-04-28<\/span>\n                                    <img decoding=\"async\" data-src=\"\/wp-content\/themes\/penega\/assets\/images\/arrow-right-black.png\" src=\"data:image\/svg+xml;base64,PHN2ZyB3aWR0aD0iMSIgaGVpZ2h0PSIxIiB4bWxucz0iaHR0cDovL3d3dy53My5vcmcvMjAwMC9zdmciPjwvc3ZnPg==\" class=\"lazyload\" \/>\n                                <\/div>\n                            <\/a>\n                                                    <\/div>\n                    <\/div>\n                                                        <div class=\"article not-active\">\n                        <div class=\"inner\">\n                            <a target=\"_blank\"                                    href=\"http:\/\/www.foretprivee.ca\/regiondequebec\/wp-content\/uploads\/sites\/4\/2021\/03\/2-Avril-2021-SPFRQ.pdf\">\n                                <div class=\"titre\">\n                                                                            <label>Nouvelles<\/label>\n                                                                        <h2>L\u2019Information du Forestier Vol.36, N\u00b02, AVRIL 2021<\/h2>\n                                    <span>2021-03-30<\/span>\n                                    <img decoding=\"async\" data-src=\"\/wp-content\/themes\/penega\/assets\/images\/arrow-right-black.png\" src=\"data:image\/svg+xml;base64,PHN2ZyB3aWR0aD0iMSIgaGVpZ2h0PSIxIiB4bWxucz0iaHR0cDovL3d3dy53My5vcmcvMjAwMC9zdmciPjwvc3ZnPg==\" class=\"lazyload\" \/>\n                                <\/div>\n                            <\/a>\n                                                    <\/div>\n                    <\/div>\n                                                        <div class=\"article not-active\">\n                        <div class=\"inner\">\n                            <a target=\"_blank\"                                    href=\"http:\/\/www.foretprivee.ca\/regiondequebec\/wp-content\/uploads\/sites\/4\/2021\/01\/2-Janvier-2021-SPFRQ.pdf\">\n                                <div class=\"titre\">\n                                                                            <label>Nouvelles<\/label>\n                                                                        <h2>L\u2019Information du Forestier Vol.36, N\u00b01, JANVIER 2021<\/h2>\n                                    <span>2021-01-07<\/span>\n                                    <img decoding=\"async\" data-src=\"\/wp-content\/themes\/penega\/assets\/images\/arrow-right-black.png\" src=\"data:image\/svg+xml;base64,PHN2ZyB3aWR0aD0iMSIgaGVpZ2h0PSIxIiB4bWxucz0iaHR0cDovL3d3dy53My5vcmcvMjAwMC9zdmciPjwvc3ZnPg==\" class=\"lazyload\" \/>\n                                <\/div>\n                            <\/a>\n                                                    <\/div>\n                    <\/div>\n                                                        <div class=\"article not-active\">\n                        <div class=\"inner\">\n                            <a target=\"_blank\"                                    href=\"http:\/\/www.foretprivee.ca\/regiondequebec\/wp-content\/uploads\/sites\/4\/2020\/09\/2-Septembre-2020-SPFRQ.pdf\">\n                                <div class=\"titre\">\n                                                                            <label>Nouvelles<\/label>\n                                                                        <h2>L\u2019Information du Forestier Vol.35, N\u00b04, SEPTEMBRE 2020<\/h2>\n                                    <span>2020-09-11<\/span>\n                                    <img decoding=\"async\" data-src=\"\/wp-content\/themes\/penega\/assets\/images\/arrow-right-black.png\" src=\"data:image\/svg+xml;base64,PHN2ZyB3aWR0aD0iMSIgaGVpZ2h0PSIxIiB4bWxucz0iaHR0cDovL3d3dy53My5vcmcvMjAwMC9zdmciPjwvc3ZnPg==\" class=\"lazyload\" \/>\n                                <\/div>\n                            <\/a>\n                                                    <\/div>\n                    <\/div>\n                                                        <div class=\"article not-active\">\n                        <div class=\"inner\">\n                            <a target=\"_blank\"                                    href=\"http:\/\/www.foretprivee.ca\/regiondequebec\/wp-content\/uploads\/sites\/4\/2020\/06\/2-Juin-2020-SPFRQ.pdf\">\n                                <div class=\"titre\">\n                                                                            <label>Nouvelles<\/label>\n                                                                        <h2>L\u2019Information du Forestier Vol.35, N\u00b03, JUIN 2020<\/h2>\n                                    <span>2020-06-17<\/span>\n                                    <img decoding=\"async\" data-src=\"\/wp-content\/themes\/penega\/assets\/images\/arrow-right-black.png\" src=\"data:image\/svg+xml;base64,PHN2ZyB3aWR0aD0iMSIgaGVpZ2h0PSIxIiB4bWxucz0iaHR0cDovL3d3dy53My5vcmcvMjAwMC9zdmciPjwvc3ZnPg==\" class=\"lazyload\" \/>\n                                <\/div>\n                            <\/a>\n                                                    <\/div>\n                    <\/div>\n                                                        <div class=\"article not-active\">\n                        <div class=\"inner\">\n                            <a target=\"_blank\"                                    href=\"http:\/\/www.foretprivee.ca\/regiondequebec\/2-avril-2020-spfrq\/\">\n                                <div class=\"titre\">\n                                                                            <label>Nouvelles<\/label>\n                                                                        <h2>L\u2019Information du Forestier Vol.35, N\u00b02, Avril 2020<\/h2>\n                                    <span>2020-04-27<\/span>\n                                    <img decoding=\"async\" data-src=\"\/wp-content\/themes\/penega\/assets\/images\/arrow-right-black.png\" src=\"data:image\/svg+xml;base64,PHN2ZyB3aWR0aD0iMSIgaGVpZ2h0PSIxIiB4bWxucz0iaHR0cDovL3d3dy53My5vcmcvMjAwMC9zdmciPjwvc3ZnPg==\" class=\"lazyload\" \/>\n                                <\/div>\n                            <\/a>\n                                                    <\/div>\n                    <\/div>\n                                                        <div class=\"article not-active\">\n                        <div class=\"inner\">\n                            <a                                     href=\"https:\/\/www.foretprivee.ca\/regiondequebec\/info-forestier\/linfo-forestier-vol-6-n3-avril-2020\">\n                                <div class=\"titre\">\n                                                                            <label>Nouvelles<\/label>\n                                                                        <h2>L\u2019INFO Forestier Vol.6, N\u00b03, Avril 2020<\/h2>\n                                    <span>2020-04-26<\/span>\n                                    <img decoding=\"async\" data-src=\"\/wp-content\/themes\/penega\/assets\/images\/arrow-right-black.png\" src=\"data:image\/svg+xml;base64,PHN2ZyB3aWR0aD0iMSIgaGVpZ2h0PSIxIiB4bWxucz0iaHR0cDovL3d3dy53My5vcmcvMjAwMC9zdmciPjwvc3ZnPg==\" class=\"lazyload\" \/>\n                                <\/div>\n                            <\/a>\n                                                    <\/div>\n                    <\/div>\n                                                        <div class=\"article not-active\">\n                        <div class=\"inner\">\n                            <a                                     href=\"https:\/\/www.foretprivee.ca\/regiondequebec\/info-forestier\/linfo-forestier-vol-6-n2-mars-2020\">\n                                <div class=\"titre\">\n                                                                            <label>Nouvelles<\/label>\n                                                                        <h2>L\u2019INFO Forestier Vol.6, N\u00b02, Mars 2020<\/h2>\n                                    <span>2020-03-25<\/span>\n                                    <img decoding=\"async\" data-src=\"\/wp-content\/themes\/penega\/assets\/images\/arrow-right-black.png\" src=\"data:image\/svg+xml;base64,PHN2ZyB3aWR0aD0iMSIgaGVpZ2h0PSIxIiB4bWxucz0iaHR0cDovL3d3dy53My5vcmcvMjAwMC9zdmciPjwvc3ZnPg==\" class=\"lazyload\" \/>\n                                <\/div>\n                            <\/a>\n                                                    <\/div>\n                    <\/div>\n                                                        <div class=\"article not-active\">\n                        <div class=\"inner\">\n                            <a                                     href=\"https:\/\/www.foretprivee.ca\/regiondequebec\/info-forestier\/linfo-forestier-vol-5-n2-octobre-2019\">\n                                <div class=\"titre\">\n                                                                            <label>Nouvelles<\/label>\n                                                                        <h2>L\u2019INFO Forestier Vol.5, N\u00b02, Octobre 2019<\/h2>\n                                    <span>2019-10-25<\/span>\n                                    <img decoding=\"async\" data-src=\"\/wp-content\/themes\/penega\/assets\/images\/arrow-right-black.png\" src=\"data:image\/svg+xml;base64,PHN2ZyB3aWR0aD0iMSIgaGVpZ2h0PSIxIiB4bWxucz0iaHR0cDovL3d3dy53My5vcmcvMjAwMC9zdmciPjwvc3ZnPg==\" class=\"lazyload\" \/>\n                                <\/div>\n                            <\/a>\n                                                    <\/div>\n                    <\/div>\n                                                        <div class=\"article not-active\">\n                        <div class=\"inner\">\n                            <a                                     href=\"https:\/\/www.foretprivee.ca\/regiondequebec\/info-forestier\/linfor-du-forestier-vol-5-n1-janvier-2019\">\n                                <div class=\"titre\">\n                                                                            <label>Nouvelles<\/label>\n                                                                        <h2>L\u2019INFO Forestier Vol.5, N\u00b01, Janvier 2019<\/h2>\n                                    <span>2019-01-21<\/span>\n                                    <img decoding=\"async\" data-src=\"\/wp-content\/themes\/penega\/assets\/images\/arrow-right-black.png\" src=\"data:image\/svg+xml;base64,PHN2ZyB3aWR0aD0iMSIgaGVpZ2h0PSIxIiB4bWxucz0iaHR0cDovL3d3dy53My5vcmcvMjAwMC9zdmciPjwvc3ZnPg==\" class=\"lazyload\" \/>\n                                <\/div>\n                            <\/a>\n                                                    <\/div>\n                    <\/div>\n                                                        <div class=\"article not-active\">\n                        <div class=\"inner\">\n                            <a                                     href=\"https:\/\/www.foretprivee.ca\/regiondequebec\/nouvelles\/nouvelle-page-facebook\">\n                                <div class=\"titre\">\n                                                                            <label>Nouvelles<\/label>\n                                                                        <h2>Nouvelle page Facebook<\/h2>\n                                    <span>2018-10-29<\/span>\n                                    <img decoding=\"async\" data-src=\"\/wp-content\/themes\/penega\/assets\/images\/arrow-right-black.png\" src=\"data:image\/svg+xml;base64,PHN2ZyB3aWR0aD0iMSIgaGVpZ2h0PSIxIiB4bWxucz0iaHR0cDovL3d3dy53My5vcmcvMjAwMC9zdmciPjwvc3ZnPg==\" class=\"lazyload\" \/>\n                                <\/div>\n                            <\/a>\n                                                    <\/div>\n                    <\/div>\n                                                        <div class=\"article not-active\">\n                        <div class=\"inner\">\n                            <a                                     href=\"https:\/\/www.foretprivee.ca\/regiondequebec\/nouvelles\/parlons-mobilisation\">\n                                <div class=\"titre\">\n                                                                            <label>Nouvelles<\/label>\n                                                                        <h2>Parlons mobilisation<\/h2>\n                                    <span>2018-03-23<\/span>\n                                    <img decoding=\"async\" data-src=\"\/wp-content\/themes\/penega\/assets\/images\/arrow-right-black.png\" src=\"data:image\/svg+xml;base64,PHN2ZyB3aWR0aD0iMSIgaGVpZ2h0PSIxIiB4bWxucz0iaHR0cDovL3d3dy53My5vcmcvMjAwMC9zdmciPjwvc3ZnPg==\" class=\"lazyload\" \/>\n                                <\/div>\n                            <\/a>\n                                                    <\/div>\n                    <\/div>\n                                                        <div class=\"article not-active\">\n                        <div class=\"inner\">\n                            <a                                     href=\"https:\/\/www.foretprivee.ca\/regiondequebec\/nouvelles\/special-60e\">\n                                <div class=\"titre\">\n                                                                            <label>Nouvelles<\/label>\n                                                                        <h2>Sp\u00e9cial 60<sup>e<\/sup><\/h2>\n                                    <span>2018-03-23<\/span>\n                                    <img decoding=\"async\" data-src=\"\/wp-content\/themes\/penega\/assets\/images\/arrow-right-black.png\" src=\"data:image\/svg+xml;base64,PHN2ZyB3aWR0aD0iMSIgaGVpZ2h0PSIxIiB4bWxucz0iaHR0cDovL3d3dy53My5vcmcvMjAwMC9zdmciPjwvc3ZnPg==\" class=\"lazyload\" \/>\n                                <\/div>\n                            <\/a>\n                                                    <\/div>\n                    <\/div>\n                                                        <div class=\"article not-active\">\n                        <div class=\"inner\">\n                            <a                                     href=\"https:\/\/www.foretprivee.ca\/regiondequebec\/nouvelles\/limportance-de-lengagement\">\n                                <div class=\"titre\">\n                                                                            <label>Nouvelles<\/label>\n                                                                        <h2>L\u2019importance de l\u2019engagement<\/h2>\n                                    <span>2017-03-22<\/span>\n                                    <img decoding=\"async\" data-src=\"\/wp-content\/themes\/penega\/assets\/images\/arrow-right-black.png\" src=\"data:image\/svg+xml;base64,PHN2ZyB3aWR0aD0iMSIgaGVpZ2h0PSIxIiB4bWxucz0iaHR0cDovL3d3dy53My5vcmcvMjAwMC9zdmciPjwvc3ZnPg==\" class=\"lazyload\" \/>\n                                <\/div>\n                            <\/a>\n                                                    <\/div>\n                    <\/div>\n                                                    <div class=\"more-container\">\n                        <a href=\"javascript:void(0);\" class=\"more btn-color second-color\">En voir plus<\/a>\n                    <\/div>\n                            <\/div>\n            <script type=\"text\/javascript\">\n                ( function ( $ ) {\n                    $(document).ready(function () {\n                        $('a.more').on('click', function () {\n                            $('.article.not-active:lt(10)').removeClass('not-active');\n                            if ($('.article.not-active').length === 0) {\n                                $('.more-container').hide();\n                            }\n                        });\n                    });\n                } )(jQuery);\n            <\/script>\n                \t\t\t\t<\/div>\n\t\t\t\t<\/div>\n\t\t\t\t\t<\/div>\n\t\t<\/div>\n\t\t\t\t\t<\/div>\n\t\t<\/section>\n\t\t\t\t<\/div>\n\t\t","protected":false},"excerpt":{"rendered":"<p>Voici les nouvelles produites ou choisies par le Syndicat des propri\u00e9taires forestiers de la r\u00e9gion de Qu\u00e9bec. Nouvelles L\u2019Information du Forestier Vol.36, N\u00b02, AVRIL 2021 2021-03-30 Voici les nouvelles produites ou choisies par le Syndicat des propri\u00e9taires forestiers de la r\u00e9gion de Qu\u00e9bec. Nouvelles L\u2019Information du Forestier Vol.36, N\u00b02, AVRIL 2021 2021-03-30 Lire le PDF &hellip; <\/p>\n<p class=\"link-more\"><a href=\"https:\/\/www.foretprivee.ca\/regiondequebec\/mes-communications\/nouvelles\/\" class=\"more-link\">Lire la suite<\/a><\/p>\n","protected":false},"author":1,"featured_media":0,"parent":38,"menu_order":0,"comment_status":"closed","ping_status":"closed","template":"","meta":{"_acf_changed":false,"footnotes":""},"class_list":["post-42","page","type-page","status-publish","hentry"],"acf":[],"_links":{"self":[{"href":"https:\/\/www.foretprivee.ca\/regiondequebec\/wp-json\/wp\/v2\/pages\/42","targetHints":{"allow":["GET"]}}],"collection":[{"href":"https:\/\/www.foretprivee.ca\/regiondequebec\/wp-json\/wp\/v2\/pages"}],"about":[{"href":"https:\/\/www.foretprivee.ca\/regiondequebec\/wp-json\/wp\/v2\/types\/page"}],"author":[{"embeddable":true,"href":"https:\/\/www.foretprivee.ca\/regiondequebec\/wp-json\/wp\/v2\/users\/1"}],"replies":[{"embeddable":true,"href":"https:\/\/www.foretprivee.ca\/regiondequebec\/wp-json\/wp\/v2\/comments?post=42"}],"version-history":[{"count":0,"href":"https:\/\/www.foretprivee.ca\/regiondequebec\/wp-json\/wp\/v2\/pages\/42\/revisions"}],"up":[{"embeddable":true,"href":"https:\/\/www.foretprivee.ca\/regiondequebec\/wp-json\/wp\/v2\/pages\/38"}],"wp:attachment":[{"href":"https:\/\/www.foretprivee.ca\/regiondequebec\/wp-json\/wp\/v2\/media?parent=42"}],"curies":[{"name":"wp","href":"https:\/\/api.w.org\/{rel}","templated":true}]}}