{"id":46,"date":"2018-12-13T20:23:41","date_gmt":"2018-12-13T20:23:41","guid":{"rendered":"https:\/\/www.foretprivee.ca\/regiondequebec\/?page_id=46"},"modified":"2025-12-18T17:10:35","modified_gmt":"2025-12-18T17:10:35","slug":"liens-utiles","status":"publish","type":"page","link":"https:\/\/www.foretprivee.ca\/regiondequebec\/mes-communications\/liens-utiles\/","title":{"rendered":"Liens utiles"},"content":{"rendered":"\t\t<div data-elementor-type=\"wp-post\" data-elementor-id=\"46\" class=\"elementor elementor-46\" data-elementor-post-type=\"page\">\n\t\t\t\t\t\t<section class=\"elementor-section elementor-top-section elementor-element elementor-element-e500a85 elementor-section-boxed elementor-section-height-default elementor-section-height-default\" data-id=\"e500a85\" data-element_type=\"section\" data-e-type=\"section\">\n\t\t\t\t\t\t<div class=\"elementor-container elementor-column-gap-default\">\n\t\t\t\t\t<div class=\"elementor-column elementor-col-66 elementor-top-column elementor-element elementor-element-6af20ef\" data-id=\"6af20ef\" data-element_type=\"column\" data-e-type=\"column\">\n\t\t\t<div class=\"elementor-widget-wrap elementor-element-populated\">\n\t\t\t\t\t\t<div class=\"elementor-element elementor-element-3135f0e elementor-widget elementor-widget-text-editor\" data-id=\"3135f0e\" data-element_type=\"widget\" data-e-type=\"widget\" data-widget_type=\"text-editor.default\">\n\t\t\t\t<div class=\"elementor-widget-container\">\n\t\t\t\t\t\t\t\t\t<h4><span style=\"color: #000000\">AGENCES ET ASSOCIATIONS<\/span><\/h4><p><strong><br \/>Agences de mise en valeur<\/strong><\/p><ul><li><a href=\"https:\/\/www.amvap.ca\/\" target=\"_blank\" rel=\"noopener\">Agence de mise en valeur des for\u00eats priv\u00e9es des Appalaches<\/a><\/li><li><a href=\"http:\/\/www.afbf.qc.ca\/\" target=\"_blank\" rel=\"noopener\">Agence foresti\u00e8re des Bois-Francs<\/a><\/li><li><a href=\"http:\/\/www.arfpc.ca\/\" target=\"_blank\" rel=\"noopener\">Agence r\u00e9gionale de mise en valeur des for\u00eats priv\u00e9es de la Chaudi\u00e8re<\/a><\/li><li><a href=\"https:\/\/www.mrchcn.qc.ca\/fr\/amenagement-du-territoire\/agence-de-la-foret-privee-de-la-cote-nord\/\" target=\"_blank\" rel=\"noopener\">Agence des for\u00eats priv\u00e9es de la C\u00f4te-Nord<\/a><\/li><li><a href=\"http:\/\/agence-mauricie.qc.ca\/\" target=\"_blank\" rel=\"noopener\">Agence r\u00e9gionale de mise en valeur des for\u00eats priv\u00e9es mauriciennes<\/a><\/li><li><a href=\"http:\/\/afpq03.ca\/\" target=\"_blank\" rel=\"noopener\">Agence des for\u00eats priv\u00e9es de Qu\u00e9bec 03<\/a><\/li><\/ul><p><strong><br \/>Associations foresti\u00e8res<\/strong><\/p><ul><li><a href=\"http:\/\/www.af2r.org\/\" target=\"_blank\" rel=\"noopener\">Association foresti\u00e8re des deux rives (AF2R)<\/a><\/li><li><a href=\"http:\/\/www.afcn.qc.ca\/\" target=\"_blank\" rel=\"noopener\">Association foresti\u00e8re C\u00f4te-Nord<\/a><\/li><li><a href=\"https:\/\/afsq.org\/\" target=\"_blank\" rel=\"noopener\">Association foresti\u00e8re du sud du Qu\u00e9bec<\/a><\/li><\/ul>\t\t\t\t\t\t\t\t<\/div>\n\t\t\t\t<\/div>\n\t\t\t\t\t<\/div>\n\t\t<\/div>\n\t\t\t\t<div class=\"elementor-column elementor-col-33 elementor-top-column elementor-element elementor-element-a4e7fce\" data-id=\"a4e7fce\" data-element_type=\"column\" data-e-type=\"column\">\n\t\t\t<div class=\"elementor-widget-wrap\">\n\t\t\t\t\t\t\t<\/div>\n\t\t<\/div>\n\t\t\t\t\t<\/div>\n\t\t<\/section>\n\t\t\t\t<\/div>\n\t\t","protected":false},"excerpt":{"rendered":"<p>AGENCES ET ASSOCIATIONS Agences de mise en valeur Agence de mise en valeur des for\u00eats priv\u00e9es des Appalaches Agence foresti\u00e8re des Bois-Francs Agence r\u00e9gionale de mise en valeur des for\u00eats priv\u00e9es de la Chaudi\u00e8re Agence des for\u00eats priv\u00e9es de la C\u00f4te-Nord Agence r\u00e9gionale de mise en valeur des for\u00eats priv\u00e9es mauriciennes Agence des for\u00eats priv\u00e9es &hellip; <\/p>\n<p class=\"link-more\"><a href=\"https:\/\/www.foretprivee.ca\/regiondequebec\/mes-communications\/liens-utiles\/\" class=\"more-link\">Lire la suite<\/a><\/p>\n","protected":false},"author":1,"featured_media":0,"parent":38,"menu_order":0,"comment_status":"closed","ping_status":"closed","template":"","meta":{"_acf_changed":false,"footnotes":""},"class_list":["post-46","page","type-page","status-publish","hentry"],"acf":[],"_links":{"self":[{"href":"https:\/\/www.foretprivee.ca\/regiondequebec\/wp-json\/wp\/v2\/pages\/46","targetHints":{"allow":["GET"]}}],"collection":[{"href":"https:\/\/www.foretprivee.ca\/regiondequebec\/wp-json\/wp\/v2\/pages"}],"about":[{"href":"https:\/\/www.foretprivee.ca\/regiondequebec\/wp-json\/wp\/v2\/types\/page"}],"author":[{"embeddable":true,"href":"https:\/\/www.foretprivee.ca\/regiondequebec\/wp-json\/wp\/v2\/users\/1"}],"replies":[{"embeddable":true,"href":"https:\/\/www.foretprivee.ca\/regiondequebec\/wp-json\/wp\/v2\/comments?post=46"}],"version-history":[{"count":0,"href":"https:\/\/www.foretprivee.ca\/regiondequebec\/wp-json\/wp\/v2\/pages\/46\/revisions"}],"up":[{"embeddable":true,"href":"https:\/\/www.foretprivee.ca\/regiondequebec\/wp-json\/wp\/v2\/pages\/38"}],"wp:attachment":[{"href":"https:\/\/www.foretprivee.ca\/regiondequebec\/wp-json\/wp\/v2\/media?parent=46"}],"curies":[{"name":"wp","href":"https:\/\/api.w.org\/{rel}","templated":true}]}}