{"id":6,"date":"2018-12-13T20:18:15","date_gmt":"2018-12-13T20:18:15","guid":{"rendered":"https:\/\/www.foretprivee.ca\/regiondequebec\/?page_id=6"},"modified":"2025-12-09T20:51:03","modified_gmt":"2025-12-09T20:51:03","slug":"mission-et-mandat","status":"publish","type":"page","link":"https:\/\/www.foretprivee.ca\/regiondequebec\/mon-syndicat\/mission-et-mandat\/","title":{"rendered":"Mission et mandats"},"content":{"rendered":"\t\t<div data-elementor-type=\"wp-post\" data-elementor-id=\"6\" class=\"elementor elementor-6\" data-elementor-post-type=\"page\">\n\t\t\t\t\t\t<section class=\"elementor-section elementor-top-section elementor-element elementor-element-4ff72aa elementor-section-boxed elementor-section-height-default elementor-section-height-default\" data-id=\"4ff72aa\" data-element_type=\"section\" data-e-type=\"section\">\n\t\t\t\t\t\t<div class=\"elementor-container elementor-column-gap-default\">\n\t\t\t\t\t<div class=\"elementor-column elementor-col-66 elementor-top-column elementor-element elementor-element-6e679ac\" data-id=\"6e679ac\" data-element_type=\"column\" data-e-type=\"column\">\n\t\t\t<div class=\"elementor-widget-wrap elementor-element-populated\">\n\t\t\t\t\t\t<div class=\"elementor-element elementor-element-a7f07f3 elementor-widget elementor-widget-text-editor\" data-id=\"a7f07f3\" data-element_type=\"widget\" data-e-type=\"widget\" data-widget_type=\"text-editor.default\">\n\t\t\t\t<div class=\"elementor-widget-container\">\n\t\t\t\t\t\t\t\t\t<p>Le Syndicat a pour objet l\u2019\u00e9tude, la d\u00e9fense et le d\u00e9veloppement des int\u00e9r\u00eats professionnels, \u00e9conomiques, sociaux ainsi que moraux des producteurs de bois de la r\u00e9gion de Qu\u00e9bec et, particuli\u00e8rement :<\/p><ul><li>de grouper les producteurs de bois dont l\u2019exploitation foresti\u00e8re est situ\u00e9e dans la r\u00e9gion de Qu\u00e9bec (<a href=\"https:\/\/www.foretprivee.ca\/regiondequebec\/mon-syndicat\/territoires-et-cartes\/\" target=\"_blank\" rel=\"noopener\">carte<\/a>);<\/li><li>d\u2019\u00e9tudier les probl\u00e8mes relatifs \u00e0 la production et \u00e0 la commercialisation du bois;<\/li><li>de coop\u00e9rer \u00e0 la vulgarisation des sciences foresti\u00e8res et des techniques de production foresti\u00e8re;<\/li><li>de renseigner les producteurs de bois sur la production et la commercialisation du bois et des produits forestiers;<\/li><li>de repr\u00e9senter les producteurs de bois de la r\u00e9gion de Qu\u00e9bec aupr\u00e8s des acheteurs de leurs produits et des autorit\u00e9s publiques, parapubliques, gouvernementales, municipales et supra-municipales;<\/li><li>d\u2019organiser, d\u2019appliquer et d\u2019administrer le Plan conjoint des producteurs de bois de la r\u00e9gion de Qu\u00e9bec;<\/li><li>d\u2019exercer les pouvoirs et les attributions d\u2019un office de producteurs, au sens de la Loi sur la mise en march\u00e9 des produits agricoles, alimentaires et de la p\u00eache (<em>LRQ, chapitre M-35.1<\/em>) ainsi que tout autre pouvoir qui peut lui \u00eatre attribu\u00e9 \u00e0 ce titre par la R\u00e9gie des march\u00e9s agricoles et alimentaires du Qu\u00e9bec.<\/li><\/ul><p><strong><br \/>La juridiction<\/strong><br \/>Le Syndicat est habilit\u00e9 \u00e0 grouper et \u00e0 repr\u00e9senter tous les producteurs de bois de la <a href=\"https:\/\/www.foretprivee.ca\/regiondequebec\/mon-syndicat\/territoires-et-cartes\/\" target=\"_blank\" rel=\"noopener\">r\u00e9gion de Qu\u00e9bec<\/a>, soit ceux dont les propri\u00e9t\u00e9s bois\u00e9es sont localis\u00e9es dans les municipalit\u00e9s et les villes \u00e9num\u00e9r\u00e9es dans le <a href=\"https:\/\/www.foretprivee.ca\/regiondequebec\/mon-syndicat\/rapports-dactivite\/\" target=\"_blank\" rel=\"noopener\">rapport d\u2019activit\u00e9<\/a> ou dans la description des <a href=\"https:\/\/www.foretprivee.ca\/regiondequebec\/wp-content\/uploads\/sites\/4\/2025\/12\/Territoire-SPFRQ.pdf\" target=\"_blank\" rel=\"noopener\">secteurs<\/a>.<\/p><p>Le Syndicat est g\u00e9r\u00e9 par un <a href=\"https:\/\/www.foretprivee.ca\/regiondequebec\/mon-syndicat\/conseil-dadministration\/\" target=\"_blank\" rel=\"noopener\">conseil d\u2019administration<\/a> constitu\u00e9 de producteurs de bois membres du Syndicat, \u00e9lus lors des assembl\u00e9es de secteurs.<\/p><p><strong>Les membres<\/strong><br \/>Tout propri\u00e9taire poss\u00e9dant un minimum de quatre hectares en boisement situ\u00e9 dans le territoire du Syndicat peut <a href=\"https:\/\/www.foretprivee.ca\/regiondequebec\/mon-syndicat\/devenir-membre\/\" target=\"_blank\" rel=\"noopener\">devenir membre<\/a>.<\/p><p><strong>L\u2019assembl\u00e9e g\u00e9n\u00e9rale annuelle du Syndicat<\/strong><br \/>L\u2019<a href=\"https:\/\/www.foretprivee.ca\/regiondequebec\/mon-syndicat\/assemblees-et-reunions\/\" target=\"_blank\" rel=\"noopener\">assembl\u00e9e g\u00e9n\u00e9rale<\/a> est le lieu o\u00f9 sont discut\u00e9es et d\u00e9termin\u00e9es les politiques et les positions d\u00e9fendues par le Syndicat.<\/p><p>Seuls les membres du Syndicat ont un droit de vote aux assembl\u00e9es g\u00e9n\u00e9rales et extraordinaires du Syndicat. Les propri\u00e9taires individuels n\u2019ont droit qu\u2019\u00e0 un seul vote. Les personnes morales et les propri\u00e9taires indivisaires ont droit \u00e0 deux votes. Dans ces cas, les voix doivent \u00eatre exprim\u00e9es par des mandataires munis d\u2019une procuration ou d\u2019une r\u00e9solution \u00e9crite. En aucun cas, une personne physique ne peut d\u00e9tenir plus d\u2019un vote.<\/p><p><strong>Le Plan conjoint des producteurs de bois de la r\u00e9gion de Qu\u00e9bec<\/strong><br \/>Le Syndicat est aussi charg\u00e9 d\u2019appliquer et d\u2019administrer le Plan conjoint des producteurs de bois de la r\u00e9gion de Qu\u00e9bec. L\u2019assembl\u00e9e g\u00e9n\u00e9rale annuelle du Plan conjoint est constitu\u00e9e de d\u00e9l\u00e9gu\u00e9s nomm\u00e9s par les propri\u00e9taires pr\u00e9sents lors d\u2019assembl\u00e9es de secteurs ayant lieu dans les premiers mois de chaque ann\u00e9e.<\/p><p><strong>Les assembl\u00e9es de secteurs<\/strong><br \/>Le territoire couvert par le Plan conjoint est divis\u00e9 en neuf secteurs. Chaque secteur est repr\u00e9sent\u00e9 au conseil d\u2019administration par un administrateur.<\/p><p>Lorsque les propri\u00e9taires sont convoqu\u00e9s par le Syndicat, ils se r\u00e9unissent en <a href=\"https:\/\/www.foretprivee.ca\/regiondequebec\/mon-syndicat\/assemblees-et-reunions\/\" target=\"_blank\" rel=\"noopener\">assembl\u00e9es de secteurs<\/a>. Ils ont alors la possibilit\u00e9 de nommer des d\u00e9l\u00e9gu\u00e9s pour les repr\u00e9senter \u00e0 l\u2019assembl\u00e9e g\u00e9n\u00e9rale annuelle du Plan conjoint.<\/p><p><strong>Les d\u00e9l\u00e9gu\u00e9s<\/strong><br \/>Les administrateurs sont d\u00e9l\u00e9gu\u00e9s de droit dans leur secteur respectif. Les propri\u00e9taires pr\u00e9sents aux assembl\u00e9es de secteurs peuvent nommer un d\u00e9l\u00e9gu\u00e9 pour chaque tranche ou fraction majoritaire de 100 propri\u00e9taires r\u00e9pertori\u00e9s dans le secteur.<\/p><p><strong>Les substituts<\/strong><br \/>Les propri\u00e9taires doivent aussi nommer des substituts. Si un d\u00e9l\u00e9gu\u00e9 ne peut pas assister \u00e0 l\u2019assembl\u00e9e g\u00e9n\u00e9rale annuelle, il sera remplac\u00e9 par un substitut. Le choix de celui-ci se fera selon l\u2019ordre o\u00f9 il aura \u00e9t\u00e9 nomm\u00e9 lors de l\u2019assembl\u00e9e de secteur. Il est de la responsabilit\u00e9 du d\u00e9l\u00e9gu\u00e9 de pr\u00e9venir son administrateur qu\u2019il ne pourra pas participer \u00e0 l\u2019assembl\u00e9e g\u00e9n\u00e9rale annuelle. Le nombre maximal de substituts est \u00e9gal au nombre de d\u00e9l\u00e9gu\u00e9s du secteur.<\/p><p><strong>L\u2019admissibilit\u00e9 aux postes de d\u00e9l\u00e9gu\u00e9<\/strong><br \/>Pour \u00eatre nomm\u00e9 d\u00e9l\u00e9gu\u00e9 ou substitut, le propri\u00e9taire doit \u00eatre pr\u00e9sent dans la salle lors de l\u2019assembl\u00e9e de secteur. S\u2019il ne peut y \u00eatre, il doit avoir rempli et sign\u00e9 un <a href=\"https:\/\/www.foretprivee.ca\/regiondequebec\/wp-content\/uploads\/sites\/4\/2025\/12\/Formulaire-engagement-delegue-2026.pdf\" target=\"_blank\" rel=\"noopener\">document<\/a> confirmant son intention d\u2019agir \u00e0 titre de d\u00e9l\u00e9gu\u00e9 ou de substitut. Ce document doit \u00eatre sign\u00e9 par le propri\u00e9taire ainsi que par un t\u00e9moin et \u00eatre remis au Syndicat avant le d\u00e9but de l\u2019assembl\u00e9e de secteur.<\/p><p>Les personnes morales et les propri\u00e9taires indivisaires ont droit \u00e0 deux d\u00e9l\u00e9gu\u00e9s. Ceux-ci doivent \u00eatre choisis parmi des mandataires se trouvant sur place munis d\u2019une procuration ou d\u2019une r\u00e9solution \u00e9crite, \u00e0 moins que le document ait d\u00e9j\u00e0 \u00e9t\u00e9 d\u00e9pos\u00e9 au Syndicat. En aucun cas, une personne physique ne peut d\u00e9tenir plus d\u2019une voix.<\/p><p><strong>La proc\u00e9dure de nominations des d\u00e9l\u00e9gu\u00e9s<\/strong><br \/>Les propri\u00e9taires pr\u00e9sents \u00e0 une assembl\u00e9e de secteur proposent verbalement des noms de personnes pouvant occuper la fonction de d\u00e9l\u00e9gu\u00e9. Chaque proposition doit \u00eatre appuy\u00e9e par un autre propri\u00e9taire. Si le nombre de propositions est sup\u00e9rieur au nombre de postes de d\u00e9l\u00e9gu\u00e9 ou de substitut, il y a \u00e9lection par scrutin secret.<\/p><p><strong>La mise en candidature \u00e0 un poste d\u2019administrateur<\/strong><br \/>Lorsque le mandat d\u2019un <a href=\"https:\/\/www.foretprivee.ca\/regiondequebec\/mon-syndicat\/conseil-dadministration\/\" target=\"_blank\" rel=\"noopener\">administrateur<\/a> de secteur se termine, une \u00e9lection est d\u00e9clench\u00e9e. Le membre qui d\u00e9sire pourvoir \u00e0 ce poste doit remplir un formulaire de mise en candidature et le faire parvenir au secr\u00e9tariat du Syndicat, au plus tard dix jours pr\u00e9c\u00e9dant l\u2019assembl\u00e9e du secteur concern\u00e9. De plus, le formulaire doit \u00eatre sign\u00e9 par au moins cinq membres en r\u00e8gle du m\u00eame secteur et indiquer leurs nom, adresse et num\u00e9ro de t\u00e9l\u00e9phone respectifs.<\/p><p>Lorsque plus d\u2019un membre est candidat pour un m\u00eame secteur, un scrutin secret doit \u00eatre tenu lors de l\u2019assembl\u00e9e de ce secteur. S\u2019il n\u2019y a qu\u2019un seul membre mis en candidature, ce membre est \u00e9lu par acclamation \u00e0 titre d\u2019administrateur. L\u2019\u00e9lection du membre \u00e0 cette assembl\u00e9e a le m\u00eame effet que s\u2019il avait \u00e9t\u00e9 \u00e9lu par l\u2019ensemble des membres r\u00e9uni \u00e0 l\u2019assembl\u00e9e g\u00e9n\u00e9rale annuelle.<\/p>\t\t\t\t\t\t\t\t<\/div>\n\t\t\t\t<\/div>\n\t\t\t\t\t<\/div>\n\t\t<\/div>\n\t\t\t\t<div class=\"elementor-column elementor-col-33 elementor-top-column elementor-element elementor-element-72ca5f4\" data-id=\"72ca5f4\" data-element_type=\"column\" data-e-type=\"column\">\n\t\t\t<div class=\"elementor-widget-wrap elementor-element-populated\">\n\t\t\t\t\t\t<div class=\"elementor-element elementor-element-d42e436 elementor-widget elementor-widget-complements-sidebar\" data-id=\"d42e436\" data-element_type=\"widget\" data-e-type=\"widget\" data-widget_type=\"complements-sidebar.default\">\n\t\t\t\t<div class=\"elementor-widget-container\">\n\t\t\t\t\t\n\n\n\t\t <div class=\"sidebar\">\n\t\t\t<div class=\"complements-sidebar inner-sidebar\">\n\t\t\t\t<div class=\"header\" style=\"  \">\n\t\t\t\t\t<h3>Compl\u00e9ments<\/h3>\n\t\t\t\t<\/div>\n\t\t\t\t<div class=\"competence-content sidebar-content\">\n\t\t\t\t\t<ul>\n\t\t\t\t\t\t\t\t\t\t\t\t\t<li><a href=\"https:\/\/www.foretprivee.ca\/je-vends-mon-bois\/roles-du-syndicat-de-producteurs-forestiers\/\"  target=\"_blank\"> R\u00f4les du Syndicat<\/a><\/li>\n\t\t\t\t\t\t\t\t\t\t\t\t\t<li><a href=\"https:\/\/www.foretprivee.ca\/wp-content\/uploads\/2019\/08\/LArbre-Plus-Juin-Aout-2019-Pourquoi-un-plan-conjoint.pdf\"  target=\"_blank\"> Pourquoi un Plan conjoint dans le bois en 2019?<\/a><\/li>\n\t\t\t\t\t\t\t\t\t\t\t\t\t<li><a href=\"http:\/\/www.foretprivee.ca\/regiondequebec\/wp-content\/uploads\/sites\/4\/2019\/01\/60e-avril-2018-SPFRQ.pdf\"  target=\"_blank\"> 60e anniversaire de la cr\u00e9ation du premier Plan conjoint sur le territoire du Syndicat<\/a><\/li>\n\t\t\t\t\t\t\t\t\t\t\t<\/ul>\n\t\t\t\t<\/div>\n\t\t\t<\/div>\n\t\t<\/div>\n\t\t\t\t\t\t<\/div>\n\t\t\t\t<\/div>\n\t\t\t\t\t<\/div>\n\t\t<\/div>\n\t\t\t\t\t<\/div>\n\t\t<\/section>\n\t\t\t\t<\/div>\n\t\t","protected":false},"excerpt":{"rendered":"<p>Le Syndicat a pour objet l\u2019\u00e9tude, la d\u00e9fense et le d\u00e9veloppement des int\u00e9r\u00eats professionnels, \u00e9conomiques, sociaux ainsi que moraux des producteurs de bois de la r\u00e9gion de Qu\u00e9bec et, particuli\u00e8rement : de grouper les producteurs de bois dont l\u2019exploitation foresti\u00e8re est situ\u00e9e dans la r\u00e9gion de Qu\u00e9bec (carte); d\u2019\u00e9tudier les probl\u00e8mes relatifs \u00e0 la production &hellip; <\/p>\n<p class=\"link-more\"><a href=\"https:\/\/www.foretprivee.ca\/regiondequebec\/mon-syndicat\/mission-et-mandat\/\" class=\"more-link\">Lire la suite<\/a><\/p>\n","protected":false},"author":1,"featured_media":0,"parent":4,"menu_order":0,"comment_status":"closed","ping_status":"closed","template":"","meta":{"_acf_changed":false,"footnotes":""},"class_list":["post-6","page","type-page","status-publish","hentry"],"acf":[],"_links":{"self":[{"href":"https:\/\/www.foretprivee.ca\/regiondequebec\/wp-json\/wp\/v2\/pages\/6","targetHints":{"allow":["GET"]}}],"collection":[{"href":"https:\/\/www.foretprivee.ca\/regiondequebec\/wp-json\/wp\/v2\/pages"}],"about":[{"href":"https:\/\/www.foretprivee.ca\/regiondequebec\/wp-json\/wp\/v2\/types\/page"}],"author":[{"embeddable":true,"href":"https:\/\/www.foretprivee.ca\/regiondequebec\/wp-json\/wp\/v2\/users\/1"}],"replies":[{"embeddable":true,"href":"https:\/\/www.foretprivee.ca\/regiondequebec\/wp-json\/wp\/v2\/comments?post=6"}],"version-history":[{"count":0,"href":"https:\/\/www.foretprivee.ca\/regiondequebec\/wp-json\/wp\/v2\/pages\/6\/revisions"}],"up":[{"embeddable":true,"href":"https:\/\/www.foretprivee.ca\/regiondequebec\/wp-json\/wp\/v2\/pages\/4"}],"wp:attachment":[{"href":"https:\/\/www.foretprivee.ca\/regiondequebec\/wp-json\/wp\/v2\/media?parent=6"}],"curies":[{"name":"wp","href":"https:\/\/api.w.org\/{rel}","templated":true}]}}